{"id":348,"date":"2014-11-08T09:36:13","date_gmt":"2014-11-08T09:36:13","guid":{"rendered":"http:\/\/parosrentcar.com\/el\/?page_id=348"},"modified":"2022-03-06T13:23:48","modified_gmt":"2022-03-06T13:23:48","slug":"gt","status":"publish","type":"page","link":"https:\/\/parosrentcar.com\/fr\/location-de-velos-paros\/gt\/","title":{"rendered":"GT"},"content":{"rendered":"<p><strong><img loading=\"lazy\" decoding=\"async\" class=\"aligncenter size-full wp-image-770\" src=\"\/fr\/wp-content\/uploads\/2014\/11\/gt-timberline-bicycle600-200.jpg\" alt=\"gt-timberline-bicycle600-200\" width=\"600\" height=\"200\" srcset=\"https:\/\/parosrentcar.com\/fr\/wp-content\/uploads\/2014\/11\/gt-timberline-bicycle600-200.jpg 600w, https:\/\/parosrentcar.com\/fr\/wp-content\/uploads\/2014\/11\/gt-timberline-bicycle600-200-300x100.jpg 300w\" sizes=\"auto, (max-width: 600px) 100vw, 600px\" \/><\/strong><\/p>\n<p><strong>Caract\u00e9ristiques du v\u00e9lo: <\/strong>GT<\/p>\n<p><strong>Les tarifs sont sans frais cach\u00e9s et comprennent<\/strong>: la TVA de 24% \u2013 le kilom\u00e9trage illimit\u00e9 \u2013 l\u2019assurance responsabilit\u00e9 civile vis-\u00e0-vis de tiers \u2013 casque gratuit!<\/p>\n<p style=\"text-align: center;\"><strong>Prix GT par Jour<\/strong><\/p>\n\n<table id=\"tablepress-17\" class=\"tablepress tablepress-id-17\">\n<thead>\n<tr class=\"row-1\">\n\t<th class=\"column-1\">R\u00e9duction<\/th><th class=\"column-2\">-<\/th><th class=\"column-3\">10%<\/th><th class=\"column-4\">15%<\/th>\n<\/tr>\n<\/thead>\n<tbody class=\"row-striping row-hover\">\n<tr class=\"row-2\">\n\t<td class=\"column-1\">Dur\u00e9e de location<\/td><td class=\"column-2\">1-2 jours<\/td><td class=\"column-3\">3-7 jours<\/td><td class=\"column-4\">8+ jours<\/td>\n<\/tr>\n<tr class=\"row-3\">\n\t<td class=\"column-1\">20\/09 \u2013 31\/05<\/td><td class=\"column-2\">9 \u20ac<\/td><td class=\"column-3\">8 \u20ac<\/td><td class=\"column-4\">7 \u20ac<\/td>\n<\/tr>\n<tr class=\"row-4\">\n\t<td class=\"column-1\">01\/06 \u2013 30\/06 &amp; 01\/09 \u2013 19\/09<\/td><td class=\"column-2\">10 \u20ac<\/td><td class=\"column-3\">9 \u20ac<\/td><td class=\"column-4\">8 \u20ac<\/td>\n<\/tr>\n<tr class=\"row-5\">\n\t<td class=\"column-1\">01\/07 - 31\/08<\/td><td class=\"column-2\">12 \u20ac<\/td><td class=\"column-3\">11 \u20ac<\/td><td class=\"column-4\">10 \u20ac<\/td>\n<\/tr>\n<\/tbody>\n<\/table>\n<!-- #tablepress-17 from cache -->\n<p style=\"text-align: left;\"><strong>Informations sur la r\u00e9servation : <\/strong>Merci de lire les <strong><a title=\"conditions de location\" href=\"\/fr\/notre-societe\/conditions-generales-de-location\/\" target=\"_blank\" rel=\"noopener noreferrer\">conditions de location <\/a><\/strong>et <strong><a title=\"d\u2019annulation de r\u00e9servation\" href=\"\/fr\/notre-societe\/moyens-de-paiement-annulation-reservation\/\" target=\"_blank\" rel=\"noopener noreferrer\">d\u2019annulation de r\u00e9servation<\/a> <\/strong>avant d\u2019effectuer votre r\u00e9servation. Pour effectuer d\u00e8s \u00e0 pr\u00e9sent une r\u00e9servation, veuillez compl\u00e9ter le formulaire ci-dessous. Vous recevrez par e-mail tous les renseignements de votre r\u00e9servation et son montant total pour confirmation. Pour valider votre r\u00e9servation, nous vous demandons de r\u00e9gler les deux premi\u00e8res \u00a0journ\u00e9es de location par carte bancaire (Visa, Mastercard, Amex) ou par virement bancaire.<\/p>\n<p style=\"text-align: left;\"><form method=\"post\" enctype=\"multipart\/form-data\" id=\"vfbp-form-61\" class=\"vfbp-form\"><div style=\"display:none;\"><label for=\"vfbp-EMAIL-AN8fuQyoDLXem\">Si vous \u00eates humain, laissez ce champ vide.<\/label><input size=\"25\" autocomplete=\"off\" type=\"text\" name=\"vfbp-EMAIL-AN8fuQyoDLXem\" value=\"\" id=\"\"><\/div><input type=\"hidden\" name=\"_vfb-timestamp-61\" value=\"1777238723\" id=\"\"><input type=\"hidden\" name=\"_vfb-form-id\" value=\"61\" id=\"\"><div class=\"vfb-form-group vfb-col-12\"><div><h6 class=\"\">Demande de disponibilit\u00e9 GT<\/h6><\/div><\/div><div class=\"vfb-col-12 vfb-fieldType-heading\" id=\"vfbField1096\"><\/div><div class=\"vfb-clearfix\"><\/div><div class=\"vfb-col-6 vfb-fieldType-text\" id=\"vfbField1097\"><div class=\"vfb-form-group\"><label for=\"vfb-field-1097\" class=\"vfb-control-label\">Lieu de livraison <span class=\"vfb-required-asterisk\">*<\/span><\/label><div><input id=\"vfb-field-1097\" class=\"vfb-form-control\" placeholder=\"\" required=\"required\" type=\"text\" name=\"vfb-field-1097\" value=\"\"><\/div><\/div><\/div><div class=\"vfb-col-6 vfb-fieldType-text\" id=\"vfbField1098\"><div class=\"vfb-form-group\"><label for=\"vfb-field-1098\" class=\"vfb-control-label\">Lieu de retour <span class=\"vfb-required-asterisk\">*<\/span><\/label><div><input id=\"vfb-field-1098\" class=\"vfb-form-control\" placeholder=\"\" required=\"required\" type=\"text\" name=\"vfb-field-1098\" value=\"\"><\/div><\/div><\/div><div class=\"vfb-clearfix\"><\/div><div class=\"vfb-col-6 vfb-fieldType-date\" id=\"vfbField1099\"><div class=\"vfb-form-group\"><label for=\"vfb-field-1099\" class=\"vfb-control-label\">Jour d\u2019arriv\u00e9e <span class=\"vfb-required-asterisk\">*<\/span><\/label><div><input id=\"vfb-field-1099\" class=\"vfb-form-control\" placeholder=\"\" required=\"required\" data-provide=\"datepicker\" data-date-format=\"dd\/mm\/yy\" data-date-language=\"fr\" data-date-orientation=\"top left\" data-date-autoclose=\"1\" data-date-today-highlight=\"1\" type=\"text\" name=\"vfb-field-1099\" value=\"\"><\/div><\/div><\/div><div class=\"vfb-col-6 vfb-fieldType-date\" id=\"vfbField1100\"><div class=\"vfb-form-group\"><label for=\"vfb-field-1100\" class=\"vfb-control-label\">Jour de d\u00e9part <span class=\"vfb-required-asterisk\">*<\/span><\/label><div><input id=\"vfb-field-1100\" class=\"vfb-form-control\" placeholder=\"\" required=\"required\" data-provide=\"datepicker\" data-date-format=\"dd\/mm\/yy\" data-date-language=\"fr\" data-date-orientation=\"top left\" data-date-autoclose=\"1\" data-date-today-highlight=\"1\" type=\"text\" name=\"vfb-field-1100\" value=\"\"><\/div><\/div><\/div><div class=\"vfb-clearfix\"><\/div><div class=\"vfb-col-6 vfb-fieldType-time\" id=\"vfbField1101\"><div class=\"vfb-form-group\"><label for=\"vfb-field-1101\" class=\"vfb-control-label\">Heure d\u2019arriv\u00e9e <span class=\"vfb-required-asterisk\">*<\/span><\/label><div><input id=\"vfb-field-1101\" class=\"vfb-form-control vfb-clockpicker\" placeholder=\"\" required=\"required\" data-donetext=\"Valider\" data-placement=\"bottom\" data-align=\"left\" data-autoclose=\"1\" type=\"text\" name=\"vfb-field-1101\" value=\"\"><\/div><\/div><\/div><div class=\"vfb-col-6 vfb-fieldType-time\" id=\"vfbField1102\"><div class=\"vfb-form-group\"><label for=\"vfb-field-1102\" class=\"vfb-control-label\">Heure de d\u00e9part <span class=\"vfb-required-asterisk\">*<\/span><\/label><div><input id=\"vfb-field-1102\" class=\"vfb-form-control vfb-clockpicker\" placeholder=\"\" required=\"required\" data-donetext=\"Valider\" data-placement=\"bottom\" data-align=\"left\" data-autoclose=\"1\" type=\"text\" name=\"vfb-field-1102\" value=\"\"><\/div><\/div><\/div><div class=\"vfb-clearfix\"><\/div><div class=\"vfb-form-group vfb-col-12\"><div><h6 class=\"\">Informations personnelles<\/h6><\/div><\/div><div class=\"vfb-col-12 vfb-fieldType-heading\" id=\"vfbField1103\"><\/div><div class=\"vfb-clearfix\"><\/div><div class=\"vfb-col-6 vfb-fieldType-text\" id=\"vfbField1104\"><div class=\"vfb-form-group\"><label for=\"vfb-field-1104\" class=\"vfb-control-label\">Nom et pr\u00e9nom <span class=\"vfb-required-asterisk\">*<\/span><\/label><div><input id=\"vfb-field-1104\" class=\"vfb-form-control\" placeholder=\"\" required=\"required\" type=\"text\" name=\"vfb-field-1104\" value=\"\"><\/div><\/div><\/div><div class=\"vfb-col-6 vfb-fieldType-text\" id=\"vfbField1105\"><div class=\"vfb-form-group\"><label for=\"vfb-field-1105\" class=\"vfb-control-label\">Age du conducteur <span class=\"vfb-required-asterisk\">*<\/span><\/label><div><input id=\"vfb-field-1105\" class=\"vfb-form-control\" placeholder=\"\" required=\"required\" type=\"text\" name=\"vfb-field-1105\" value=\"\"><\/div><\/div><\/div><div class=\"vfb-clearfix\"><\/div><div class=\"vfb-col-6 vfb-fieldType-email\" id=\"vfbField1106\"><div class=\"vfb-form-group\"><label for=\"vfb-field-1106\" class=\"vfb-control-label\">E-mail <span class=\"vfb-required-asterisk\">*<\/span><\/label><div><input id=\"vfb-field-1106\" class=\"vfb-form-control\" placeholder=\"\" required=\"required\" type=\"email\" name=\"vfb-field-1106\" value=\"\"><\/div><\/div><\/div><div class=\"vfb-col-6 vfb-fieldType-phone\" id=\"vfbField1107\"><div class=\"vfb-form-group\"><label for=\"vfb-field-1107\" class=\"vfb-control-label\">T\u00e9l\u00e9phone <span class=\"vfb-required-asterisk\">*<\/span><\/label><div><input id=\"vfb-field-1107\" class=\"vfb-form-control vfb-intl-phone\" placeholder=\"\" required=\"required\" data-default-country=\"fr\" type=\"tel\" name=\"vfb-field-1107\" value=\"\"><\/div><\/div><\/div><div class=\"vfb-clearfix\"><\/div><div class=\"vfb-col-6 vfb-fieldType-text\" id=\"vfbField1108\"><div class=\"vfb-form-group\"><label for=\"vfb-field-1108\" class=\"vfb-control-label\">Pays <span class=\"vfb-required-asterisk\">*<\/span><\/label><div><input id=\"vfb-field-1108\" class=\"vfb-form-control\" placeholder=\"\" required=\"required\" type=\"text\" name=\"vfb-field-1108\" value=\"\"><\/div><\/div><\/div><div class=\"vfb-col-6 vfb-fieldType-text\" id=\"vfbField1109\"><div class=\"vfb-form-group\"><label for=\"vfb-field-1109\" class=\"vfb-control-label\">Ville<\/label><div><input id=\"vfb-field-1109\" class=\"vfb-form-control\" placeholder=\"\" type=\"text\" name=\"vfb-field-1109\" value=\"\"><\/div><\/div><\/div><div class=\"vfb-clearfix\"><\/div><div class=\"vfb-col-12 vfb-fieldType-textarea\" id=\"vfbField1110\"><div class=\"vfb-form-group\"><label for=\"vfb-field-1110\" class=\"vfb-control-label\">Commentaire<\/label><div><textarea id=\"vfb-field-1110\" class=\"vfb-form-control\" placeholder=\"\" rows=\"4\" name=\"vfb-field-1110\" cols=\"50\"><\/textarea><\/div><\/div><\/div><div class=\"vfb-clearfix\"><\/div><div class=\"vfb-col-12 vfb-fieldType-checkbox\" id=\"vfbField1111\"><label for=\"vfb-field-1111\" class=\"vfb-control-label\">Acceptation requise <span class=\"vfb-required-asterisk\">*<\/span><\/label><div><div class=\"vfb-checkbox\"><label><input id=\"vfb-field-1111-0\" class=\"\" placeholder=\"\" data-vfb-multiple=\"vfb-field-1111\" required=\"required\" type=\"checkbox\" name=\"vfb-field-1111[0]\" value=\"1\">Cette formule recueillis votre informations personnelles afin qu\\'on puisse entrer en contact avec vous. Pour plus d\\'informations, consultez notre politique de confidentialit\u00e9.<\/label><\/div><\/div><\/div><div class=\"vfb-clearfix\"><\/div><div class=\"vfb-col-12 vfb-fieldType-captcha\" id=\"vfbField1657\"><div class=\"vfb-form-group\"><label for=\"vfb-field-1657\" class=\"vfb-control-label\">Captcha <span class=\"vfb-required-asterisk\">*<\/span><\/label><div><div class=\"g-recaptcha\" data-sitekey=\"6LfGBhYhAAAAAHFHvz8f_otkJXlVn0b8sWjvF7d1\"><\/div><input type=\"hidden\" name=\"_vfb_recaptcha_enabled\" value=\"1\" id=\"\"><div class=\"vfb-has-error\" id=\"vfb-recaptcha-error\"><span class=\"vfb-help-block\">reCAPTCHA is required.<\/span><\/div><\/div><\/div><\/div><div class=\"vfb-clearfix\"><\/div><div class=\"vfb-col-12 vfb-fieldType-submit\" id=\"vfbField1112\"><button id=\"vfb-field-1112\" class=\" btn btn-primary\" placeholder=\"\" type=\"submit\" name=\"_vfb-submit\">Envoi<\/button><\/div><div class=\"vfb-clearfix\"><\/div><\/form><\/p>\n","protected":false},"excerpt":{"rendered":"<p>Fabricant : GT<br \/>\nCadre: &#8211;<br \/>\nTransmission: &#8211;<\/p>\n","protected":false},"author":1,"featured_media":0,"parent":19,"menu_order":1,"comment_status":"closed","ping_status":"closed","template":"page-templates\/room.php","meta":{"footnotes":""},"class_list":["post-348","page","type-page","status-publish","hentry"],"yoast_head":"<!-- This site is optimized with the Yoast SEO plugin v27.1.1 - https:\/\/yoast.com\/product\/yoast-seo-wordpress\/ -->\n<title>GT - Location de v\u00e9lo Paros Gr\u00e8ce<\/title>\n<meta name=\"description\" content=\"Location de v\u00e9los GT \u00e0 prix comp\u00e9titifs, offres sp\u00e9ciales et r\u00e9ductions sur les locations de v\u00e9los \u00e0 Paros\" \/>\n<meta name=\"robots\" content=\"index, follow, max-snippet:-1, max-image-preview:large, max-video-preview:-1\" \/>\n<link rel=\"canonical\" href=\"https:\/\/parosrentcar.com\/fr\/location-de-velos-paros\/gt\/\" \/>\n<meta property=\"og:locale\" content=\"fr_FR\" \/>\n<meta property=\"og:type\" content=\"article\" \/>\n<meta property=\"og:title\" content=\"GT - Location de v\u00e9lo Paros Gr\u00e8ce\" \/>\n<meta property=\"og:description\" content=\"Location de v\u00e9los GT \u00e0 prix comp\u00e9titifs, offres sp\u00e9ciales et r\u00e9ductions sur les locations de v\u00e9los \u00e0 Paros\" \/>\n<meta property=\"og:url\" content=\"https:\/\/parosrentcar.com\/fr\/location-de-velos-paros\/gt\/\" \/>\n<meta property=\"og:site_name\" content=\"Location de voitures \u00e0 Paros Gr\u00e8ce - ParosEuropeanRent\" \/>\n<meta property=\"article:publisher\" content=\"https:\/\/www.facebook.com\/paroscarrental\" \/>\n<meta property=\"article:modified_time\" content=\"2022-03-06T13:23:48+00:00\" \/>\n<meta property=\"og:image\" content=\"https:\/\/parosrentcar.com\/fr\/wp-content\/uploads\/2014\/11\/gt-timberline-bicycle600-200.jpg\" \/>\n<meta name=\"twitter:label1\" content=\"Dur\u00e9e de lecture estim\u00e9e\" \/>\n\t<meta name=\"twitter:data1\" content=\"1 minute\" \/>\n<script type=\"application\/ld+json\" class=\"yoast-schema-graph\">{\"@context\":\"https:\/\/schema.org\",\"@graph\":[{\"@type\":\"WebPage\",\"@id\":\"https:\/\/parosrentcar.com\/fr\/location-de-velos-paros\/gt\/\",\"url\":\"https:\/\/parosrentcar.com\/fr\/location-de-velos-paros\/gt\/\",\"name\":\"GT - Location de v\u00e9lo Paros Gr\u00e8ce\",\"isPartOf\":{\"@id\":\"https:\/\/parosrentcar.com\/fr\/#website\"},\"datePublished\":\"2014-11-08T09:36:13+00:00\",\"dateModified\":\"2022-03-06T13:23:48+00:00\",\"description\":\"Location de v\u00e9los GT \u00e0 prix comp\u00e9titifs, offres sp\u00e9ciales et r\u00e9ductions sur les locations de v\u00e9los \u00e0 Paros\",\"breadcrumb\":{\"@id\":\"https:\/\/parosrentcar.com\/fr\/location-de-velos-paros\/gt\/#breadcrumb\"},\"inLanguage\":\"fr-FR\",\"potentialAction\":[{\"@type\":\"ReadAction\",\"target\":[\"https:\/\/parosrentcar.com\/fr\/location-de-velos-paros\/gt\/\"]}]},{\"@type\":\"BreadcrumbList\",\"@id\":\"https:\/\/parosrentcar.com\/fr\/location-de-velos-paros\/gt\/#breadcrumb\",\"itemListElement\":[{\"@type\":\"ListItem\",\"position\":1,\"name\":\"Home\",\"item\":\"https:\/\/parosrentcar.com\/fr\/\"},{\"@type\":\"ListItem\",\"position\":2,\"name\":\"Location de v\u00e9lo \u00e0 Paros\",\"item\":\"https:\/\/parosrentcar.com\/fr\/location-de-velos-paros\/\"},{\"@type\":\"ListItem\",\"position\":3,\"name\":\"GT\"}]},{\"@type\":\"WebSite\",\"@id\":\"https:\/\/parosrentcar.com\/fr\/#website\",\"url\":\"https:\/\/parosrentcar.com\/fr\/\",\"name\":\"Location de voitures \u00e0 Paros Gr\u00e8ce - ParosEuropeanRent\",\"description\":\"Location de voiture, buggy, quad, atv, scooter, moto et v\u00e9lo \u00e0 Paros\",\"potentialAction\":[{\"@type\":\"SearchAction\",\"target\":{\"@type\":\"EntryPoint\",\"urlTemplate\":\"https:\/\/parosrentcar.com\/fr\/?s={search_term_string}\"},\"query-input\":{\"@type\":\"PropertyValueSpecification\",\"valueRequired\":true,\"valueName\":\"search_term_string\"}}],\"inLanguage\":\"fr-FR\"}]}<\/script>\n<!-- \/ Yoast SEO plugin. -->","yoast_head_json":{"title":"GT - Location de v\u00e9lo Paros Gr\u00e8ce","description":"Location de v\u00e9los GT \u00e0 prix comp\u00e9titifs, offres sp\u00e9ciales et r\u00e9ductions sur les locations de v\u00e9los \u00e0 Paros","robots":{"index":"index","follow":"follow","max-snippet":"max-snippet:-1","max-image-preview":"max-image-preview:large","max-video-preview":"max-video-preview:-1"},"canonical":"https:\/\/parosrentcar.com\/fr\/location-de-velos-paros\/gt\/","og_locale":"fr_FR","og_type":"article","og_title":"GT - Location de v\u00e9lo Paros Gr\u00e8ce","og_description":"Location de v\u00e9los GT \u00e0 prix comp\u00e9titifs, offres sp\u00e9ciales et r\u00e9ductions sur les locations de v\u00e9los \u00e0 Paros","og_url":"https:\/\/parosrentcar.com\/fr\/location-de-velos-paros\/gt\/","og_site_name":"Location de voitures \u00e0 Paros Gr\u00e8ce - ParosEuropeanRent","article_publisher":"https:\/\/www.facebook.com\/paroscarrental","article_modified_time":"2022-03-06T13:23:48+00:00","og_image":[{"url":"https:\/\/parosrentcar.com\/fr\/wp-content\/uploads\/2014\/11\/gt-timberline-bicycle600-200.jpg","type":"","width":"","height":""}],"twitter_misc":{"Dur\u00e9e de lecture estim\u00e9e":"1 minute"},"schema":{"@context":"https:\/\/schema.org","@graph":[{"@type":"WebPage","@id":"https:\/\/parosrentcar.com\/fr\/location-de-velos-paros\/gt\/","url":"https:\/\/parosrentcar.com\/fr\/location-de-velos-paros\/gt\/","name":"GT - Location de v\u00e9lo Paros Gr\u00e8ce","isPartOf":{"@id":"https:\/\/parosrentcar.com\/fr\/#website"},"datePublished":"2014-11-08T09:36:13+00:00","dateModified":"2022-03-06T13:23:48+00:00","description":"Location de v\u00e9los GT \u00e0 prix comp\u00e9titifs, offres sp\u00e9ciales et r\u00e9ductions sur les locations de v\u00e9los \u00e0 Paros","breadcrumb":{"@id":"https:\/\/parosrentcar.com\/fr\/location-de-velos-paros\/gt\/#breadcrumb"},"inLanguage":"fr-FR","potentialAction":[{"@type":"ReadAction","target":["https:\/\/parosrentcar.com\/fr\/location-de-velos-paros\/gt\/"]}]},{"@type":"BreadcrumbList","@id":"https:\/\/parosrentcar.com\/fr\/location-de-velos-paros\/gt\/#breadcrumb","itemListElement":[{"@type":"ListItem","position":1,"name":"Home","item":"https:\/\/parosrentcar.com\/fr\/"},{"@type":"ListItem","position":2,"name":"Location de v\u00e9lo \u00e0 Paros","item":"https:\/\/parosrentcar.com\/fr\/location-de-velos-paros\/"},{"@type":"ListItem","position":3,"name":"GT"}]},{"@type":"WebSite","@id":"https:\/\/parosrentcar.com\/fr\/#website","url":"https:\/\/parosrentcar.com\/fr\/","name":"Location de voitures \u00e0 Paros Gr\u00e8ce - ParosEuropeanRent","description":"Location de voiture, buggy, quad, atv, scooter, moto et v\u00e9lo \u00e0 Paros","potentialAction":[{"@type":"SearchAction","target":{"@type":"EntryPoint","urlTemplate":"https:\/\/parosrentcar.com\/fr\/?s={search_term_string}"},"query-input":{"@type":"PropertyValueSpecification","valueRequired":true,"valueName":"search_term_string"}}],"inLanguage":"fr-FR"}]}},"_links":{"self":[{"href":"https:\/\/parosrentcar.com\/fr\/wp-json\/wp\/v2\/pages\/348","targetHints":{"allow":["GET"]}}],"collection":[{"href":"https:\/\/parosrentcar.com\/fr\/wp-json\/wp\/v2\/pages"}],"about":[{"href":"https:\/\/parosrentcar.com\/fr\/wp-json\/wp\/v2\/types\/page"}],"author":[{"embeddable":true,"href":"https:\/\/parosrentcar.com\/fr\/wp-json\/wp\/v2\/users\/1"}],"replies":[{"embeddable":true,"href":"https:\/\/parosrentcar.com\/fr\/wp-json\/wp\/v2\/comments?post=348"}],"version-history":[{"count":14,"href":"https:\/\/parosrentcar.com\/fr\/wp-json\/wp\/v2\/pages\/348\/revisions"}],"predecessor-version":[{"id":2963,"href":"https:\/\/parosrentcar.com\/fr\/wp-json\/wp\/v2\/pages\/348\/revisions\/2963"}],"up":[{"embeddable":true,"href":"https:\/\/parosrentcar.com\/fr\/wp-json\/wp\/v2\/pages\/19"}],"wp:attachment":[{"href":"https:\/\/parosrentcar.com\/fr\/wp-json\/wp\/v2\/media?parent=348"}],"curies":[{"name":"wp","href":"https:\/\/api.w.org\/{rel}","templated":true}]}}