{"id":2539,"date":"2018-04-14T12:31:37","date_gmt":"2018-04-14T12:31:37","guid":{"rendered":"https:\/\/parosrentcar.com\/fr\/?page_id=2539"},"modified":"2022-03-06T13:15:10","modified_gmt":"2022-03-06T13:15:10","slug":"peugeot-rifter","status":"publish","type":"page","link":"https:\/\/parosrentcar.com\/fr\/location-de-voitures-a-paros\/peugeot-rifter\/","title":{"rendered":"GROUPE F: PEUGEOT RIFTER (7 places)"},"content":{"rendered":"<p><a href=\"https:\/\/parosrentcar.com\/fr\/wp-content\/uploads\/2021\/03\/pegeut-rifter-600-200.jpg\" data-rel=\"lightbox-image-0\" data-rl_title=\"\" data-rl_caption=\"\" title=\"\"><img loading=\"lazy\" decoding=\"async\" class=\"alignleft size-full wp-image-2736\" src=\"https:\/\/parosrentcar.com\/fr\/wp-content\/uploads\/2021\/03\/pegeut-rifter-600-200.jpg\" alt=\"Peugeot Rifter\" width=\"600\" height=\"200\" srcset=\"https:\/\/parosrentcar.com\/fr\/wp-content\/uploads\/2021\/03\/pegeut-rifter-600-200.jpg 600w, https:\/\/parosrentcar.com\/fr\/wp-content\/uploads\/2021\/03\/pegeut-rifter-600-200-300x100.jpg 300w\" sizes=\"auto, (max-width: 600px) 100vw, 600px\" \/><\/a><\/p>\n<p><strong>Caract\u00e9ristiques de la voiture: <\/strong>Peugeot Rifter, 1600 cm3, automatique, 7 places, 5 portes<strong><br \/>\n<\/strong><\/p>\n<p><strong>Autres \u00e9quipements<\/strong>: Climatisation, radio, cd<\/p>\n<p><strong>Des tarifs \u00e9conomiques, sans frais cach\u00e9s. Nos prix comprennent<\/strong>: la TVA de 24% &#8211; le kilom\u00e9trage illimit\u00e9 &#8211; l\u2019assurance responsabilit\u00e9 civile vis-\u00e0-vis de tiers &#8211; Livraison gratuite au port, \u00e0 l\u2019a\u00e9roport et \u00e0 l&rsquo;h\u00f4tel &#8211; Si\u00e8ges auto gratuits pour enfants.<\/p>\n<p style=\"text-align: center;\"><strong>Prix Peugeot Rifter par Jour<\/strong><\/p>\n\n<table id=\"tablepress-6\" class=\"tablepress tablepress-id-6\">\n<thead>\n<tr class=\"row-1\">\n\t<th class=\"column-1\">Dur\u00e9e de location<\/th><th class=\"column-2\">1-2 jours<\/th><th class=\"column-3\">3-7 jours<\/th><th class=\"column-4\">8+ jours<\/th>\n<\/tr>\n<\/thead>\n<tbody class=\"row-striping row-hover\">\n<tr class=\"row-2\">\n\t<td class=\"column-1\">20\/09 \u2013 31\/05<\/td><td class=\"column-2\">65 \u20ac<\/td><td class=\"column-3\">63 \u20ac<\/td><td class=\"column-4\">60 \u20ac<\/td>\n<\/tr>\n<tr class=\"row-3\">\n\t<td class=\"column-1\">01\/06 \u2013 14\/07 &amp; 01\/09 \u2013 19\/09<\/td><td class=\"column-2\">100 \u20ac<\/td><td class=\"column-3\">95 \u20ac<\/td><td class=\"column-4\">90 \u20ac<\/td>\n<\/tr>\n<tr class=\"row-4\">\n\t<td class=\"column-1\">15\/07 - 31\/08<\/td><td class=\"column-2\">180 \u20ac<\/td><td class=\"column-3\">170 \u20ac<\/td><td class=\"column-4\">160 \u20ac<\/td>\n<\/tr>\n<\/tbody>\n<\/table>\n<!-- #tablepress-6 from cache -->\n<p><strong>Informations sur la r\u00e9servation : <\/strong>Merci de lire les <strong><a title=\"conditions de location\" href=\"\/fr\/notre-societe\/conditions-generales-de-location\/\" target=\"_blank\" rel=\"noopener noreferrer\">conditions de location <\/a><\/strong>et <strong><a title=\"d\u2019annulation de r\u00e9servation\" href=\"\/fr\/notre-societe\/moyens-de-paiement-annulation-reservation\/\" target=\"_blank\" rel=\"noopener noreferrer\">d\u2019annulation de r\u00e9servation<\/a> <\/strong>avant d\u2019effectuer votre r\u00e9servation. Pour effectuer d\u00e8s \u00e0 pr\u00e9sent une r\u00e9servation, veuillez compl\u00e9ter le formulaire ci-dessous. Vous recevrez par e-mail tous les renseignements de votre r\u00e9servation et son montant total pour confirmation. Pour valider votre r\u00e9servation, nous vous demandons de r\u00e9gler les deux premi\u00e8res \u00a0journ\u00e9es de location par carte bancaire (Visa, Mastercard, Amex) ou par virement bancaire.<\/p>\n<form method=\"post\" enctype=\"multipart\/form-data\" id=\"vfbp-form-76\" class=\"vfbp-form\"><div style=\"display:none;\"><label for=\"vfbp-EMAIL-AN8fuQyoDLXem\">Si vous \u00eates humain, laissez ce champ vide.<\/label><input size=\"25\" autocomplete=\"off\" type=\"text\" name=\"vfbp-EMAIL-AN8fuQyoDLXem\" value=\"\" id=\"\"><\/div><input type=\"hidden\" name=\"_vfb-timestamp-76\" value=\"1777238831\" id=\"\"><input type=\"hidden\" name=\"_vfb-form-id\" value=\"76\" id=\"\"><div class=\"vfb-form-group vfb-col-12\"><div><h6 class=\"\">Demande de disponibilit\u00e9 Peugeot Rifter<\/h6><\/div><\/div><div class=\"vfb-col-12 vfb-fieldType-heading\" id=\"vfbField1351\"><\/div><div class=\"vfb-clearfix\"><\/div><div class=\"vfb-col-6 vfb-fieldType-text\" id=\"vfbField1352\"><div class=\"vfb-form-group\"><label for=\"vfb-field-1352\" class=\"vfb-control-label\">Lieu de livraison <span class=\"vfb-required-asterisk\">*<\/span><\/label><div><input id=\"vfb-field-1352\" class=\"vfb-form-control\" placeholder=\"\" required=\"required\" type=\"text\" name=\"vfb-field-1352\" value=\"\"><\/div><\/div><\/div><div class=\"vfb-col-6 vfb-fieldType-text\" id=\"vfbField1353\"><div class=\"vfb-form-group\"><label for=\"vfb-field-1353\" class=\"vfb-control-label\">Lieu de retour <span class=\"vfb-required-asterisk\">*<\/span><\/label><div><input id=\"vfb-field-1353\" class=\"vfb-form-control\" placeholder=\"\" required=\"required\" type=\"text\" name=\"vfb-field-1353\" value=\"\"><\/div><\/div><\/div><div class=\"vfb-clearfix\"><\/div><div class=\"vfb-col-6 vfb-fieldType-date\" id=\"vfbField1354\"><div class=\"vfb-form-group\"><label for=\"vfb-field-1354\" class=\"vfb-control-label\">Jour d\u2019arriv\u00e9e <span class=\"vfb-required-asterisk\">*<\/span><\/label><div><input id=\"vfb-field-1354\" class=\"vfb-form-control\" placeholder=\"\" required=\"required\" data-provide=\"datepicker\" data-date-format=\"dd\/mm\/yy\" data-date-language=\"fr\" data-date-orientation=\"top left\" data-date-autoclose=\"1\" data-date-today-highlight=\"1\" type=\"text\" name=\"vfb-field-1354\" value=\"\"><\/div><\/div><\/div><div class=\"vfb-col-6 vfb-fieldType-date\" id=\"vfbField1355\"><div class=\"vfb-form-group\"><label for=\"vfb-field-1355\" class=\"vfb-control-label\">Jour de d\u00e9part <span class=\"vfb-required-asterisk\">*<\/span><\/label><div><input id=\"vfb-field-1355\" class=\"vfb-form-control\" placeholder=\"\" required=\"required\" data-provide=\"datepicker\" data-date-format=\"dd\/mm\/yy\" data-date-language=\"fr\" data-date-orientation=\"top left\" data-date-autoclose=\"1\" data-date-today-highlight=\"1\" type=\"text\" name=\"vfb-field-1355\" value=\"\"><\/div><\/div><\/div><div class=\"vfb-clearfix\"><\/div><div class=\"vfb-col-6 vfb-fieldType-time\" id=\"vfbField1356\"><div class=\"vfb-form-group\"><label for=\"vfb-field-1356\" class=\"vfb-control-label\">Heure d\u2019arriv\u00e9e <span class=\"vfb-required-asterisk\">*<\/span><\/label><div><input id=\"vfb-field-1356\" class=\"vfb-form-control vfb-clockpicker\" placeholder=\"\" required=\"required\" data-donetext=\"Valider\" type=\"text\" name=\"vfb-field-1356\" value=\"\"><\/div><\/div><\/div><div class=\"vfb-col-6 vfb-fieldType-time\" id=\"vfbField1357\"><div class=\"vfb-form-group\"><label for=\"vfb-field-1357\" class=\"vfb-control-label\">Heure de d\u00e9part <span class=\"vfb-required-asterisk\">*<\/span><\/label><div><input id=\"vfb-field-1357\" class=\"vfb-form-control vfb-clockpicker\" placeholder=\"\" required=\"required\" data-donetext=\"Valider\" type=\"text\" name=\"vfb-field-1357\" value=\"\"><\/div><\/div><\/div><div class=\"vfb-clearfix\"><\/div><div class=\"vfb-form-group vfb-col-12\"><div><h6 class=\"\">Informations personnelles<\/h6><\/div><\/div><div class=\"vfb-col-12 vfb-fieldType-heading\" id=\"vfbField1358\"><\/div><div class=\"vfb-clearfix\"><\/div><div class=\"vfb-col-6 vfb-fieldType-text\" id=\"vfbField1359\"><div class=\"vfb-form-group\"><label for=\"vfb-field-1359\" class=\"vfb-control-label\">Nom et pr\u00e9nom <span class=\"vfb-required-asterisk\">*<\/span><\/label><div><input id=\"vfb-field-1359\" class=\"vfb-form-control\" placeholder=\"\" required=\"required\" type=\"text\" name=\"vfb-field-1359\" value=\"\"><\/div><\/div><\/div><div class=\"vfb-col-6 vfb-fieldType-text\" id=\"vfbField1360\"><div class=\"vfb-form-group\"><label for=\"vfb-field-1360\" class=\"vfb-control-label\">Age du conducteur <span class=\"vfb-required-asterisk\">*<\/span><\/label><div><input id=\"vfb-field-1360\" class=\"vfb-form-control\" placeholder=\"\" required=\"required\" type=\"text\" name=\"vfb-field-1360\" value=\"\"><\/div><\/div><\/div><div class=\"vfb-clearfix\"><\/div><div class=\"vfb-col-6 vfb-fieldType-email\" id=\"vfbField1361\"><div class=\"vfb-form-group\"><label for=\"vfb-field-1361\" class=\"vfb-control-label\">E-mail <span class=\"vfb-required-asterisk\">*<\/span><\/label><div><input id=\"vfb-field-1361\" class=\"vfb-form-control\" placeholder=\"\" required=\"required\" type=\"email\" name=\"vfb-field-1361\" value=\"\"><\/div><\/div><\/div><div class=\"vfb-col-6 vfb-fieldType-phone\" id=\"vfbField1362\"><div class=\"vfb-form-group\"><label for=\"vfb-field-1362\" class=\"vfb-control-label\">T\u00e9l\u00e9phone <span class=\"vfb-required-asterisk\">*<\/span><\/label><div><input id=\"vfb-field-1362\" class=\"vfb-form-control vfb-intl-phone\" placeholder=\"\" required=\"required\" data-default-country=\"fr\" type=\"tel\" name=\"vfb-field-1362\" value=\"\"><\/div><\/div><\/div><div class=\"vfb-clearfix\"><\/div><div class=\"vfb-col-6 vfb-fieldType-text\" id=\"vfbField1363\"><div class=\"vfb-form-group\"><label for=\"vfb-field-1363\" class=\"vfb-control-label\">Pays <span class=\"vfb-required-asterisk\">*<\/span><\/label><div><input id=\"vfb-field-1363\" class=\"vfb-form-control\" placeholder=\"\" required=\"required\" type=\"text\" name=\"vfb-field-1363\" value=\"\"><\/div><\/div><\/div><div class=\"vfb-col-6 vfb-fieldType-text\" id=\"vfbField1364\"><div class=\"vfb-form-group\"><label for=\"vfb-field-1364\" class=\"vfb-control-label\">Ville<\/label><div><input id=\"vfb-field-1364\" class=\"vfb-form-control\" placeholder=\"\" type=\"text\" name=\"vfb-field-1364\" value=\"\"><\/div><\/div><\/div><div class=\"vfb-clearfix\"><\/div><div class=\"vfb-col-12 vfb-fieldType-textarea\" id=\"vfbField1365\"><div class=\"vfb-form-group\"><label for=\"vfb-field-1365\" class=\"vfb-control-label\">Commentaire<\/label><div><textarea id=\"vfb-field-1365\" class=\"vfb-form-control\" placeholder=\"\" rows=\"4\" name=\"vfb-field-1365\" cols=\"50\"><\/textarea><\/div><\/div><\/div><div class=\"vfb-clearfix\"><\/div><div class=\"vfb-col-12 vfb-fieldType-checkbox\" id=\"vfbField1366\"><label for=\"vfb-field-1366\" class=\"vfb-control-label\">Acceptation requise <span class=\"vfb-required-asterisk\">*<\/span><\/label><div><div class=\"vfb-checkbox\"><label><input id=\"vfb-field-1366-0\" class=\"\" placeholder=\"\" data-vfb-multiple=\"vfb-field-1366\" required=\"required\" type=\"checkbox\" name=\"vfb-field-1366[0]\" value=\"1\">Cette formule recueillis votre informations personnelles afin qu\\'on puisse entrer en contact avec vous. Pour plus d\\'informations, consultez notre politique de confidentialit\u00e9.<\/label><\/div><\/div><\/div><div class=\"vfb-clearfix\"><\/div><div class=\"vfb-col-12 vfb-fieldType-captcha\" id=\"vfbField1642\"><div class=\"vfb-form-group\"><label for=\"vfb-field-1642\" class=\"vfb-control-label\">Captcha <span class=\"vfb-required-asterisk\">*<\/span><\/label><div><div class=\"g-recaptcha\" data-sitekey=\"6LfGBhYhAAAAAHFHvz8f_otkJXlVn0b8sWjvF7d1\"><\/div><input type=\"hidden\" name=\"_vfb_recaptcha_enabled\" value=\"1\" id=\"\"><div class=\"vfb-has-error\" id=\"vfb-recaptcha-error\"><span class=\"vfb-help-block\">reCAPTCHA is required.<\/span><\/div><\/div><\/div><\/div><div class=\"vfb-clearfix\"><\/div><div class=\"vfb-col-12 vfb-fieldType-submit\" id=\"vfbField1367\"><button id=\"vfb-field-1367\" class=\" btn btn-primary\" placeholder=\"\" type=\"submit\" name=\"_vfb-submit\">Envoi<\/button><\/div><div class=\"vfb-clearfix\"><\/div><\/form>\n","protected":false},"excerpt":{"rendered":"<p><b>Fabricant<\/b>: Peugeot<br \/>\n<b>Cylindr\u00e9e<\/b>: 1600 cm3<br \/>\n<b>Boite<\/b>: Automatique<br \/>\n<b>Places<\/b>: 7<br \/>\n<b>Portes<\/b>: 5<br \/>\n<b>Autres \u00e9quipements<\/b>: A\/C, radio, CD<\/p>\n","protected":false},"author":1,"featured_media":0,"parent":7,"menu_order":15,"comment_status":"closed","ping_status":"closed","template":"page-templates\/room.php","meta":{"footnotes":""},"class_list":["post-2539","page","type-page","status-publish","hentry"],"yoast_head":"<!-- This site is optimized with the Yoast SEO plugin v27.1.1 - https:\/\/yoast.com\/product\/yoast-seo-wordpress\/ -->\n<title>Location de voiture 7 places Peugeot Rifter - Locations de voitures \u00e0 Paros<\/title>\n<meta name=\"description\" content=\"Location de voiture 7 places Peugeot Rifter \u00e0 Paros. Locations de voitures 7 places \u00e0 Paros \u00e0 une remise jusqu\u2019 \u00e0 15% pour des r\u00e9servations en ligne.\" \/>\n<meta name=\"robots\" content=\"index, follow, max-snippet:-1, max-image-preview:large, max-video-preview:-1\" \/>\n<link rel=\"canonical\" href=\"https:\/\/parosrentcar.com\/fr\/location-de-voitures-a-paros\/peugeot-rifter\/\" \/>\n<meta property=\"og:locale\" content=\"fr_FR\" \/>\n<meta property=\"og:type\" content=\"article\" \/>\n<meta property=\"og:title\" content=\"Location de voiture 7 places Peugeot Rifter - Locations de voitures \u00e0 Paros\" \/>\n<meta property=\"og:description\" content=\"Location de voiture 7 places Peugeot Rifter \u00e0 Paros. Locations de voitures 7 places \u00e0 Paros \u00e0 une remise jusqu\u2019 \u00e0 15% pour des r\u00e9servations en ligne.\" \/>\n<meta property=\"og:url\" content=\"https:\/\/parosrentcar.com\/fr\/location-de-voitures-a-paros\/peugeot-rifter\/\" \/>\n<meta property=\"og:site_name\" content=\"Location de voitures \u00e0 Paros Gr\u00e8ce - ParosEuropeanRent\" \/>\n<meta property=\"article:publisher\" content=\"https:\/\/www.facebook.com\/paroscarrental\" \/>\n<meta property=\"article:modified_time\" content=\"2022-03-06T13:15:10+00:00\" \/>\n<meta property=\"og:image\" content=\"https:\/\/parosrentcar.com\/fr\/wp-content\/uploads\/2021\/03\/pegeut-rifter-600-200.jpg\" \/>\n<meta name=\"twitter:label1\" content=\"Dur\u00e9e de lecture estim\u00e9e\" \/>\n\t<meta name=\"twitter:data1\" content=\"1 minute\" \/>\n<script type=\"application\/ld+json\" class=\"yoast-schema-graph\">{\"@context\":\"https:\/\/schema.org\",\"@graph\":[{\"@type\":\"WebPage\",\"@id\":\"https:\/\/parosrentcar.com\/fr\/location-de-voitures-a-paros\/peugeot-rifter\/\",\"url\":\"https:\/\/parosrentcar.com\/fr\/location-de-voitures-a-paros\/peugeot-rifter\/\",\"name\":\"Location de voiture 7 places Peugeot Rifter - Locations de voitures \u00e0 Paros\",\"isPartOf\":{\"@id\":\"https:\/\/parosrentcar.com\/fr\/#website\"},\"primaryImageOfPage\":{\"@id\":\"https:\/\/parosrentcar.com\/fr\/location-de-voitures-a-paros\/peugeot-rifter\/#primaryimage\"},\"image\":{\"@id\":\"https:\/\/parosrentcar.com\/fr\/location-de-voitures-a-paros\/peugeot-rifter\/#primaryimage\"},\"thumbnailUrl\":\"https:\/\/parosrentcar.com\/fr\/wp-content\/uploads\/2021\/03\/pegeut-rifter-600-200.jpg\",\"datePublished\":\"2018-04-14T12:31:37+00:00\",\"dateModified\":\"2022-03-06T13:15:10+00:00\",\"description\":\"Location de voiture 7 places Peugeot Rifter \u00e0 Paros. Locations de voitures 7 places \u00e0 Paros \u00e0 une remise jusqu\u2019 \u00e0 15% pour des r\u00e9servations en ligne.\",\"breadcrumb\":{\"@id\":\"https:\/\/parosrentcar.com\/fr\/location-de-voitures-a-paros\/peugeot-rifter\/#breadcrumb\"},\"inLanguage\":\"fr-FR\",\"potentialAction\":[{\"@type\":\"ReadAction\",\"target\":[\"https:\/\/parosrentcar.com\/fr\/location-de-voitures-a-paros\/peugeot-rifter\/\"]}]},{\"@type\":\"ImageObject\",\"inLanguage\":\"fr-FR\",\"@id\":\"https:\/\/parosrentcar.com\/fr\/location-de-voitures-a-paros\/peugeot-rifter\/#primaryimage\",\"url\":\"https:\/\/parosrentcar.com\/fr\/wp-content\/uploads\/2021\/03\/pegeut-rifter-600-200.jpg\",\"contentUrl\":\"https:\/\/parosrentcar.com\/fr\/wp-content\/uploads\/2021\/03\/pegeut-rifter-600-200.jpg\",\"width\":600,\"height\":200,\"caption\":\"Peugeot Rifter\"},{\"@type\":\"BreadcrumbList\",\"@id\":\"https:\/\/parosrentcar.com\/fr\/location-de-voitures-a-paros\/peugeot-rifter\/#breadcrumb\",\"itemListElement\":[{\"@type\":\"ListItem\",\"position\":1,\"name\":\"Home\",\"item\":\"https:\/\/parosrentcar.com\/fr\/\"},{\"@type\":\"ListItem\",\"position\":2,\"name\":\"Location de voiture \u00e0 Paros\",\"item\":\"https:\/\/parosrentcar.com\/fr\/location-de-voitures-a-paros\/\"},{\"@type\":\"ListItem\",\"position\":3,\"name\":\"GROUPE F: PEUGEOT RIFTER (7 places)\"}]},{\"@type\":\"WebSite\",\"@id\":\"https:\/\/parosrentcar.com\/fr\/#website\",\"url\":\"https:\/\/parosrentcar.com\/fr\/\",\"name\":\"Location de voitures \u00e0 Paros Gr\u00e8ce - ParosEuropeanRent\",\"description\":\"Location de voiture, buggy, quad, atv, scooter, moto et v\u00e9lo \u00e0 Paros\",\"potentialAction\":[{\"@type\":\"SearchAction\",\"target\":{\"@type\":\"EntryPoint\",\"urlTemplate\":\"https:\/\/parosrentcar.com\/fr\/?s={search_term_string}\"},\"query-input\":{\"@type\":\"PropertyValueSpecification\",\"valueRequired\":true,\"valueName\":\"search_term_string\"}}],\"inLanguage\":\"fr-FR\"}]}<\/script>\n<!-- \/ Yoast SEO plugin. -->","yoast_head_json":{"title":"Location de voiture 7 places Peugeot Rifter - Locations de voitures \u00e0 Paros","description":"Location de voiture 7 places Peugeot Rifter \u00e0 Paros. Locations de voitures 7 places \u00e0 Paros \u00e0 une remise jusqu\u2019 \u00e0 15% pour des r\u00e9servations en ligne.","robots":{"index":"index","follow":"follow","max-snippet":"max-snippet:-1","max-image-preview":"max-image-preview:large","max-video-preview":"max-video-preview:-1"},"canonical":"https:\/\/parosrentcar.com\/fr\/location-de-voitures-a-paros\/peugeot-rifter\/","og_locale":"fr_FR","og_type":"article","og_title":"Location de voiture 7 places Peugeot Rifter - Locations de voitures \u00e0 Paros","og_description":"Location de voiture 7 places Peugeot Rifter \u00e0 Paros. Locations de voitures 7 places \u00e0 Paros \u00e0 une remise jusqu\u2019 \u00e0 15% pour des r\u00e9servations en ligne.","og_url":"https:\/\/parosrentcar.com\/fr\/location-de-voitures-a-paros\/peugeot-rifter\/","og_site_name":"Location de voitures \u00e0 Paros Gr\u00e8ce - ParosEuropeanRent","article_publisher":"https:\/\/www.facebook.com\/paroscarrental","article_modified_time":"2022-03-06T13:15:10+00:00","og_image":[{"url":"https:\/\/parosrentcar.com\/fr\/wp-content\/uploads\/2021\/03\/pegeut-rifter-600-200.jpg","type":"","width":"","height":""}],"twitter_misc":{"Dur\u00e9e de lecture estim\u00e9e":"1 minute"},"schema":{"@context":"https:\/\/schema.org","@graph":[{"@type":"WebPage","@id":"https:\/\/parosrentcar.com\/fr\/location-de-voitures-a-paros\/peugeot-rifter\/","url":"https:\/\/parosrentcar.com\/fr\/location-de-voitures-a-paros\/peugeot-rifter\/","name":"Location de voiture 7 places Peugeot Rifter - Locations de voitures \u00e0 Paros","isPartOf":{"@id":"https:\/\/parosrentcar.com\/fr\/#website"},"primaryImageOfPage":{"@id":"https:\/\/parosrentcar.com\/fr\/location-de-voitures-a-paros\/peugeot-rifter\/#primaryimage"},"image":{"@id":"https:\/\/parosrentcar.com\/fr\/location-de-voitures-a-paros\/peugeot-rifter\/#primaryimage"},"thumbnailUrl":"https:\/\/parosrentcar.com\/fr\/wp-content\/uploads\/2021\/03\/pegeut-rifter-600-200.jpg","datePublished":"2018-04-14T12:31:37+00:00","dateModified":"2022-03-06T13:15:10+00:00","description":"Location de voiture 7 places Peugeot Rifter \u00e0 Paros. Locations de voitures 7 places \u00e0 Paros \u00e0 une remise jusqu\u2019 \u00e0 15% pour des r\u00e9servations en ligne.","breadcrumb":{"@id":"https:\/\/parosrentcar.com\/fr\/location-de-voitures-a-paros\/peugeot-rifter\/#breadcrumb"},"inLanguage":"fr-FR","potentialAction":[{"@type":"ReadAction","target":["https:\/\/parosrentcar.com\/fr\/location-de-voitures-a-paros\/peugeot-rifter\/"]}]},{"@type":"ImageObject","inLanguage":"fr-FR","@id":"https:\/\/parosrentcar.com\/fr\/location-de-voitures-a-paros\/peugeot-rifter\/#primaryimage","url":"https:\/\/parosrentcar.com\/fr\/wp-content\/uploads\/2021\/03\/pegeut-rifter-600-200.jpg","contentUrl":"https:\/\/parosrentcar.com\/fr\/wp-content\/uploads\/2021\/03\/pegeut-rifter-600-200.jpg","width":600,"height":200,"caption":"Peugeot Rifter"},{"@type":"BreadcrumbList","@id":"https:\/\/parosrentcar.com\/fr\/location-de-voitures-a-paros\/peugeot-rifter\/#breadcrumb","itemListElement":[{"@type":"ListItem","position":1,"name":"Home","item":"https:\/\/parosrentcar.com\/fr\/"},{"@type":"ListItem","position":2,"name":"Location de voiture \u00e0 Paros","item":"https:\/\/parosrentcar.com\/fr\/location-de-voitures-a-paros\/"},{"@type":"ListItem","position":3,"name":"GROUPE F: PEUGEOT RIFTER (7 places)"}]},{"@type":"WebSite","@id":"https:\/\/parosrentcar.com\/fr\/#website","url":"https:\/\/parosrentcar.com\/fr\/","name":"Location de voitures \u00e0 Paros Gr\u00e8ce - ParosEuropeanRent","description":"Location de voiture, buggy, quad, atv, scooter, moto et v\u00e9lo \u00e0 Paros","potentialAction":[{"@type":"SearchAction","target":{"@type":"EntryPoint","urlTemplate":"https:\/\/parosrentcar.com\/fr\/?s={search_term_string}"},"query-input":{"@type":"PropertyValueSpecification","valueRequired":true,"valueName":"search_term_string"}}],"inLanguage":"fr-FR"}]}},"_links":{"self":[{"href":"https:\/\/parosrentcar.com\/fr\/wp-json\/wp\/v2\/pages\/2539","targetHints":{"allow":["GET"]}}],"collection":[{"href":"https:\/\/parosrentcar.com\/fr\/wp-json\/wp\/v2\/pages"}],"about":[{"href":"https:\/\/parosrentcar.com\/fr\/wp-json\/wp\/v2\/types\/page"}],"author":[{"embeddable":true,"href":"https:\/\/parosrentcar.com\/fr\/wp-json\/wp\/v2\/users\/1"}],"replies":[{"embeddable":true,"href":"https:\/\/parosrentcar.com\/fr\/wp-json\/wp\/v2\/comments?post=2539"}],"version-history":[{"count":14,"href":"https:\/\/parosrentcar.com\/fr\/wp-json\/wp\/v2\/pages\/2539\/revisions"}],"predecessor-version":[{"id":2942,"href":"https:\/\/parosrentcar.com\/fr\/wp-json\/wp\/v2\/pages\/2539\/revisions\/2942"}],"up":[{"embeddable":true,"href":"https:\/\/parosrentcar.com\/fr\/wp-json\/wp\/v2\/pages\/7"}],"wp:attachment":[{"href":"https:\/\/parosrentcar.com\/fr\/wp-json\/wp\/v2\/media?parent=2539"}],"curies":[{"name":"wp","href":"https:\/\/api.w.org\/{rel}","templated":true}]}}