{"id":17,"date":"2014-11-07T13:46:36","date_gmt":"2014-11-07T13:46:36","guid":{"rendered":"http:\/\/parosrentcar.com\/el\/?page_id=17"},"modified":"2022-08-05T05:05:56","modified_gmt":"2022-08-05T05:05:56","slug":"location-de-motos-paros","status":"publish","type":"page","link":"https:\/\/parosrentcar.com\/fr\/location-de-motos-paros\/","title":{"rendered":"Location de moto \u00e0 Paros"},"content":{"rendered":"<p>Notre agence ParosEuropeanRent Cars &amp; Motos met \u00e0 votre disposition des <strong>motos<\/strong> \u00e0 louer \u00e0 Paros. Toujours aux prix les plus comp\u00e9titifs.\u00a0Pour les <strong>r\u00e9servations en ligne<\/strong>, s\u00e9lectionnez la moto qui vous int\u00e9resse et compl\u00e9tez le formulaire de r\u00e9servation avec vos coordonn\u00e9es.<\/p>\n<p><strong>Les tarifs sont sans frais cach\u00e9s et comprennent<\/strong>: la TVA de 24% \u2013 le kilom\u00e9trage illimit\u00e9 \u2013 l\u2019assurance responsabilit\u00e9 civile vis-\u00e0-vis de tiers \u2013 casque gratuit!<\/p>\n","protected":false},"excerpt":{"rendered":"<p>Notre agence ParosEuropeanRent Cars &amp; Motos met \u00e0 votre disposition des motos \u00e0 louer \u00e0 Paros. Toujours aux prix les plus comp\u00e9titifs.\u00a0Pour les r\u00e9servations en ligne, s\u00e9lectionnez la moto qui vous int\u00e9resse et compl\u00e9tez le formulaire de r\u00e9servation avec vos coordonn\u00e9es. Les tarifs sont sans frais cach\u00e9s et comprennent: la TVA de 24% \u2013 le kilom\u00e9trage illimit\u00e9 \u2013 l\u2019assurance responsabilit\u00e9 civile vis-\u00e0-vis de tiers \u2013 casque gratuit!<\/p>\n","protected":false},"author":1,"featured_media":0,"parent":0,"menu_order":0,"comment_status":"closed","ping_status":"closed","template":"page-templates\/rooms.php","meta":{"footnotes":""},"class_list":["post-17","page","type-page","status-publish","hentry"],"yoast_head":"<!-- This site is optimized with the Yoast SEO plugin v27.1.1 - https:\/\/yoast.com\/product\/yoast-seo-wordpress\/ -->\n<title>Location de moto \u00e0 Paros Gr\u00e8ce<\/title>\n<meta name=\"description\" content=\"Location de motos \u00e0 prix comp\u00e9titifs, offres sp\u00e9ciales et r\u00e9ductions sur les locations de motos \u00e0 Paros Gr\u00e8ce\" \/>\n<meta name=\"robots\" content=\"index, follow, max-snippet:-1, max-image-preview:large, max-video-preview:-1\" \/>\n<link rel=\"canonical\" href=\"https:\/\/parosrentcar.com\/fr\/location-de-motos-paros\/\" \/>\n<meta property=\"og:locale\" content=\"fr_FR\" \/>\n<meta property=\"og:type\" content=\"article\" \/>\n<meta property=\"og:title\" content=\"Location de moto \u00e0 Paros Gr\u00e8ce\" \/>\n<meta property=\"og:description\" content=\"Location de motos \u00e0 prix comp\u00e9titifs, offres sp\u00e9ciales et r\u00e9ductions sur les locations de motos \u00e0 Paros Gr\u00e8ce\" \/>\n<meta property=\"og:url\" content=\"https:\/\/parosrentcar.com\/fr\/location-de-motos-paros\/\" \/>\n<meta property=\"og:site_name\" content=\"Location de voitures \u00e0 Paros Gr\u00e8ce - ParosEuropeanRent\" \/>\n<meta property=\"article:publisher\" content=\"https:\/\/www.facebook.com\/paroscarrental\" \/>\n<meta property=\"article:modified_time\" content=\"2022-08-05T05:05:56+00:00\" \/>\n<meta name=\"twitter:label1\" content=\"Dur\u00e9e de lecture estim\u00e9e\" \/>\n\t<meta name=\"twitter:data1\" content=\"1 minute\" \/>\n<script type=\"application\/ld+json\" class=\"yoast-schema-graph\">{\"@context\":\"https:\/\/schema.org\",\"@graph\":[{\"@type\":\"WebPage\",\"@id\":\"https:\/\/parosrentcar.com\/fr\/location-de-motos-paros\/\",\"url\":\"https:\/\/parosrentcar.com\/fr\/location-de-motos-paros\/\",\"name\":\"Location de moto \u00e0 Paros Gr\u00e8ce\",\"isPartOf\":{\"@id\":\"https:\/\/parosrentcar.com\/fr\/#website\"},\"datePublished\":\"2014-11-07T13:46:36+00:00\",\"dateModified\":\"2022-08-05T05:05:56+00:00\",\"description\":\"Location de motos \u00e0 prix comp\u00e9titifs, offres sp\u00e9ciales et r\u00e9ductions sur les locations de motos \u00e0 Paros Gr\u00e8ce\",\"breadcrumb\":{\"@id\":\"https:\/\/parosrentcar.com\/fr\/location-de-motos-paros\/#breadcrumb\"},\"inLanguage\":\"fr-FR\",\"potentialAction\":[{\"@type\":\"ReadAction\",\"target\":[\"https:\/\/parosrentcar.com\/fr\/location-de-motos-paros\/\"]}]},{\"@type\":\"BreadcrumbList\",\"@id\":\"https:\/\/parosrentcar.com\/fr\/location-de-motos-paros\/#breadcrumb\",\"itemListElement\":[{\"@type\":\"ListItem\",\"position\":1,\"name\":\"Home\",\"item\":\"https:\/\/parosrentcar.com\/fr\/\"},{\"@type\":\"ListItem\",\"position\":2,\"name\":\"Location de moto \u00e0 Paros\"}]},{\"@type\":\"WebSite\",\"@id\":\"https:\/\/parosrentcar.com\/fr\/#website\",\"url\":\"https:\/\/parosrentcar.com\/fr\/\",\"name\":\"Location de voitures \u00e0 Paros Gr\u00e8ce - ParosEuropeanRent\",\"description\":\"Location de voiture, buggy, quad, atv, scooter, moto et v\u00e9lo \u00e0 Paros\",\"potentialAction\":[{\"@type\":\"SearchAction\",\"target\":{\"@type\":\"EntryPoint\",\"urlTemplate\":\"https:\/\/parosrentcar.com\/fr\/?s={search_term_string}\"},\"query-input\":{\"@type\":\"PropertyValueSpecification\",\"valueRequired\":true,\"valueName\":\"search_term_string\"}}],\"inLanguage\":\"fr-FR\"}]}<\/script>\n<!-- \/ Yoast SEO plugin. -->","yoast_head_json":{"title":"Location de moto \u00e0 Paros Gr\u00e8ce","description":"Location de motos \u00e0 prix comp\u00e9titifs, offres sp\u00e9ciales et r\u00e9ductions sur les locations de motos \u00e0 Paros Gr\u00e8ce","robots":{"index":"index","follow":"follow","max-snippet":"max-snippet:-1","max-image-preview":"max-image-preview:large","max-video-preview":"max-video-preview:-1"},"canonical":"https:\/\/parosrentcar.com\/fr\/location-de-motos-paros\/","og_locale":"fr_FR","og_type":"article","og_title":"Location de moto \u00e0 Paros Gr\u00e8ce","og_description":"Location de motos \u00e0 prix comp\u00e9titifs, offres sp\u00e9ciales et r\u00e9ductions sur les locations de motos \u00e0 Paros Gr\u00e8ce","og_url":"https:\/\/parosrentcar.com\/fr\/location-de-motos-paros\/","og_site_name":"Location de voitures \u00e0 Paros Gr\u00e8ce - ParosEuropeanRent","article_publisher":"https:\/\/www.facebook.com\/paroscarrental","article_modified_time":"2022-08-05T05:05:56+00:00","twitter_misc":{"Dur\u00e9e de lecture estim\u00e9e":"1 minute"},"schema":{"@context":"https:\/\/schema.org","@graph":[{"@type":"WebPage","@id":"https:\/\/parosrentcar.com\/fr\/location-de-motos-paros\/","url":"https:\/\/parosrentcar.com\/fr\/location-de-motos-paros\/","name":"Location de moto \u00e0 Paros Gr\u00e8ce","isPartOf":{"@id":"https:\/\/parosrentcar.com\/fr\/#website"},"datePublished":"2014-11-07T13:46:36+00:00","dateModified":"2022-08-05T05:05:56+00:00","description":"Location de motos \u00e0 prix comp\u00e9titifs, offres sp\u00e9ciales et r\u00e9ductions sur les locations de motos \u00e0 Paros Gr\u00e8ce","breadcrumb":{"@id":"https:\/\/parosrentcar.com\/fr\/location-de-motos-paros\/#breadcrumb"},"inLanguage":"fr-FR","potentialAction":[{"@type":"ReadAction","target":["https:\/\/parosrentcar.com\/fr\/location-de-motos-paros\/"]}]},{"@type":"BreadcrumbList","@id":"https:\/\/parosrentcar.com\/fr\/location-de-motos-paros\/#breadcrumb","itemListElement":[{"@type":"ListItem","position":1,"name":"Home","item":"https:\/\/parosrentcar.com\/fr\/"},{"@type":"ListItem","position":2,"name":"Location de moto \u00e0 Paros"}]},{"@type":"WebSite","@id":"https:\/\/parosrentcar.com\/fr\/#website","url":"https:\/\/parosrentcar.com\/fr\/","name":"Location de voitures \u00e0 Paros Gr\u00e8ce - ParosEuropeanRent","description":"Location de voiture, buggy, quad, atv, scooter, moto et v\u00e9lo \u00e0 Paros","potentialAction":[{"@type":"SearchAction","target":{"@type":"EntryPoint","urlTemplate":"https:\/\/parosrentcar.com\/fr\/?s={search_term_string}"},"query-input":{"@type":"PropertyValueSpecification","valueRequired":true,"valueName":"search_term_string"}}],"inLanguage":"fr-FR"}]}},"_links":{"self":[{"href":"https:\/\/parosrentcar.com\/fr\/wp-json\/wp\/v2\/pages\/17","targetHints":{"allow":["GET"]}}],"collection":[{"href":"https:\/\/parosrentcar.com\/fr\/wp-json\/wp\/v2\/pages"}],"about":[{"href":"https:\/\/parosrentcar.com\/fr\/wp-json\/wp\/v2\/types\/page"}],"author":[{"embeddable":true,"href":"https:\/\/parosrentcar.com\/fr\/wp-json\/wp\/v2\/users\/1"}],"replies":[{"embeddable":true,"href":"https:\/\/parosrentcar.com\/fr\/wp-json\/wp\/v2\/comments?post=17"}],"version-history":[{"count":15,"href":"https:\/\/parosrentcar.com\/fr\/wp-json\/wp\/v2\/pages\/17\/revisions"}],"predecessor-version":[{"id":2295,"href":"https:\/\/parosrentcar.com\/fr\/wp-json\/wp\/v2\/pages\/17\/revisions\/2295"}],"wp:attachment":[{"href":"https:\/\/parosrentcar.com\/fr\/wp-json\/wp\/v2\/media?parent=17"}],"curies":[{"name":"wp","href":"https:\/\/api.w.org\/{rel}","templated":true}]}}