{"id":15,"date":"2014-11-07T13:46:23","date_gmt":"2014-11-07T13:46:23","guid":{"rendered":"http:\/\/parosrentcar.com\/el\/?page_id=15"},"modified":"2025-04-20T13:58:33","modified_gmt":"2025-04-20T13:58:33","slug":"locations-de-scooters","status":"publish","type":"page","link":"https:\/\/parosrentcar.com\/fr\/locations-de-scooters\/","title":{"rendered":"Location de scooter \u00e0 Paros"},"content":{"rendered":"<p>Nous poss\u00e9dons une<strong> large gamme<\/strong> de <strong>scooters<\/strong> neufs disponibles \u00e0 la location \u00e0 Paros. Et toujours aux prix les plus comp\u00e9titifs de Paros! Pour les <strong>r\u00e9servations<\/strong> en ligne, s\u00e9lectionnez le scooter qui vous int\u00e9resse et compl\u00e9tez le formulaire de r\u00e9servation avec vos coordonn\u00e9es.<\/p>\n<p><strong>Les tarifs sont sans frais cach\u00e9s et comprennent<\/strong>: la TVA de 24% \u2013 le kilom\u00e9trage illimit\u00e9 \u2013 l\u2019assurance responsabilit\u00e9 civile vis-\u00e0-vis de tiers \u2013 casque gratuit!<\/p>\n","protected":false},"excerpt":{"rendered":"<p><b>Grand choix de scooters et motos:<\/b><br \/>\n&#8211; <a href=\"\/fr\/locations-de-scooters\/sym-50cc\/\" title=\"Scooter Sym 50cc\">Scooter Sym 50cc<\/a><br \/>\n&#8211; <a href=\"\/fr\/locations-de-scooters\/kymco-50cc\/\" title=\"Scooter Kymco 50cc\">Scooter Kymco 50cc<\/a><br \/>\n&#8211; <a href=\"\/fr\/locations-de-scooters\/aprilia-scarabeo-100cc\/\" title=\"\u03a3\u03ba\u03bf\u03cd\u03c4\u03b5\u03c1 Aprilia Scarabeo 100cc\">Scooter Aprilia Scarabeo 100cc<\/a><br \/>\n&#8211; <a href=\"\/fr\/locations-de-scooters\/kymco-aprilia-piaggio-125cc\/\" title=\"Scooters Sym 125cc\" >Scooter Sym 125cc<\/a> &#8211; <a href=\"\/fr\/locations-de-scooters\/kymco-aprilia-piaggio-125cc\/\" title=\"Aprilia 125cc\">Aprilia 125cc<\/a><br \/>\n&#8211; <a href=\"\/fr\/locations-de-scooters\/kymco-aprilia-piaggio-125cc\/\" title=\"Scooter Piaggio 125cc\">Scooter Piaggio 125cc<\/a> &#8211; <a href=\"\/fr\/locations-de-scooters\/kymco-aprilia-piaggio-125cc\/\" title=\"Scooter Kymco 125cc\">Kymco 125cc<\/a><br \/>\n&#8211; <a href=\"\/fr\/locations-de-scooters\/sym-200-cm3\/\/\" title=\"Scooter Sym 200cc\">Scooter Sym 200cc<\/a><br \/>\n&#8211; <a href = \"\/fr\/location-de-motos-paros\/kawasaki-250cc\/\" title=\"Kawasaki 250cc\">\u039coto Kawasaki 250cc<\/a><\/p>\n","protected":false},"author":1,"featured_media":0,"parent":0,"menu_order":0,"comment_status":"closed","ping_status":"closed","template":"page-templates\/rooms.php","meta":{"footnotes":""},"class_list":["post-15","page","type-page","status-publish","hentry"],"yoast_head":"<!-- This site is optimized with the Yoast SEO plugin v27.1.1 - https:\/\/yoast.com\/product\/yoast-seo-wordpress\/ -->\n<title>Location de scooter a Paros - Gr\u00e8ce<\/title>\n<meta name=\"description\" content=\"Location de scooters \u00e0 prix comp\u00e9titifs, offres sp\u00e9ciales et r\u00e9ductions sur les locations de scooters \u00e0 Paros\" \/>\n<meta name=\"robots\" content=\"index, follow, max-snippet:-1, max-image-preview:large, max-video-preview:-1\" \/>\n<link rel=\"canonical\" href=\"https:\/\/parosrentcar.com\/fr\/locations-de-scooters\/\" \/>\n<meta property=\"og:locale\" content=\"fr_FR\" \/>\n<meta property=\"og:type\" content=\"article\" \/>\n<meta property=\"og:title\" content=\"Location de scooter a Paros - Gr\u00e8ce\" \/>\n<meta property=\"og:description\" content=\"Location de scooters \u00e0 prix comp\u00e9titifs, offres sp\u00e9ciales et r\u00e9ductions sur les locations de scooters \u00e0 Paros\" \/>\n<meta property=\"og:url\" content=\"https:\/\/parosrentcar.com\/fr\/locations-de-scooters\/\" \/>\n<meta property=\"og:site_name\" content=\"Location de voitures \u00e0 Paros Gr\u00e8ce - ParosEuropeanRent\" \/>\n<meta property=\"article:publisher\" content=\"https:\/\/www.facebook.com\/paroscarrental\" \/>\n<meta property=\"article:modified_time\" content=\"2025-04-20T13:58:33+00:00\" \/>\n<meta name=\"twitter:label1\" content=\"Dur\u00e9e de lecture estim\u00e9e\" \/>\n\t<meta name=\"twitter:data1\" content=\"1 minute\" \/>\n<script type=\"application\/ld+json\" class=\"yoast-schema-graph\">{\"@context\":\"https:\/\/schema.org\",\"@graph\":[{\"@type\":\"WebPage\",\"@id\":\"https:\/\/parosrentcar.com\/fr\/locations-de-scooters\/\",\"url\":\"https:\/\/parosrentcar.com\/fr\/locations-de-scooters\/\",\"name\":\"Location de scooter a Paros - Gr\u00e8ce\",\"isPartOf\":{\"@id\":\"https:\/\/parosrentcar.com\/fr\/#website\"},\"datePublished\":\"2014-11-07T13:46:23+00:00\",\"dateModified\":\"2025-04-20T13:58:33+00:00\",\"description\":\"Location de scooters \u00e0 prix comp\u00e9titifs, offres sp\u00e9ciales et r\u00e9ductions sur les locations de scooters \u00e0 Paros\",\"breadcrumb\":{\"@id\":\"https:\/\/parosrentcar.com\/fr\/locations-de-scooters\/#breadcrumb\"},\"inLanguage\":\"fr-FR\",\"potentialAction\":[{\"@type\":\"ReadAction\",\"target\":[\"https:\/\/parosrentcar.com\/fr\/locations-de-scooters\/\"]}]},{\"@type\":\"BreadcrumbList\",\"@id\":\"https:\/\/parosrentcar.com\/fr\/locations-de-scooters\/#breadcrumb\",\"itemListElement\":[{\"@type\":\"ListItem\",\"position\":1,\"name\":\"Home\",\"item\":\"https:\/\/parosrentcar.com\/fr\/\"},{\"@type\":\"ListItem\",\"position\":2,\"name\":\"Location de scooter \u00e0 Paros\"}]},{\"@type\":\"WebSite\",\"@id\":\"https:\/\/parosrentcar.com\/fr\/#website\",\"url\":\"https:\/\/parosrentcar.com\/fr\/\",\"name\":\"Location de voitures \u00e0 Paros Gr\u00e8ce - ParosEuropeanRent\",\"description\":\"Location de voiture, buggy, quad, atv, scooter, moto et v\u00e9lo \u00e0 Paros\",\"potentialAction\":[{\"@type\":\"SearchAction\",\"target\":{\"@type\":\"EntryPoint\",\"urlTemplate\":\"https:\/\/parosrentcar.com\/fr\/?s={search_term_string}\"},\"query-input\":{\"@type\":\"PropertyValueSpecification\",\"valueRequired\":true,\"valueName\":\"search_term_string\"}}],\"inLanguage\":\"fr-FR\"}]}<\/script>\n<!-- \/ Yoast SEO plugin. -->","yoast_head_json":{"title":"Location de scooter a Paros - Gr\u00e8ce","description":"Location de scooters \u00e0 prix comp\u00e9titifs, offres sp\u00e9ciales et r\u00e9ductions sur les locations de scooters \u00e0 Paros","robots":{"index":"index","follow":"follow","max-snippet":"max-snippet:-1","max-image-preview":"max-image-preview:large","max-video-preview":"max-video-preview:-1"},"canonical":"https:\/\/parosrentcar.com\/fr\/locations-de-scooters\/","og_locale":"fr_FR","og_type":"article","og_title":"Location de scooter a Paros - Gr\u00e8ce","og_description":"Location de scooters \u00e0 prix comp\u00e9titifs, offres sp\u00e9ciales et r\u00e9ductions sur les locations de scooters \u00e0 Paros","og_url":"https:\/\/parosrentcar.com\/fr\/locations-de-scooters\/","og_site_name":"Location de voitures \u00e0 Paros Gr\u00e8ce - ParosEuropeanRent","article_publisher":"https:\/\/www.facebook.com\/paroscarrental","article_modified_time":"2025-04-20T13:58:33+00:00","twitter_misc":{"Dur\u00e9e de lecture estim\u00e9e":"1 minute"},"schema":{"@context":"https:\/\/schema.org","@graph":[{"@type":"WebPage","@id":"https:\/\/parosrentcar.com\/fr\/locations-de-scooters\/","url":"https:\/\/parosrentcar.com\/fr\/locations-de-scooters\/","name":"Location de scooter a Paros - Gr\u00e8ce","isPartOf":{"@id":"https:\/\/parosrentcar.com\/fr\/#website"},"datePublished":"2014-11-07T13:46:23+00:00","dateModified":"2025-04-20T13:58:33+00:00","description":"Location de scooters \u00e0 prix comp\u00e9titifs, offres sp\u00e9ciales et r\u00e9ductions sur les locations de scooters \u00e0 Paros","breadcrumb":{"@id":"https:\/\/parosrentcar.com\/fr\/locations-de-scooters\/#breadcrumb"},"inLanguage":"fr-FR","potentialAction":[{"@type":"ReadAction","target":["https:\/\/parosrentcar.com\/fr\/locations-de-scooters\/"]}]},{"@type":"BreadcrumbList","@id":"https:\/\/parosrentcar.com\/fr\/locations-de-scooters\/#breadcrumb","itemListElement":[{"@type":"ListItem","position":1,"name":"Home","item":"https:\/\/parosrentcar.com\/fr\/"},{"@type":"ListItem","position":2,"name":"Location de scooter \u00e0 Paros"}]},{"@type":"WebSite","@id":"https:\/\/parosrentcar.com\/fr\/#website","url":"https:\/\/parosrentcar.com\/fr\/","name":"Location de voitures \u00e0 Paros Gr\u00e8ce - ParosEuropeanRent","description":"Location de voiture, buggy, quad, atv, scooter, moto et v\u00e9lo \u00e0 Paros","potentialAction":[{"@type":"SearchAction","target":{"@type":"EntryPoint","urlTemplate":"https:\/\/parosrentcar.com\/fr\/?s={search_term_string}"},"query-input":{"@type":"PropertyValueSpecification","valueRequired":true,"valueName":"search_term_string"}}],"inLanguage":"fr-FR"}]}},"_links":{"self":[{"href":"https:\/\/parosrentcar.com\/fr\/wp-json\/wp\/v2\/pages\/15","targetHints":{"allow":["GET"]}}],"collection":[{"href":"https:\/\/parosrentcar.com\/fr\/wp-json\/wp\/v2\/pages"}],"about":[{"href":"https:\/\/parosrentcar.com\/fr\/wp-json\/wp\/v2\/types\/page"}],"author":[{"embeddable":true,"href":"https:\/\/parosrentcar.com\/fr\/wp-json\/wp\/v2\/users\/1"}],"replies":[{"embeddable":true,"href":"https:\/\/parosrentcar.com\/fr\/wp-json\/wp\/v2\/comments?post=15"}],"version-history":[{"count":23,"href":"https:\/\/parosrentcar.com\/fr\/wp-json\/wp\/v2\/pages\/15\/revisions"}],"predecessor-version":[{"id":2613,"href":"https:\/\/parosrentcar.com\/fr\/wp-json\/wp\/v2\/pages\/15\/revisions\/2613"}],"wp:attachment":[{"href":"https:\/\/parosrentcar.com\/fr\/wp-json\/wp\/v2\/media?parent=15"}],"curies":[{"name":"wp","href":"https:\/\/api.w.org\/{rel}","templated":true}]}}