{"id":1396,"date":"2014-12-13T15:42:54","date_gmt":"2014-12-13T15:42:54","guid":{"rendered":"http:\/\/parosrentcar.com\/el\/?page_id=1396"},"modified":"2015-02-11T18:52:33","modified_gmt":"2015-02-11T18:52:33","slug":"lefkes","status":"publish","type":"page","link":"https:\/\/parosrentcar.com\/fr\/villages\/lefkes\/","title":{"rendered":"Lefkes"},"content":{"rendered":"<p><strong>Le village perch\u00e9 de Lefkes<\/strong>, \u00e0 250 m d&rsquo;altitude et 11 km de Parikia est presque au centre de l&rsquo;\u00eele. C&rsquo;est un tr\u00e8s joli village, construit en amphit\u00e9\u00e2tre \u00e0 flanc de montagne. Cette combinaison de nature et de maisons traditionnelles des Cyclades lui conf\u00e8re un charme particulier. Lefkes fut fond\u00e9 au XVI\u00e8me si\u00e8cle, probablement par des r\u00e9fugi\u00e9s de Cr\u00e8te et du P\u00e9lopon\u00e8se.<\/p>\n<p>Vous laisserez votre v\u00e9hicule au parking avant de vous aventurer dans les ruelles \u00e9troites pour une promenade magique. Les <strong>maisons blanches typiques<\/strong> et les pav\u00e9s d\u00e9limit\u00e9s \u00e0 la chaux, les petits jardins fleuris ont un air de l&rsquo;ancien temps. Vous rencontrerez de nombreuses <strong>\u00e9glises byzantines<\/strong> du XV\u00e8me et XVI\u00e8me si\u00e8cle et pourrez visiter Aghia Trianda, toute en marbre avec de belles ic\u00f4nes byzantines.<\/p>\n<p>Pour les amateurs de marche, la <strong>Route Byzantine<\/strong>, construite il y a un si\u00e8cle, relie les villages de Prodromos et de Lefkes. Pav\u00e9e de marbre elle serpente <strong>dans la nature<\/strong> entre les plantations d&rsquo;oliviers et la myrte sauvage, dans un paysage \u00e0 couper le souffle. Il y des h\u00f4tels et des chambres dans le village ainsi que des tavernes typiques.<\/p>\n","protected":false},"excerpt":{"rendered":"<p>Le village perch\u00e9 de Lefkes, \u00e0 250 m d&rsquo;altitude et 11 km de Parikia est presque au centre de l&rsquo;\u00eele. C&rsquo;est un tr\u00e8s joli village, construit en amphit\u00e9\u00e2tre \u00e0 flanc de montagne. Cette combinaison de nature et de maisons traditionnelles des Cyclades lui conf\u00e8re un charme particulier. Lefkes fut fond\u00e9 au XVI\u00e8me si\u00e8cle, probablement par des r\u00e9fugi\u00e9s de Cr\u00e8te et du P\u00e9lopon\u00e8se. Vous laisserez votre v\u00e9hicule au parking avant de vous aventurer dans les ruelles \u00e9troites pour une promenade magique. Les maisons blanches typiques et les pav\u00e9s d\u00e9limit\u00e9s \u00e0 la chaux, les petits jardins fleuris ont un air de l&rsquo;ancien temps. Vous rencontrerez de nombreuses \u00e9glises byzantines du XV\u00e8me et [&hellip;]<\/p>\n","protected":false},"author":1,"featured_media":0,"parent":1380,"menu_order":0,"comment_status":"closed","ping_status":"closed","template":"page-templates\/attraction.php","meta":{"footnotes":""},"class_list":["post-1396","page","type-page","status-publish","hentry"],"yoast_head":"<!-- This site is optimized with the Yoast SEO plugin v27.1.1 - https:\/\/yoast.com\/product\/yoast-seo-wordpress\/ -->\n<title>Lefkes -Location de voitures \u00e0 Paros Gr\u00e8ce<\/title>\n<meta name=\"description\" content=\"Lefkes -Location de voitures \u00e0 prix comp\u00e9titifs, offres sp\u00e9ciales et r\u00e9ductions sur les locations auto \u00e0 Paros Gr\u00e8ce\" \/>\n<meta name=\"robots\" content=\"index, follow, max-snippet:-1, max-image-preview:large, max-video-preview:-1\" \/>\n<link rel=\"canonical\" href=\"https:\/\/parosrentcar.com\/fr\/villages\/lefkes\/\" \/>\n<meta property=\"og:locale\" content=\"fr_FR\" \/>\n<meta property=\"og:type\" content=\"article\" \/>\n<meta property=\"og:title\" content=\"Lefkes -Location de voitures \u00e0 Paros Gr\u00e8ce\" \/>\n<meta property=\"og:description\" content=\"Lefkes -Location de voitures \u00e0 prix comp\u00e9titifs, offres sp\u00e9ciales et r\u00e9ductions sur les locations auto \u00e0 Paros Gr\u00e8ce\" \/>\n<meta property=\"og:url\" content=\"https:\/\/parosrentcar.com\/fr\/villages\/lefkes\/\" \/>\n<meta property=\"og:site_name\" content=\"Location de voitures \u00e0 Paros Gr\u00e8ce - ParosEuropeanRent\" \/>\n<meta property=\"article:publisher\" content=\"https:\/\/www.facebook.com\/paroscarrental\" \/>\n<meta property=\"article:modified_time\" content=\"2015-02-11T18:52:33+00:00\" \/>\n<meta name=\"twitter:label1\" content=\"Dur\u00e9e de lecture estim\u00e9e\" \/>\n\t<meta name=\"twitter:data1\" content=\"1 minute\" \/>\n<script type=\"application\/ld+json\" class=\"yoast-schema-graph\">{\"@context\":\"https:\/\/schema.org\",\"@graph\":[{\"@type\":\"WebPage\",\"@id\":\"https:\/\/parosrentcar.com\/fr\/villages\/lefkes\/\",\"url\":\"https:\/\/parosrentcar.com\/fr\/villages\/lefkes\/\",\"name\":\"Lefkes -Location de voitures \u00e0 Paros Gr\u00e8ce\",\"isPartOf\":{\"@id\":\"https:\/\/parosrentcar.com\/fr\/#website\"},\"datePublished\":\"2014-12-13T15:42:54+00:00\",\"dateModified\":\"2015-02-11T18:52:33+00:00\",\"description\":\"Lefkes -Location de voitures \u00e0 prix comp\u00e9titifs, offres sp\u00e9ciales et r\u00e9ductions sur les locations auto \u00e0 Paros Gr\u00e8ce\",\"breadcrumb\":{\"@id\":\"https:\/\/parosrentcar.com\/fr\/villages\/lefkes\/#breadcrumb\"},\"inLanguage\":\"fr-FR\",\"potentialAction\":[{\"@type\":\"ReadAction\",\"target\":[\"https:\/\/parosrentcar.com\/fr\/villages\/lefkes\/\"]}]},{\"@type\":\"BreadcrumbList\",\"@id\":\"https:\/\/parosrentcar.com\/fr\/villages\/lefkes\/#breadcrumb\",\"itemListElement\":[{\"@type\":\"ListItem\",\"position\":1,\"name\":\"Home\",\"item\":\"https:\/\/parosrentcar.com\/fr\/\"},{\"@type\":\"ListItem\",\"position\":2,\"name\":\"Villages\",\"item\":\"https:\/\/parosrentcar.com\/fr\/villages\/\"},{\"@type\":\"ListItem\",\"position\":3,\"name\":\"Lefkes\"}]},{\"@type\":\"WebSite\",\"@id\":\"https:\/\/parosrentcar.com\/fr\/#website\",\"url\":\"https:\/\/parosrentcar.com\/fr\/\",\"name\":\"Location de voitures \u00e0 Paros Gr\u00e8ce - ParosEuropeanRent\",\"description\":\"Location de voiture, buggy, quad, atv, scooter, moto et v\u00e9lo \u00e0 Paros\",\"potentialAction\":[{\"@type\":\"SearchAction\",\"target\":{\"@type\":\"EntryPoint\",\"urlTemplate\":\"https:\/\/parosrentcar.com\/fr\/?s={search_term_string}\"},\"query-input\":{\"@type\":\"PropertyValueSpecification\",\"valueRequired\":true,\"valueName\":\"search_term_string\"}}],\"inLanguage\":\"fr-FR\"}]}<\/script>\n<!-- \/ Yoast SEO plugin. -->","yoast_head_json":{"title":"Lefkes -Location de voitures \u00e0 Paros Gr\u00e8ce","description":"Lefkes -Location de voitures \u00e0 prix comp\u00e9titifs, offres sp\u00e9ciales et r\u00e9ductions sur les locations auto \u00e0 Paros Gr\u00e8ce","robots":{"index":"index","follow":"follow","max-snippet":"max-snippet:-1","max-image-preview":"max-image-preview:large","max-video-preview":"max-video-preview:-1"},"canonical":"https:\/\/parosrentcar.com\/fr\/villages\/lefkes\/","og_locale":"fr_FR","og_type":"article","og_title":"Lefkes -Location de voitures \u00e0 Paros Gr\u00e8ce","og_description":"Lefkes -Location de voitures \u00e0 prix comp\u00e9titifs, offres sp\u00e9ciales et r\u00e9ductions sur les locations auto \u00e0 Paros Gr\u00e8ce","og_url":"https:\/\/parosrentcar.com\/fr\/villages\/lefkes\/","og_site_name":"Location de voitures \u00e0 Paros Gr\u00e8ce - ParosEuropeanRent","article_publisher":"https:\/\/www.facebook.com\/paroscarrental","article_modified_time":"2015-02-11T18:52:33+00:00","twitter_misc":{"Dur\u00e9e de lecture estim\u00e9e":"1 minute"},"schema":{"@context":"https:\/\/schema.org","@graph":[{"@type":"WebPage","@id":"https:\/\/parosrentcar.com\/fr\/villages\/lefkes\/","url":"https:\/\/parosrentcar.com\/fr\/villages\/lefkes\/","name":"Lefkes -Location de voitures \u00e0 Paros Gr\u00e8ce","isPartOf":{"@id":"https:\/\/parosrentcar.com\/fr\/#website"},"datePublished":"2014-12-13T15:42:54+00:00","dateModified":"2015-02-11T18:52:33+00:00","description":"Lefkes -Location de voitures \u00e0 prix comp\u00e9titifs, offres sp\u00e9ciales et r\u00e9ductions sur les locations auto \u00e0 Paros Gr\u00e8ce","breadcrumb":{"@id":"https:\/\/parosrentcar.com\/fr\/villages\/lefkes\/#breadcrumb"},"inLanguage":"fr-FR","potentialAction":[{"@type":"ReadAction","target":["https:\/\/parosrentcar.com\/fr\/villages\/lefkes\/"]}]},{"@type":"BreadcrumbList","@id":"https:\/\/parosrentcar.com\/fr\/villages\/lefkes\/#breadcrumb","itemListElement":[{"@type":"ListItem","position":1,"name":"Home","item":"https:\/\/parosrentcar.com\/fr\/"},{"@type":"ListItem","position":2,"name":"Villages","item":"https:\/\/parosrentcar.com\/fr\/villages\/"},{"@type":"ListItem","position":3,"name":"Lefkes"}]},{"@type":"WebSite","@id":"https:\/\/parosrentcar.com\/fr\/#website","url":"https:\/\/parosrentcar.com\/fr\/","name":"Location de voitures \u00e0 Paros Gr\u00e8ce - ParosEuropeanRent","description":"Location de voiture, buggy, quad, atv, scooter, moto et v\u00e9lo \u00e0 Paros","potentialAction":[{"@type":"SearchAction","target":{"@type":"EntryPoint","urlTemplate":"https:\/\/parosrentcar.com\/fr\/?s={search_term_string}"},"query-input":{"@type":"PropertyValueSpecification","valueRequired":true,"valueName":"search_term_string"}}],"inLanguage":"fr-FR"}]}},"_links":{"self":[{"href":"https:\/\/parosrentcar.com\/fr\/wp-json\/wp\/v2\/pages\/1396","targetHints":{"allow":["GET"]}}],"collection":[{"href":"https:\/\/parosrentcar.com\/fr\/wp-json\/wp\/v2\/pages"}],"about":[{"href":"https:\/\/parosrentcar.com\/fr\/wp-json\/wp\/v2\/types\/page"}],"author":[{"embeddable":true,"href":"https:\/\/parosrentcar.com\/fr\/wp-json\/wp\/v2\/users\/1"}],"replies":[{"embeddable":true,"href":"https:\/\/parosrentcar.com\/fr\/wp-json\/wp\/v2\/comments?post=1396"}],"version-history":[{"count":1,"href":"https:\/\/parosrentcar.com\/fr\/wp-json\/wp\/v2\/pages\/1396\/revisions"}],"predecessor-version":[{"id":1971,"href":"https:\/\/parosrentcar.com\/fr\/wp-json\/wp\/v2\/pages\/1396\/revisions\/1971"}],"up":[{"embeddable":true,"href":"https:\/\/parosrentcar.com\/fr\/wp-json\/wp\/v2\/pages\/1380"}],"wp:attachment":[{"href":"https:\/\/parosrentcar.com\/fr\/wp-json\/wp\/v2\/media?parent=1396"}],"curies":[{"name":"wp","href":"https:\/\/api.w.org\/{rel}","templated":true}]}}