{"id":1385,"date":"2014-12-13T15:36:49","date_gmt":"2014-12-13T15:36:49","guid":{"rendered":"http:\/\/parosrentcar.com\/el\/?page_id=1385"},"modified":"2015-02-11T18:49:07","modified_gmt":"2015-02-11T18:49:07","slug":"ambelas","status":"publish","type":"page","link":"https:\/\/parosrentcar.com\/fr\/villages\/ambelas\/","title":{"rendered":"Ambelas"},"content":{"rendered":"<p>Ambelas est est un petit <strong>village du bord de mer<\/strong> sur la c\u00f4te nord-est de Paros, \u00e0 5 km \u00e0 l&rsquo;est de Naoussa,dont il d\u00e9pend administrativement. Le village connait un d\u00e9veloppement touristique gr\u00e2ce \u00e0 sa belle plage, tr\u00e8s propre et tranquille. On y trouve des <strong>h\u00f4tels<\/strong> et des <strong>restaurants<\/strong>.<\/p>\n<p>Vous pourrez d\u00e9guster la cuisine locale ou boire un jus de fruits frais dans les tavernes et restaurants du front de mer avec vue sur la plage et le village. Ce petit village de p\u00eacheurs est l&rsquo;endroit id\u00e9al pour ceux qui veulent des vacances au calme, loin de la foule des centres touristiques cosmopolites. Ses <strong>jolies plages<\/strong> ont une belle vue sur l&rsquo;\u00eele de Naxos et il y a plusieurs h\u00f4tels confortables et des chambres \u00e0 louer.<\/p>\n","protected":false},"excerpt":{"rendered":"<p>Ambelas est est un petit village du bord de mer sur la c\u00f4te nord-est de Paros, \u00e0 5 km \u00e0 l&rsquo;est de Naoussa,dont il d\u00e9pend administrativement. Le village connait un d\u00e9veloppement touristique gr\u00e2ce \u00e0 sa belle plage, tr\u00e8s propre et tranquille. On y trouve des h\u00f4tels et des restaurants. Vous pourrez d\u00e9guster la cuisine locale ou boire un jus de fruits frais dans les tavernes et restaurants du front de mer avec vue sur la plage et le village. Ce petit village de p\u00eacheurs est l&rsquo;endroit id\u00e9al pour ceux qui veulent des vacances au calme, loin de la foule des centres touristiques cosmopolites. Ses jolies plages ont une belle vue [&hellip;]<\/p>\n","protected":false},"author":1,"featured_media":0,"parent":1380,"menu_order":0,"comment_status":"closed","ping_status":"closed","template":"","meta":{"footnotes":""},"class_list":["post-1385","page","type-page","status-publish","hentry"],"yoast_head":"<!-- This site is optimized with the Yoast SEO plugin v27.1.1 - https:\/\/yoast.com\/product\/yoast-seo-wordpress\/ -->\n<title>Ambelas -Location de voitures \u00e0 Paros Gr\u00e8ce<\/title>\n<meta name=\"description\" content=\"Ambelas -Location de voitures \u00e0 prix comp\u00e9titifs, offres sp\u00e9ciales et r\u00e9ductions sur les locations auto \u00e0 Paros Gr\u00e8ce\" \/>\n<meta name=\"robots\" content=\"index, follow, max-snippet:-1, max-image-preview:large, max-video-preview:-1\" \/>\n<link rel=\"canonical\" href=\"https:\/\/parosrentcar.com\/fr\/villages\/ambelas\/\" \/>\n<meta property=\"og:locale\" content=\"fr_FR\" \/>\n<meta property=\"og:type\" content=\"article\" \/>\n<meta property=\"og:title\" content=\"Ambelas -Location de voitures \u00e0 Paros Gr\u00e8ce\" \/>\n<meta property=\"og:description\" content=\"Ambelas -Location de voitures \u00e0 prix comp\u00e9titifs, offres sp\u00e9ciales et r\u00e9ductions sur les locations auto \u00e0 Paros Gr\u00e8ce\" \/>\n<meta property=\"og:url\" content=\"https:\/\/parosrentcar.com\/fr\/villages\/ambelas\/\" \/>\n<meta property=\"og:site_name\" content=\"Location de voitures \u00e0 Paros Gr\u00e8ce - ParosEuropeanRent\" \/>\n<meta property=\"article:publisher\" content=\"https:\/\/www.facebook.com\/paroscarrental\" \/>\n<meta property=\"article:modified_time\" content=\"2015-02-11T18:49:07+00:00\" \/>\n<meta name=\"twitter:label1\" content=\"Dur\u00e9e de lecture estim\u00e9e\" \/>\n\t<meta name=\"twitter:data1\" content=\"1 minute\" \/>\n<script type=\"application\/ld+json\" class=\"yoast-schema-graph\">{\"@context\":\"https:\/\/schema.org\",\"@graph\":[{\"@type\":\"WebPage\",\"@id\":\"https:\/\/parosrentcar.com\/fr\/villages\/ambelas\/\",\"url\":\"https:\/\/parosrentcar.com\/fr\/villages\/ambelas\/\",\"name\":\"Ambelas -Location de voitures \u00e0 Paros Gr\u00e8ce\",\"isPartOf\":{\"@id\":\"https:\/\/parosrentcar.com\/fr\/#website\"},\"datePublished\":\"2014-12-13T15:36:49+00:00\",\"dateModified\":\"2015-02-11T18:49:07+00:00\",\"description\":\"Ambelas -Location de voitures \u00e0 prix comp\u00e9titifs, offres sp\u00e9ciales et r\u00e9ductions sur les locations auto \u00e0 Paros Gr\u00e8ce\",\"breadcrumb\":{\"@id\":\"https:\/\/parosrentcar.com\/fr\/villages\/ambelas\/#breadcrumb\"},\"inLanguage\":\"fr-FR\",\"potentialAction\":[{\"@type\":\"ReadAction\",\"target\":[\"https:\/\/parosrentcar.com\/fr\/villages\/ambelas\/\"]}]},{\"@type\":\"BreadcrumbList\",\"@id\":\"https:\/\/parosrentcar.com\/fr\/villages\/ambelas\/#breadcrumb\",\"itemListElement\":[{\"@type\":\"ListItem\",\"position\":1,\"name\":\"Home\",\"item\":\"https:\/\/parosrentcar.com\/fr\/\"},{\"@type\":\"ListItem\",\"position\":2,\"name\":\"Villages\",\"item\":\"https:\/\/parosrentcar.com\/fr\/villages\/\"},{\"@type\":\"ListItem\",\"position\":3,\"name\":\"Ambelas\"}]},{\"@type\":\"WebSite\",\"@id\":\"https:\/\/parosrentcar.com\/fr\/#website\",\"url\":\"https:\/\/parosrentcar.com\/fr\/\",\"name\":\"Location de voitures \u00e0 Paros Gr\u00e8ce - ParosEuropeanRent\",\"description\":\"Location de voiture, buggy, quad, atv, scooter, moto et v\u00e9lo \u00e0 Paros\",\"potentialAction\":[{\"@type\":\"SearchAction\",\"target\":{\"@type\":\"EntryPoint\",\"urlTemplate\":\"https:\/\/parosrentcar.com\/fr\/?s={search_term_string}\"},\"query-input\":{\"@type\":\"PropertyValueSpecification\",\"valueRequired\":true,\"valueName\":\"search_term_string\"}}],\"inLanguage\":\"fr-FR\"}]}<\/script>\n<!-- \/ Yoast SEO plugin. -->","yoast_head_json":{"title":"Ambelas -Location de voitures \u00e0 Paros Gr\u00e8ce","description":"Ambelas -Location de voitures \u00e0 prix comp\u00e9titifs, offres sp\u00e9ciales et r\u00e9ductions sur les locations auto \u00e0 Paros Gr\u00e8ce","robots":{"index":"index","follow":"follow","max-snippet":"max-snippet:-1","max-image-preview":"max-image-preview:large","max-video-preview":"max-video-preview:-1"},"canonical":"https:\/\/parosrentcar.com\/fr\/villages\/ambelas\/","og_locale":"fr_FR","og_type":"article","og_title":"Ambelas -Location de voitures \u00e0 Paros Gr\u00e8ce","og_description":"Ambelas -Location de voitures \u00e0 prix comp\u00e9titifs, offres sp\u00e9ciales et r\u00e9ductions sur les locations auto \u00e0 Paros Gr\u00e8ce","og_url":"https:\/\/parosrentcar.com\/fr\/villages\/ambelas\/","og_site_name":"Location de voitures \u00e0 Paros Gr\u00e8ce - ParosEuropeanRent","article_publisher":"https:\/\/www.facebook.com\/paroscarrental","article_modified_time":"2015-02-11T18:49:07+00:00","twitter_misc":{"Dur\u00e9e de lecture estim\u00e9e":"1 minute"},"schema":{"@context":"https:\/\/schema.org","@graph":[{"@type":"WebPage","@id":"https:\/\/parosrentcar.com\/fr\/villages\/ambelas\/","url":"https:\/\/parosrentcar.com\/fr\/villages\/ambelas\/","name":"Ambelas -Location de voitures \u00e0 Paros Gr\u00e8ce","isPartOf":{"@id":"https:\/\/parosrentcar.com\/fr\/#website"},"datePublished":"2014-12-13T15:36:49+00:00","dateModified":"2015-02-11T18:49:07+00:00","description":"Ambelas -Location de voitures \u00e0 prix comp\u00e9titifs, offres sp\u00e9ciales et r\u00e9ductions sur les locations auto \u00e0 Paros Gr\u00e8ce","breadcrumb":{"@id":"https:\/\/parosrentcar.com\/fr\/villages\/ambelas\/#breadcrumb"},"inLanguage":"fr-FR","potentialAction":[{"@type":"ReadAction","target":["https:\/\/parosrentcar.com\/fr\/villages\/ambelas\/"]}]},{"@type":"BreadcrumbList","@id":"https:\/\/parosrentcar.com\/fr\/villages\/ambelas\/#breadcrumb","itemListElement":[{"@type":"ListItem","position":1,"name":"Home","item":"https:\/\/parosrentcar.com\/fr\/"},{"@type":"ListItem","position":2,"name":"Villages","item":"https:\/\/parosrentcar.com\/fr\/villages\/"},{"@type":"ListItem","position":3,"name":"Ambelas"}]},{"@type":"WebSite","@id":"https:\/\/parosrentcar.com\/fr\/#website","url":"https:\/\/parosrentcar.com\/fr\/","name":"Location de voitures \u00e0 Paros Gr\u00e8ce - ParosEuropeanRent","description":"Location de voiture, buggy, quad, atv, scooter, moto et v\u00e9lo \u00e0 Paros","potentialAction":[{"@type":"SearchAction","target":{"@type":"EntryPoint","urlTemplate":"https:\/\/parosrentcar.com\/fr\/?s={search_term_string}"},"query-input":{"@type":"PropertyValueSpecification","valueRequired":true,"valueName":"search_term_string"}}],"inLanguage":"fr-FR"}]}},"_links":{"self":[{"href":"https:\/\/parosrentcar.com\/fr\/wp-json\/wp\/v2\/pages\/1385","targetHints":{"allow":["GET"]}}],"collection":[{"href":"https:\/\/parosrentcar.com\/fr\/wp-json\/wp\/v2\/pages"}],"about":[{"href":"https:\/\/parosrentcar.com\/fr\/wp-json\/wp\/v2\/types\/page"}],"author":[{"embeddable":true,"href":"https:\/\/parosrentcar.com\/fr\/wp-json\/wp\/v2\/users\/1"}],"replies":[{"embeddable":true,"href":"https:\/\/parosrentcar.com\/fr\/wp-json\/wp\/v2\/comments?post=1385"}],"version-history":[{"count":1,"href":"https:\/\/parosrentcar.com\/fr\/wp-json\/wp\/v2\/pages\/1385\/revisions"}],"predecessor-version":[{"id":1967,"href":"https:\/\/parosrentcar.com\/fr\/wp-json\/wp\/v2\/pages\/1385\/revisions\/1967"}],"up":[{"embeddable":true,"href":"https:\/\/parosrentcar.com\/fr\/wp-json\/wp\/v2\/pages\/1380"}],"wp:attachment":[{"href":"https:\/\/parosrentcar.com\/fr\/wp-json\/wp\/v2\/media?parent=1385"}],"curies":[{"name":"wp","href":"https:\/\/api.w.org\/{rel}","templated":true}]}}