{"id":1382,"date":"2014-12-13T15:35:03","date_gmt":"2014-12-13T15:35:03","guid":{"rendered":"http:\/\/parosrentcar.com\/el\/?page_id=1382"},"modified":"2015-02-11T18:47:57","modified_gmt":"2015-02-11T18:47:57","slug":"aliki","status":"publish","type":"page","link":"https:\/\/parosrentcar.com\/fr\/villages\/aliki\/","title":{"rendered":"Aliki"},"content":{"rendered":"<p>Aliki est un petit village de p\u00eacheurs de l&rsquo;\u00eele de Paros situ\u00e9 \u00e0 l&rsquo;extr\u00e9mit\u00e9 sud de l&rsquo;\u00eele, \u00e0 12 km du port et tout pr\u00e8s de l&rsquo;a\u00e9roport. Ce village est devenu une destination pris\u00e9e par les familles en raison de ses <strong>plages tranquilles<\/strong>, (Agios Nikolaos, Aliki, Piso Aliki), de ses tavernes et des nombreuses f\u00eates traditionnelles organis\u00e9es en juin (f\u00eate de Agios Ioannis Klydonas), le 6 ao\u00fbt (f\u00eate du Sauveur) et le 14 septembre (f\u00eate de la Sainte croix).<\/p>\n<p>Outre des h\u00e9bergements, vous trouverez une pharmacie, un <strong>supermarch\u00e9<\/strong> ainsi qu&rsquo;un parc de jeux pour enfants, des terrains de foot, de basket et de volley pour occuper les plus jeunes. Il y a aussi le <strong>mus\u00e9e du folklore cycladique<\/strong> \u00a0\u00bb Skorpios\u00a0\u00bb avec des r\u00e9pliques miniatures de sites grecs r\u00e9alis\u00e9s par Benetos Skiadas dans un parc ombrag\u00e9 et un <strong>centre de yoga<\/strong>.<\/p>\n<p>Les vents sont particuli\u00e8rement propice \u00e0 la pratique de la <strong>planche \u00e0 voile<\/strong>. Les <strong>plongeurs<\/strong> pourront explorer les vestiges d&rsquo;une cit\u00e9 engloutie de la mer \u00e9g\u00e9e. la r\u00e9gion dispose de nombreuses <strong>infrastuctures touristiques<\/strong> tant pour l&rsquo;h\u00e9bergement que pour le sport et les loisirs.<\/p>\n","protected":false},"excerpt":{"rendered":"<p>Aliki est un petit village de p\u00eacheurs de l&rsquo;\u00eele de Paros situ\u00e9 \u00e0 l&rsquo;extr\u00e9mit\u00e9 sud de l&rsquo;\u00eele, \u00e0 12 km du port et tout pr\u00e8s de l&rsquo;a\u00e9roport. Ce village est devenu une destination pris\u00e9e par les familles en raison de ses plages tranquilles, (Agios Nikolaos, Aliki, Piso Aliki), de ses tavernes et des nombreuses f\u00eates traditionnelles organis\u00e9es en juin (f\u00eate de Agios Ioannis Klydonas), le 6 ao\u00fbt (f\u00eate du Sauveur) et le 14 septembre (f\u00eate de la Sainte croix). Outre des h\u00e9bergements, vous trouverez une pharmacie, un supermarch\u00e9 ainsi qu&rsquo;un parc de jeux pour enfants, des terrains de foot, de basket et de volley pour occuper les plus jeunes. Il [&hellip;]<\/p>\n","protected":false},"author":1,"featured_media":0,"parent":1380,"menu_order":0,"comment_status":"closed","ping_status":"closed","template":"","meta":{"footnotes":""},"class_list":["post-1382","page","type-page","status-publish","hentry"],"yoast_head":"<!-- This site is optimized with the Yoast SEO plugin v27.1.1 - https:\/\/yoast.com\/product\/yoast-seo-wordpress\/ -->\n<title>Aliki -Location de voitures \u00e0 Paros Gr\u00e8ce<\/title>\n<meta name=\"description\" content=\"Aliki -Location de voitures \u00e0 prix comp\u00e9titifs, offres sp\u00e9ciales et r\u00e9ductions sur les locations auto \u00e0 Paros Gr\u00e8ce\" \/>\n<meta name=\"robots\" content=\"index, follow, max-snippet:-1, max-image-preview:large, max-video-preview:-1\" \/>\n<link rel=\"canonical\" href=\"https:\/\/parosrentcar.com\/fr\/villages\/aliki\/\" \/>\n<meta property=\"og:locale\" content=\"fr_FR\" \/>\n<meta property=\"og:type\" content=\"article\" \/>\n<meta property=\"og:title\" content=\"Aliki -Location de voitures \u00e0 Paros Gr\u00e8ce\" \/>\n<meta property=\"og:description\" content=\"Aliki -Location de voitures \u00e0 prix comp\u00e9titifs, offres sp\u00e9ciales et r\u00e9ductions sur les locations auto \u00e0 Paros Gr\u00e8ce\" \/>\n<meta property=\"og:url\" content=\"https:\/\/parosrentcar.com\/fr\/villages\/aliki\/\" \/>\n<meta property=\"og:site_name\" content=\"Location de voitures \u00e0 Paros Gr\u00e8ce - ParosEuropeanRent\" \/>\n<meta property=\"article:publisher\" content=\"https:\/\/www.facebook.com\/paroscarrental\" \/>\n<meta property=\"article:modified_time\" content=\"2015-02-11T18:47:57+00:00\" \/>\n<meta name=\"twitter:label1\" content=\"Dur\u00e9e de lecture estim\u00e9e\" \/>\n\t<meta name=\"twitter:data1\" content=\"1 minute\" \/>\n<script type=\"application\/ld+json\" class=\"yoast-schema-graph\">{\"@context\":\"https:\/\/schema.org\",\"@graph\":[{\"@type\":\"WebPage\",\"@id\":\"https:\/\/parosrentcar.com\/fr\/villages\/aliki\/\",\"url\":\"https:\/\/parosrentcar.com\/fr\/villages\/aliki\/\",\"name\":\"Aliki -Location de voitures \u00e0 Paros Gr\u00e8ce\",\"isPartOf\":{\"@id\":\"https:\/\/parosrentcar.com\/fr\/#website\"},\"datePublished\":\"2014-12-13T15:35:03+00:00\",\"dateModified\":\"2015-02-11T18:47:57+00:00\",\"description\":\"Aliki -Location de voitures \u00e0 prix comp\u00e9titifs, offres sp\u00e9ciales et r\u00e9ductions sur les locations auto \u00e0 Paros Gr\u00e8ce\",\"breadcrumb\":{\"@id\":\"https:\/\/parosrentcar.com\/fr\/villages\/aliki\/#breadcrumb\"},\"inLanguage\":\"fr-FR\",\"potentialAction\":[{\"@type\":\"ReadAction\",\"target\":[\"https:\/\/parosrentcar.com\/fr\/villages\/aliki\/\"]}]},{\"@type\":\"BreadcrumbList\",\"@id\":\"https:\/\/parosrentcar.com\/fr\/villages\/aliki\/#breadcrumb\",\"itemListElement\":[{\"@type\":\"ListItem\",\"position\":1,\"name\":\"Home\",\"item\":\"https:\/\/parosrentcar.com\/fr\/\"},{\"@type\":\"ListItem\",\"position\":2,\"name\":\"Villages\",\"item\":\"https:\/\/parosrentcar.com\/fr\/villages\/\"},{\"@type\":\"ListItem\",\"position\":3,\"name\":\"Aliki\"}]},{\"@type\":\"WebSite\",\"@id\":\"https:\/\/parosrentcar.com\/fr\/#website\",\"url\":\"https:\/\/parosrentcar.com\/fr\/\",\"name\":\"Location de voitures \u00e0 Paros Gr\u00e8ce - ParosEuropeanRent\",\"description\":\"Location de voiture, buggy, quad, atv, scooter, moto et v\u00e9lo \u00e0 Paros\",\"potentialAction\":[{\"@type\":\"SearchAction\",\"target\":{\"@type\":\"EntryPoint\",\"urlTemplate\":\"https:\/\/parosrentcar.com\/fr\/?s={search_term_string}\"},\"query-input\":{\"@type\":\"PropertyValueSpecification\",\"valueRequired\":true,\"valueName\":\"search_term_string\"}}],\"inLanguage\":\"fr-FR\"}]}<\/script>\n<!-- \/ Yoast SEO plugin. -->","yoast_head_json":{"title":"Aliki -Location de voitures \u00e0 Paros Gr\u00e8ce","description":"Aliki -Location de voitures \u00e0 prix comp\u00e9titifs, offres sp\u00e9ciales et r\u00e9ductions sur les locations auto \u00e0 Paros Gr\u00e8ce","robots":{"index":"index","follow":"follow","max-snippet":"max-snippet:-1","max-image-preview":"max-image-preview:large","max-video-preview":"max-video-preview:-1"},"canonical":"https:\/\/parosrentcar.com\/fr\/villages\/aliki\/","og_locale":"fr_FR","og_type":"article","og_title":"Aliki -Location de voitures \u00e0 Paros Gr\u00e8ce","og_description":"Aliki -Location de voitures \u00e0 prix comp\u00e9titifs, offres sp\u00e9ciales et r\u00e9ductions sur les locations auto \u00e0 Paros Gr\u00e8ce","og_url":"https:\/\/parosrentcar.com\/fr\/villages\/aliki\/","og_site_name":"Location de voitures \u00e0 Paros Gr\u00e8ce - ParosEuropeanRent","article_publisher":"https:\/\/www.facebook.com\/paroscarrental","article_modified_time":"2015-02-11T18:47:57+00:00","twitter_misc":{"Dur\u00e9e de lecture estim\u00e9e":"1 minute"},"schema":{"@context":"https:\/\/schema.org","@graph":[{"@type":"WebPage","@id":"https:\/\/parosrentcar.com\/fr\/villages\/aliki\/","url":"https:\/\/parosrentcar.com\/fr\/villages\/aliki\/","name":"Aliki -Location de voitures \u00e0 Paros Gr\u00e8ce","isPartOf":{"@id":"https:\/\/parosrentcar.com\/fr\/#website"},"datePublished":"2014-12-13T15:35:03+00:00","dateModified":"2015-02-11T18:47:57+00:00","description":"Aliki -Location de voitures \u00e0 prix comp\u00e9titifs, offres sp\u00e9ciales et r\u00e9ductions sur les locations auto \u00e0 Paros Gr\u00e8ce","breadcrumb":{"@id":"https:\/\/parosrentcar.com\/fr\/villages\/aliki\/#breadcrumb"},"inLanguage":"fr-FR","potentialAction":[{"@type":"ReadAction","target":["https:\/\/parosrentcar.com\/fr\/villages\/aliki\/"]}]},{"@type":"BreadcrumbList","@id":"https:\/\/parosrentcar.com\/fr\/villages\/aliki\/#breadcrumb","itemListElement":[{"@type":"ListItem","position":1,"name":"Home","item":"https:\/\/parosrentcar.com\/fr\/"},{"@type":"ListItem","position":2,"name":"Villages","item":"https:\/\/parosrentcar.com\/fr\/villages\/"},{"@type":"ListItem","position":3,"name":"Aliki"}]},{"@type":"WebSite","@id":"https:\/\/parosrentcar.com\/fr\/#website","url":"https:\/\/parosrentcar.com\/fr\/","name":"Location de voitures \u00e0 Paros Gr\u00e8ce - ParosEuropeanRent","description":"Location de voiture, buggy, quad, atv, scooter, moto et v\u00e9lo \u00e0 Paros","potentialAction":[{"@type":"SearchAction","target":{"@type":"EntryPoint","urlTemplate":"https:\/\/parosrentcar.com\/fr\/?s={search_term_string}"},"query-input":{"@type":"PropertyValueSpecification","valueRequired":true,"valueName":"search_term_string"}}],"inLanguage":"fr-FR"}]}},"_links":{"self":[{"href":"https:\/\/parosrentcar.com\/fr\/wp-json\/wp\/v2\/pages\/1382","targetHints":{"allow":["GET"]}}],"collection":[{"href":"https:\/\/parosrentcar.com\/fr\/wp-json\/wp\/v2\/pages"}],"about":[{"href":"https:\/\/parosrentcar.com\/fr\/wp-json\/wp\/v2\/types\/page"}],"author":[{"embeddable":true,"href":"https:\/\/parosrentcar.com\/fr\/wp-json\/wp\/v2\/users\/1"}],"replies":[{"embeddable":true,"href":"https:\/\/parosrentcar.com\/fr\/wp-json\/wp\/v2\/comments?post=1382"}],"version-history":[{"count":1,"href":"https:\/\/parosrentcar.com\/fr\/wp-json\/wp\/v2\/pages\/1382\/revisions"}],"predecessor-version":[{"id":1966,"href":"https:\/\/parosrentcar.com\/fr\/wp-json\/wp\/v2\/pages\/1382\/revisions\/1966"}],"up":[{"embeddable":true,"href":"https:\/\/parosrentcar.com\/fr\/wp-json\/wp\/v2\/pages\/1380"}],"wp:attachment":[{"href":"https:\/\/parosrentcar.com\/fr\/wp-json\/wp\/v2\/media?parent=1382"}],"curies":[{"name":"wp","href":"https:\/\/api.w.org\/{rel}","templated":true}]}}