{"id":1377,"date":"2014-12-13T15:31:34","date_gmt":"2014-12-13T15:31:34","guid":{"rendered":"http:\/\/parosrentcar.com\/el\/?page_id=1377"},"modified":"2015-02-14T08:20:39","modified_gmt":"2015-02-14T08:20:39","slug":"le-palais-mycenien","status":"publish","type":"page","link":"https:\/\/parosrentcar.com\/fr\/sites-touristiques\/le-palais-mycenien\/","title":{"rendered":"Le palais myc\u00e9nien"},"content":{"rendered":"<p>Selon la mythologie, le nom de l\u2019\u00eele de Paros vient du <strong>h\u00e9ro arcadien Parios <\/strong>qui aurait pris l\u2019\u00eele aux Ioniens vers 1000 avant JC, qui l\u2019avaient eux-m\u00eames prise aux Minoens en 1100 avant JC. Cependant on trouve des traces de civilisation \u00e0 Paros datant de plus de 5000 ans, en particulier sur le site de <strong>Koukounaries<\/strong>.<\/p>\n<p>Koukounaries est une <strong>colline de roche et de granit<\/strong>, \u00e0 75m au dessus du niveau de la mer, au bord de l\u2019eau, dans le golfe de Naoussa,\u00a0 au nord de l\u2019\u00eele de Paros. On y trouve un important <strong>complexe de b\u00e2timents myc\u00e9niens<\/strong> de la fin du XII\u00e8me si\u00e8cle avant JC. dont les ailes, les couloirs et les entrep\u00f4ts sont encore visibles. Les entrep\u00f4ts contenaient des vases, des armes et d\u2019autres objets qui furent recouverts de cendres lors d\u2019un incendie vers 1100 avant JC. C\u2019est l&rsquo;un des rares endroits en Gr\u00e8ce o\u00f9 l\u2019on trouve des traces d\u2019Histoire de l\u2019\u00e2ge de Bronze \u00e0 celui du Fer.<\/p>\n","protected":false},"excerpt":{"rendered":"<p>Selon la mythologie, le nom de l\u2019\u00eele de Paros vient du h\u00e9ro arcadien Parios qui aurait pris l\u2019\u00eele aux Ioniens vers 1000 avant JC, qui l\u2019avaient eux-m\u00eames prise aux Minoens en 1100 avant JC. Cependant on trouve des traces de civilisation \u00e0 Paros datant de plus de 5000 ans, en particulier sur le site de Koukounaries. Koukounaries est une colline de roche et de granit, \u00e0 75m au dessus du niveau de la mer, au bord de l\u2019eau, dans le golfe de Naoussa,\u00a0 au nord de l\u2019\u00eele de Paros. On y trouve un important complexe de b\u00e2timents myc\u00e9niens de la fin du XII\u00e8me si\u00e8cle avant JC. dont les ailes, les [&hellip;]<\/p>\n","protected":false},"author":1,"featured_media":0,"parent":1015,"menu_order":0,"comment_status":"closed","ping_status":"closed","template":"","meta":{"footnotes":""},"class_list":["post-1377","page","type-page","status-publish","hentry"],"yoast_head":"<!-- This site is optimized with the Yoast SEO plugin v27.1.1 - https:\/\/yoast.com\/product\/yoast-seo-wordpress\/ -->\n<title>Le palais myc\u00e9nien -Location de voitures \u00e0 Paros Gr\u00e8ce<\/title>\n<meta name=\"description\" content=\"Le palais myc\u00e9nien -Location de voitures \u00e0 prix comp\u00e9titifs, offres sp\u00e9ciales et r\u00e9ductions sur les locations auto \u00e0 Paros Gr\u00e8ce\" \/>\n<meta name=\"robots\" content=\"index, follow, max-snippet:-1, max-image-preview:large, max-video-preview:-1\" \/>\n<link rel=\"canonical\" href=\"https:\/\/parosrentcar.com\/fr\/sites-touristiques\/le-palais-mycenien\/\" \/>\n<meta property=\"og:locale\" content=\"fr_FR\" \/>\n<meta property=\"og:type\" content=\"article\" \/>\n<meta property=\"og:title\" content=\"Le palais myc\u00e9nien -Location de voitures \u00e0 Paros Gr\u00e8ce\" \/>\n<meta property=\"og:description\" content=\"Le palais myc\u00e9nien -Location de voitures \u00e0 prix comp\u00e9titifs, offres sp\u00e9ciales et r\u00e9ductions sur les locations auto \u00e0 Paros Gr\u00e8ce\" \/>\n<meta property=\"og:url\" content=\"https:\/\/parosrentcar.com\/fr\/sites-touristiques\/le-palais-mycenien\/\" \/>\n<meta property=\"og:site_name\" content=\"Location de voitures \u00e0 Paros Gr\u00e8ce - ParosEuropeanRent\" \/>\n<meta property=\"article:publisher\" content=\"https:\/\/www.facebook.com\/paroscarrental\" \/>\n<meta property=\"article:modified_time\" content=\"2015-02-14T08:20:39+00:00\" \/>\n<meta name=\"twitter:label1\" content=\"Dur\u00e9e de lecture estim\u00e9e\" \/>\n\t<meta name=\"twitter:data1\" content=\"1 minute\" \/>\n<script type=\"application\/ld+json\" class=\"yoast-schema-graph\">{\"@context\":\"https:\/\/schema.org\",\"@graph\":[{\"@type\":\"WebPage\",\"@id\":\"https:\/\/parosrentcar.com\/fr\/sites-touristiques\/le-palais-mycenien\/\",\"url\":\"https:\/\/parosrentcar.com\/fr\/sites-touristiques\/le-palais-mycenien\/\",\"name\":\"Le palais myc\u00e9nien -Location de voitures \u00e0 Paros Gr\u00e8ce\",\"isPartOf\":{\"@id\":\"https:\/\/parosrentcar.com\/fr\/#website\"},\"datePublished\":\"2014-12-13T15:31:34+00:00\",\"dateModified\":\"2015-02-14T08:20:39+00:00\",\"description\":\"Le palais myc\u00e9nien -Location de voitures \u00e0 prix comp\u00e9titifs, offres sp\u00e9ciales et r\u00e9ductions sur les locations auto \u00e0 Paros Gr\u00e8ce\",\"breadcrumb\":{\"@id\":\"https:\/\/parosrentcar.com\/fr\/sites-touristiques\/le-palais-mycenien\/#breadcrumb\"},\"inLanguage\":\"fr-FR\",\"potentialAction\":[{\"@type\":\"ReadAction\",\"target\":[\"https:\/\/parosrentcar.com\/fr\/sites-touristiques\/le-palais-mycenien\/\"]}]},{\"@type\":\"BreadcrumbList\",\"@id\":\"https:\/\/parosrentcar.com\/fr\/sites-touristiques\/le-palais-mycenien\/#breadcrumb\",\"itemListElement\":[{\"@type\":\"ListItem\",\"position\":1,\"name\":\"Home\",\"item\":\"https:\/\/parosrentcar.com\/fr\/\"},{\"@type\":\"ListItem\",\"position\":2,\"name\":\"Sites touristiques\",\"item\":\"https:\/\/parosrentcar.com\/fr\/sites-touristiques\/\"},{\"@type\":\"ListItem\",\"position\":3,\"name\":\"Le palais myc\u00e9nien\"}]},{\"@type\":\"WebSite\",\"@id\":\"https:\/\/parosrentcar.com\/fr\/#website\",\"url\":\"https:\/\/parosrentcar.com\/fr\/\",\"name\":\"Location de voitures \u00e0 Paros Gr\u00e8ce - ParosEuropeanRent\",\"description\":\"Location de voiture, buggy, quad, atv, scooter, moto et v\u00e9lo \u00e0 Paros\",\"potentialAction\":[{\"@type\":\"SearchAction\",\"target\":{\"@type\":\"EntryPoint\",\"urlTemplate\":\"https:\/\/parosrentcar.com\/fr\/?s={search_term_string}\"},\"query-input\":{\"@type\":\"PropertyValueSpecification\",\"valueRequired\":true,\"valueName\":\"search_term_string\"}}],\"inLanguage\":\"fr-FR\"}]}<\/script>\n<!-- \/ Yoast SEO plugin. -->","yoast_head_json":{"title":"Le palais myc\u00e9nien -Location de voitures \u00e0 Paros Gr\u00e8ce","description":"Le palais myc\u00e9nien -Location de voitures \u00e0 prix comp\u00e9titifs, offres sp\u00e9ciales et r\u00e9ductions sur les locations auto \u00e0 Paros Gr\u00e8ce","robots":{"index":"index","follow":"follow","max-snippet":"max-snippet:-1","max-image-preview":"max-image-preview:large","max-video-preview":"max-video-preview:-1"},"canonical":"https:\/\/parosrentcar.com\/fr\/sites-touristiques\/le-palais-mycenien\/","og_locale":"fr_FR","og_type":"article","og_title":"Le palais myc\u00e9nien -Location de voitures \u00e0 Paros Gr\u00e8ce","og_description":"Le palais myc\u00e9nien -Location de voitures \u00e0 prix comp\u00e9titifs, offres sp\u00e9ciales et r\u00e9ductions sur les locations auto \u00e0 Paros Gr\u00e8ce","og_url":"https:\/\/parosrentcar.com\/fr\/sites-touristiques\/le-palais-mycenien\/","og_site_name":"Location de voitures \u00e0 Paros Gr\u00e8ce - ParosEuropeanRent","article_publisher":"https:\/\/www.facebook.com\/paroscarrental","article_modified_time":"2015-02-14T08:20:39+00:00","twitter_misc":{"Dur\u00e9e de lecture estim\u00e9e":"1 minute"},"schema":{"@context":"https:\/\/schema.org","@graph":[{"@type":"WebPage","@id":"https:\/\/parosrentcar.com\/fr\/sites-touristiques\/le-palais-mycenien\/","url":"https:\/\/parosrentcar.com\/fr\/sites-touristiques\/le-palais-mycenien\/","name":"Le palais myc\u00e9nien -Location de voitures \u00e0 Paros Gr\u00e8ce","isPartOf":{"@id":"https:\/\/parosrentcar.com\/fr\/#website"},"datePublished":"2014-12-13T15:31:34+00:00","dateModified":"2015-02-14T08:20:39+00:00","description":"Le palais myc\u00e9nien -Location de voitures \u00e0 prix comp\u00e9titifs, offres sp\u00e9ciales et r\u00e9ductions sur les locations auto \u00e0 Paros Gr\u00e8ce","breadcrumb":{"@id":"https:\/\/parosrentcar.com\/fr\/sites-touristiques\/le-palais-mycenien\/#breadcrumb"},"inLanguage":"fr-FR","potentialAction":[{"@type":"ReadAction","target":["https:\/\/parosrentcar.com\/fr\/sites-touristiques\/le-palais-mycenien\/"]}]},{"@type":"BreadcrumbList","@id":"https:\/\/parosrentcar.com\/fr\/sites-touristiques\/le-palais-mycenien\/#breadcrumb","itemListElement":[{"@type":"ListItem","position":1,"name":"Home","item":"https:\/\/parosrentcar.com\/fr\/"},{"@type":"ListItem","position":2,"name":"Sites touristiques","item":"https:\/\/parosrentcar.com\/fr\/sites-touristiques\/"},{"@type":"ListItem","position":3,"name":"Le palais myc\u00e9nien"}]},{"@type":"WebSite","@id":"https:\/\/parosrentcar.com\/fr\/#website","url":"https:\/\/parosrentcar.com\/fr\/","name":"Location de voitures \u00e0 Paros Gr\u00e8ce - ParosEuropeanRent","description":"Location de voiture, buggy, quad, atv, scooter, moto et v\u00e9lo \u00e0 Paros","potentialAction":[{"@type":"SearchAction","target":{"@type":"EntryPoint","urlTemplate":"https:\/\/parosrentcar.com\/fr\/?s={search_term_string}"},"query-input":{"@type":"PropertyValueSpecification","valueRequired":true,"valueName":"search_term_string"}}],"inLanguage":"fr-FR"}]}},"_links":{"self":[{"href":"https:\/\/parosrentcar.com\/fr\/wp-json\/wp\/v2\/pages\/1377","targetHints":{"allow":["GET"]}}],"collection":[{"href":"https:\/\/parosrentcar.com\/fr\/wp-json\/wp\/v2\/pages"}],"about":[{"href":"https:\/\/parosrentcar.com\/fr\/wp-json\/wp\/v2\/types\/page"}],"author":[{"embeddable":true,"href":"https:\/\/parosrentcar.com\/fr\/wp-json\/wp\/v2\/users\/1"}],"replies":[{"embeddable":true,"href":"https:\/\/parosrentcar.com\/fr\/wp-json\/wp\/v2\/comments?post=1377"}],"version-history":[{"count":2,"href":"https:\/\/parosrentcar.com\/fr\/wp-json\/wp\/v2\/pages\/1377\/revisions"}],"predecessor-version":[{"id":1995,"href":"https:\/\/parosrentcar.com\/fr\/wp-json\/wp\/v2\/pages\/1377\/revisions\/1995"}],"up":[{"embeddable":true,"href":"https:\/\/parosrentcar.com\/fr\/wp-json\/wp\/v2\/pages\/1015"}],"wp:attachment":[{"href":"https:\/\/parosrentcar.com\/fr\/wp-json\/wp\/v2\/media?parent=1377"}],"curies":[{"name":"wp","href":"https:\/\/api.w.org\/{rel}","templated":true}]}}