{"id":1374,"date":"2014-12-13T15:29:54","date_gmt":"2014-12-13T15:29:54","guid":{"rendered":"http:\/\/parosrentcar.com\/el\/?page_id=1374"},"modified":"2015-02-14T07:36:14","modified_gmt":"2015-02-14T07:36:14","slug":"la-colline-de-kefalos","status":"publish","type":"page","link":"https:\/\/parosrentcar.com\/fr\/sites-touristiques\/la-colline-de-kefalos\/","title":{"rendered":"La colline de Kefalos"},"content":{"rendered":"<p><strong>Le ch\u00e2teau sur la colline de Kefalos<\/strong> surplombe le c\u00f4t\u00e9 est du village Marpissa et le <strong>monast\u00e8re de Saint Antoine<\/strong>, datant du 17\u00e8me si\u00e8cle, se trouve au-dessus. La <strong>promenade<\/strong> depuis Marpissa, qui prend environ une demi-heure, est une des plus int\u00e9ressantes de Paros.<\/p>\n<p>Sur le chemin de <strong>grosses pierres blanches<\/strong> sont tout ce qu\u2019il reste de la cit\u00e9 v\u00e9nitienne de Kefalos. C\u2019est ici que se joua l\u2019acte final de de la domination v\u00e9nitienne sur l\u2019\u00eele, lorsque le pirate Barbarossa pilla le ch\u00e2teau en 1537. On trouve aussi les ruines de chapelles qui furent saccag\u00e9es et d\u00e9truites.<\/p>\n<p>En arrivant en haut, vous pourrez admirer le <strong>monast\u00e8re<\/strong> avec ses <strong>ic\u00f4nes anciennes<\/strong> et <strong>l\u2019autel majestueux<\/strong> en bois sculpt\u00e9 dor\u00e9 \u00e0 la feuille. La colline est un ancien volcan, d\u2019o\u00f9 sa forme de c\u00f4ne et la vue panoramique sur l\u2019est de Paros est fantastique. Le monast\u00e8re est ouvert uniquement durant l\u2019\u00e9t\u00e9.<\/p>\n","protected":false},"excerpt":{"rendered":"<p>Le ch\u00e2teau sur la colline de Kefalos surplombe le c\u00f4t\u00e9 est du village Marpissa et le monast\u00e8re de Saint Antoine, datant du 17\u00e8me si\u00e8cle, se trouve au-dessus. La promenade depuis Marpissa, qui prend environ une demi-heure, est une des plus int\u00e9ressantes de Paros. Sur le chemin de grosses pierres blanches sont tout ce qu\u2019il reste de la cit\u00e9 v\u00e9nitienne de Kefalos. C\u2019est ici que se joua l\u2019acte final de de la domination v\u00e9nitienne sur l\u2019\u00eele, lorsque le pirate Barbarossa pilla le ch\u00e2teau en 1537. On trouve aussi les ruines de chapelles qui furent saccag\u00e9es et d\u00e9truites. En arrivant en haut, vous pourrez admirer le monast\u00e8re avec ses ic\u00f4nes anciennes et [&hellip;]<\/p>\n","protected":false},"author":1,"featured_media":0,"parent":1015,"menu_order":0,"comment_status":"closed","ping_status":"closed","template":"","meta":{"footnotes":""},"class_list":["post-1374","page","type-page","status-publish","hentry"],"yoast_head":"<!-- This site is optimized with the Yoast SEO plugin v27.1.1 - https:\/\/yoast.com\/product\/yoast-seo-wordpress\/ -->\n<title>La colline de Kefalos -Location de voitures \u00e0 Paros Gr\u00e8ce<\/title>\n<meta name=\"description\" content=\"La colline de Kefalos -Location de voitures \u00e0 prix comp\u00e9titifs, offres sp\u00e9ciales et r\u00e9ductions sur les locations auto \u00e0 Paros Gr\u00e8ce\" \/>\n<meta name=\"robots\" content=\"index, follow, max-snippet:-1, max-image-preview:large, max-video-preview:-1\" \/>\n<link rel=\"canonical\" href=\"https:\/\/parosrentcar.com\/fr\/sites-touristiques\/la-colline-de-kefalos\/\" \/>\n<meta property=\"og:locale\" content=\"fr_FR\" \/>\n<meta property=\"og:type\" content=\"article\" \/>\n<meta property=\"og:title\" content=\"La colline de Kefalos -Location de voitures \u00e0 Paros Gr\u00e8ce\" \/>\n<meta property=\"og:description\" content=\"La colline de Kefalos -Location de voitures \u00e0 prix comp\u00e9titifs, offres sp\u00e9ciales et r\u00e9ductions sur les locations auto \u00e0 Paros Gr\u00e8ce\" \/>\n<meta property=\"og:url\" content=\"https:\/\/parosrentcar.com\/fr\/sites-touristiques\/la-colline-de-kefalos\/\" \/>\n<meta property=\"og:site_name\" content=\"Location de voitures \u00e0 Paros Gr\u00e8ce - ParosEuropeanRent\" \/>\n<meta property=\"article:publisher\" content=\"https:\/\/www.facebook.com\/paroscarrental\" \/>\n<meta property=\"article:modified_time\" content=\"2015-02-14T07:36:14+00:00\" \/>\n<meta name=\"twitter:label1\" content=\"Dur\u00e9e de lecture estim\u00e9e\" \/>\n\t<meta name=\"twitter:data1\" content=\"1 minute\" \/>\n<script type=\"application\/ld+json\" class=\"yoast-schema-graph\">{\"@context\":\"https:\/\/schema.org\",\"@graph\":[{\"@type\":\"WebPage\",\"@id\":\"https:\/\/parosrentcar.com\/fr\/sites-touristiques\/la-colline-de-kefalos\/\",\"url\":\"https:\/\/parosrentcar.com\/fr\/sites-touristiques\/la-colline-de-kefalos\/\",\"name\":\"La colline de Kefalos -Location de voitures \u00e0 Paros Gr\u00e8ce\",\"isPartOf\":{\"@id\":\"https:\/\/parosrentcar.com\/fr\/#website\"},\"datePublished\":\"2014-12-13T15:29:54+00:00\",\"dateModified\":\"2015-02-14T07:36:14+00:00\",\"description\":\"La colline de Kefalos -Location de voitures \u00e0 prix comp\u00e9titifs, offres sp\u00e9ciales et r\u00e9ductions sur les locations auto \u00e0 Paros Gr\u00e8ce\",\"breadcrumb\":{\"@id\":\"https:\/\/parosrentcar.com\/fr\/sites-touristiques\/la-colline-de-kefalos\/#breadcrumb\"},\"inLanguage\":\"fr-FR\",\"potentialAction\":[{\"@type\":\"ReadAction\",\"target\":[\"https:\/\/parosrentcar.com\/fr\/sites-touristiques\/la-colline-de-kefalos\/\"]}]},{\"@type\":\"BreadcrumbList\",\"@id\":\"https:\/\/parosrentcar.com\/fr\/sites-touristiques\/la-colline-de-kefalos\/#breadcrumb\",\"itemListElement\":[{\"@type\":\"ListItem\",\"position\":1,\"name\":\"Home\",\"item\":\"https:\/\/parosrentcar.com\/fr\/\"},{\"@type\":\"ListItem\",\"position\":2,\"name\":\"Sites touristiques\",\"item\":\"https:\/\/parosrentcar.com\/fr\/sites-touristiques\/\"},{\"@type\":\"ListItem\",\"position\":3,\"name\":\"La colline de Kefalos\"}]},{\"@type\":\"WebSite\",\"@id\":\"https:\/\/parosrentcar.com\/fr\/#website\",\"url\":\"https:\/\/parosrentcar.com\/fr\/\",\"name\":\"Location de voitures \u00e0 Paros Gr\u00e8ce - ParosEuropeanRent\",\"description\":\"Location de voiture, buggy, quad, atv, scooter, moto et v\u00e9lo \u00e0 Paros\",\"potentialAction\":[{\"@type\":\"SearchAction\",\"target\":{\"@type\":\"EntryPoint\",\"urlTemplate\":\"https:\/\/parosrentcar.com\/fr\/?s={search_term_string}\"},\"query-input\":{\"@type\":\"PropertyValueSpecification\",\"valueRequired\":true,\"valueName\":\"search_term_string\"}}],\"inLanguage\":\"fr-FR\"}]}<\/script>\n<!-- \/ Yoast SEO plugin. -->","yoast_head_json":{"title":"La colline de Kefalos -Location de voitures \u00e0 Paros Gr\u00e8ce","description":"La colline de Kefalos -Location de voitures \u00e0 prix comp\u00e9titifs, offres sp\u00e9ciales et r\u00e9ductions sur les locations auto \u00e0 Paros Gr\u00e8ce","robots":{"index":"index","follow":"follow","max-snippet":"max-snippet:-1","max-image-preview":"max-image-preview:large","max-video-preview":"max-video-preview:-1"},"canonical":"https:\/\/parosrentcar.com\/fr\/sites-touristiques\/la-colline-de-kefalos\/","og_locale":"fr_FR","og_type":"article","og_title":"La colline de Kefalos -Location de voitures \u00e0 Paros Gr\u00e8ce","og_description":"La colline de Kefalos -Location de voitures \u00e0 prix comp\u00e9titifs, offres sp\u00e9ciales et r\u00e9ductions sur les locations auto \u00e0 Paros Gr\u00e8ce","og_url":"https:\/\/parosrentcar.com\/fr\/sites-touristiques\/la-colline-de-kefalos\/","og_site_name":"Location de voitures \u00e0 Paros Gr\u00e8ce - ParosEuropeanRent","article_publisher":"https:\/\/www.facebook.com\/paroscarrental","article_modified_time":"2015-02-14T07:36:14+00:00","twitter_misc":{"Dur\u00e9e de lecture estim\u00e9e":"1 minute"},"schema":{"@context":"https:\/\/schema.org","@graph":[{"@type":"WebPage","@id":"https:\/\/parosrentcar.com\/fr\/sites-touristiques\/la-colline-de-kefalos\/","url":"https:\/\/parosrentcar.com\/fr\/sites-touristiques\/la-colline-de-kefalos\/","name":"La colline de Kefalos -Location de voitures \u00e0 Paros Gr\u00e8ce","isPartOf":{"@id":"https:\/\/parosrentcar.com\/fr\/#website"},"datePublished":"2014-12-13T15:29:54+00:00","dateModified":"2015-02-14T07:36:14+00:00","description":"La colline de Kefalos -Location de voitures \u00e0 prix comp\u00e9titifs, offres sp\u00e9ciales et r\u00e9ductions sur les locations auto \u00e0 Paros Gr\u00e8ce","breadcrumb":{"@id":"https:\/\/parosrentcar.com\/fr\/sites-touristiques\/la-colline-de-kefalos\/#breadcrumb"},"inLanguage":"fr-FR","potentialAction":[{"@type":"ReadAction","target":["https:\/\/parosrentcar.com\/fr\/sites-touristiques\/la-colline-de-kefalos\/"]}]},{"@type":"BreadcrumbList","@id":"https:\/\/parosrentcar.com\/fr\/sites-touristiques\/la-colline-de-kefalos\/#breadcrumb","itemListElement":[{"@type":"ListItem","position":1,"name":"Home","item":"https:\/\/parosrentcar.com\/fr\/"},{"@type":"ListItem","position":2,"name":"Sites touristiques","item":"https:\/\/parosrentcar.com\/fr\/sites-touristiques\/"},{"@type":"ListItem","position":3,"name":"La colline de Kefalos"}]},{"@type":"WebSite","@id":"https:\/\/parosrentcar.com\/fr\/#website","url":"https:\/\/parosrentcar.com\/fr\/","name":"Location de voitures \u00e0 Paros Gr\u00e8ce - ParosEuropeanRent","description":"Location de voiture, buggy, quad, atv, scooter, moto et v\u00e9lo \u00e0 Paros","potentialAction":[{"@type":"SearchAction","target":{"@type":"EntryPoint","urlTemplate":"https:\/\/parosrentcar.com\/fr\/?s={search_term_string}"},"query-input":{"@type":"PropertyValueSpecification","valueRequired":true,"valueName":"search_term_string"}}],"inLanguage":"fr-FR"}]}},"_links":{"self":[{"href":"https:\/\/parosrentcar.com\/fr\/wp-json\/wp\/v2\/pages\/1374","targetHints":{"allow":["GET"]}}],"collection":[{"href":"https:\/\/parosrentcar.com\/fr\/wp-json\/wp\/v2\/pages"}],"about":[{"href":"https:\/\/parosrentcar.com\/fr\/wp-json\/wp\/v2\/types\/page"}],"author":[{"embeddable":true,"href":"https:\/\/parosrentcar.com\/fr\/wp-json\/wp\/v2\/users\/1"}],"replies":[{"embeddable":true,"href":"https:\/\/parosrentcar.com\/fr\/wp-json\/wp\/v2\/comments?post=1374"}],"version-history":[{"count":2,"href":"https:\/\/parosrentcar.com\/fr\/wp-json\/wp\/v2\/pages\/1374\/revisions"}],"predecessor-version":[{"id":1986,"href":"https:\/\/parosrentcar.com\/fr\/wp-json\/wp\/v2\/pages\/1374\/revisions\/1986"}],"up":[{"embeddable":true,"href":"https:\/\/parosrentcar.com\/fr\/wp-json\/wp\/v2\/pages\/1015"}],"wp:attachment":[{"href":"https:\/\/parosrentcar.com\/fr\/wp-json\/wp\/v2\/media?parent=1374"}],"curies":[{"name":"wp","href":"https:\/\/api.w.org\/{rel}","templated":true}]}}