{"id":1371,"date":"2014-12-13T15:27:08","date_gmt":"2014-12-13T15:27:08","guid":{"rendered":"http:\/\/parosrentcar.com\/el\/?page_id=1371"},"modified":"2015-02-14T07:28:12","modified_gmt":"2015-02-14T07:28:12","slug":"carrieres-de-marbre-antiques","status":"publish","type":"page","link":"https:\/\/parosrentcar.com\/fr\/sites-touristiques\/carrieres-de-marbre-antiques\/","title":{"rendered":"Carri\u00e8res de marbre antiques"},"content":{"rendered":"<p>Le <strong>marbre de Paros<\/strong>, blanc et translucide, avec un gros grain et une texture magnifique \u00e9tait la principale source de revenus de l\u2019\u00eele. La carri\u00e8re antique se trouve au site de <strong>Marathi<\/strong>, du c\u00f4t\u00e9 nord de la montagne. Le marbre de Paros, export\u00e9 \u00e0 partir du VI\u00e8me si\u00e8cle avant JC., fut utilis\u00e9 par Praxiteles et d\u2019autres sculpteurs grecs c\u00e9l\u00e8bres. Il \u00e9tait extrait de carri\u00e8res creus\u00e9es en sous-sol dans la roche dont certains tunnels restent encore inexplor\u00e9s. \u00c0 l\u2019une des entr\u00e9es on peut voir un bas-relief repr\u00e9sentant Pan et les nymphes.<\/p>\n<p>Le marbre de Paros fut surtout exploit\u00e9 \u00e0 la p\u00e9riode antique o\u00f9 il \u00e9tait consid\u00e9r\u00e9 comme l\u2019un des meilleurs marbres pour la <strong>sculpture<\/strong> gr\u00e2ce \u00e0 ses qualit\u00e9s exceptionnelles. Certains des plus grands chef-d\u2019\u0153uvres de la sculpture grecque antique sont fait de marbre de Paros\u00a0comme la V\u00e9nus de Milo et la victoire de Samothrace.<\/p>\n<p>Les carri\u00e8res antiques de marbre \u00e0 Marathi ont contribu\u00e9 dans une grande mesure \u00e0 l&rsquo;histoire de l&rsquo;\u00eele et ont permis une <strong>prosp\u00e9rit\u00e9<\/strong> <strong>artistique<\/strong>, <strong>architecturale<\/strong> et <strong>\u00e9conomique<\/strong>. La qualit\u00e9 et la transparence du marbre de Paros sont uniques et les <strong>temples<\/strong><strong> antiques<\/strong> et les <strong>statues<\/strong> qui en sont constitu\u00e9s sont exceptionnels. Par exemple\u00a0:<\/p>\n<ul>\n<li><em>L\u2019\u00c9ph\u00e8be de Critios<\/em>, Mus\u00e9e de l\u2019Acropole, Ath\u00e8nes<\/li>\n<li><em>L\u2019<\/em> <em>Herm\u00e8s de Praxit\u00e8le<\/em><\/li>\n<li><em>La Kor\u00e8<\/em> de <em>Phrasikleia<\/em>, par Ariston de Paros, Mus\u00e9e Arch\u00e9ologique, Ath\u00e8nes<\/li>\n<li>StatuesmasculinesoukourosdeAnabyssos,deK\u00e9a,deMiloetdeThasos<\/li>\n<li>La <em>Kor\u00e9 au p\u00e9plos<\/em>, Mus\u00e9e de l\u2019Acropole, Ath\u00e8nes<\/li>\n<li><em>Le <\/em><em>mausol\u00e9 d\u2019Halicarnassus<\/em><\/li>\n<li><em>Le temple de Zeus<\/em>, Olympie<\/li>\n<li><em>Joueur<\/em> de <em>fl\u00fbte<\/em> et <em>Joueur<\/em> de <em>harpe<\/em> (2800-2300 BC)<\/li>\n<li><em>La V\u00e9nus de Milo<\/em><\/li>\n<li><em>La Victoire de Paros<\/em>, Mus\u00e9e arch\u00e9ologique, Paros<\/li>\n<li><em>La Victoire de Paionios<\/em>, Mus\u00e9e d\u2019Olympie<\/li>\n<li><em>La Victoire de Samothrace<\/em>, Mus\u00e9e du Louvre, Paris<\/li>\n<\/ul>\n","protected":false},"excerpt":{"rendered":"<p>Le marbre de Paros, blanc et translucide, avec un gros grain et une texture magnifique \u00e9tait la principale source de revenus de l\u2019\u00eele. La carri\u00e8re antique se trouve au site de Marathi, du c\u00f4t\u00e9 nord de la montagne. Le marbre de Paros, export\u00e9 \u00e0 partir du VI\u00e8me si\u00e8cle avant JC., fut utilis\u00e9 par Praxiteles et d\u2019autres sculpteurs grecs c\u00e9l\u00e8bres. Il \u00e9tait extrait de carri\u00e8res creus\u00e9es en sous-sol dans la roche dont certains tunnels restent encore inexplor\u00e9s. \u00c0 l\u2019une des entr\u00e9es on peut voir un bas-relief repr\u00e9sentant Pan et les nymphes. Le marbre de Paros fut surtout exploit\u00e9 \u00e0 la p\u00e9riode antique o\u00f9 il \u00e9tait consid\u00e9r\u00e9 comme l\u2019un des meilleurs marbres [&hellip;]<\/p>\n","protected":false},"author":1,"featured_media":0,"parent":1015,"menu_order":0,"comment_status":"closed","ping_status":"closed","template":"","meta":{"footnotes":""},"class_list":["post-1371","page","type-page","status-publish","hentry"],"yoast_head":"<!-- This site is optimized with the Yoast SEO plugin v27.1.1 - https:\/\/yoast.com\/product\/yoast-seo-wordpress\/ -->\n<title>Carri\u00e8res de marbre antiques -Location de voitures \u00e0 Paros Gr\u00e8ce<\/title>\n<meta name=\"description\" content=\"Carri\u00e8res de marbre antiques -Location de voitures \u00e0 prix comp\u00e9titifs, offres sp\u00e9ciales et r\u00e9ductions sur les locations auto \u00e0 Paros Gr\u00e8ce\" \/>\n<meta name=\"robots\" content=\"index, follow, max-snippet:-1, max-image-preview:large, max-video-preview:-1\" \/>\n<link rel=\"canonical\" href=\"https:\/\/parosrentcar.com\/fr\/sites-touristiques\/carrieres-de-marbre-antiques\/\" \/>\n<meta property=\"og:locale\" content=\"fr_FR\" \/>\n<meta property=\"og:type\" content=\"article\" \/>\n<meta property=\"og:title\" content=\"Carri\u00e8res de marbre antiques -Location de voitures \u00e0 Paros Gr\u00e8ce\" \/>\n<meta property=\"og:description\" content=\"Carri\u00e8res de marbre antiques -Location de voitures \u00e0 prix comp\u00e9titifs, offres sp\u00e9ciales et r\u00e9ductions sur les locations auto \u00e0 Paros Gr\u00e8ce\" \/>\n<meta property=\"og:url\" content=\"https:\/\/parosrentcar.com\/fr\/sites-touristiques\/carrieres-de-marbre-antiques\/\" \/>\n<meta property=\"og:site_name\" content=\"Location de voitures \u00e0 Paros Gr\u00e8ce - ParosEuropeanRent\" \/>\n<meta property=\"article:publisher\" content=\"https:\/\/www.facebook.com\/paroscarrental\" \/>\n<meta property=\"article:modified_time\" content=\"2015-02-14T07:28:12+00:00\" \/>\n<meta name=\"twitter:label1\" content=\"Dur\u00e9e de lecture estim\u00e9e\" \/>\n\t<meta name=\"twitter:data1\" content=\"2 minutes\" \/>\n<script type=\"application\/ld+json\" class=\"yoast-schema-graph\">{\"@context\":\"https:\/\/schema.org\",\"@graph\":[{\"@type\":\"WebPage\",\"@id\":\"https:\/\/parosrentcar.com\/fr\/sites-touristiques\/carrieres-de-marbre-antiques\/\",\"url\":\"https:\/\/parosrentcar.com\/fr\/sites-touristiques\/carrieres-de-marbre-antiques\/\",\"name\":\"Carri\u00e8res de marbre antiques -Location de voitures \u00e0 Paros Gr\u00e8ce\",\"isPartOf\":{\"@id\":\"https:\/\/parosrentcar.com\/fr\/#website\"},\"datePublished\":\"2014-12-13T15:27:08+00:00\",\"dateModified\":\"2015-02-14T07:28:12+00:00\",\"description\":\"Carri\u00e8res de marbre antiques -Location de voitures \u00e0 prix comp\u00e9titifs, offres sp\u00e9ciales et r\u00e9ductions sur les locations auto \u00e0 Paros Gr\u00e8ce\",\"breadcrumb\":{\"@id\":\"https:\/\/parosrentcar.com\/fr\/sites-touristiques\/carrieres-de-marbre-antiques\/#breadcrumb\"},\"inLanguage\":\"fr-FR\",\"potentialAction\":[{\"@type\":\"ReadAction\",\"target\":[\"https:\/\/parosrentcar.com\/fr\/sites-touristiques\/carrieres-de-marbre-antiques\/\"]}]},{\"@type\":\"BreadcrumbList\",\"@id\":\"https:\/\/parosrentcar.com\/fr\/sites-touristiques\/carrieres-de-marbre-antiques\/#breadcrumb\",\"itemListElement\":[{\"@type\":\"ListItem\",\"position\":1,\"name\":\"Home\",\"item\":\"https:\/\/parosrentcar.com\/fr\/\"},{\"@type\":\"ListItem\",\"position\":2,\"name\":\"Sites touristiques\",\"item\":\"https:\/\/parosrentcar.com\/fr\/sites-touristiques\/\"},{\"@type\":\"ListItem\",\"position\":3,\"name\":\"Carri\u00e8res de marbre antiques\"}]},{\"@type\":\"WebSite\",\"@id\":\"https:\/\/parosrentcar.com\/fr\/#website\",\"url\":\"https:\/\/parosrentcar.com\/fr\/\",\"name\":\"Location de voitures \u00e0 Paros Gr\u00e8ce - ParosEuropeanRent\",\"description\":\"Location de voiture, buggy, quad, atv, scooter, moto et v\u00e9lo \u00e0 Paros\",\"potentialAction\":[{\"@type\":\"SearchAction\",\"target\":{\"@type\":\"EntryPoint\",\"urlTemplate\":\"https:\/\/parosrentcar.com\/fr\/?s={search_term_string}\"},\"query-input\":{\"@type\":\"PropertyValueSpecification\",\"valueRequired\":true,\"valueName\":\"search_term_string\"}}],\"inLanguage\":\"fr-FR\"}]}<\/script>\n<!-- \/ Yoast SEO plugin. -->","yoast_head_json":{"title":"Carri\u00e8res de marbre antiques -Location de voitures \u00e0 Paros Gr\u00e8ce","description":"Carri\u00e8res de marbre antiques -Location de voitures \u00e0 prix comp\u00e9titifs, offres sp\u00e9ciales et r\u00e9ductions sur les locations auto \u00e0 Paros Gr\u00e8ce","robots":{"index":"index","follow":"follow","max-snippet":"max-snippet:-1","max-image-preview":"max-image-preview:large","max-video-preview":"max-video-preview:-1"},"canonical":"https:\/\/parosrentcar.com\/fr\/sites-touristiques\/carrieres-de-marbre-antiques\/","og_locale":"fr_FR","og_type":"article","og_title":"Carri\u00e8res de marbre antiques -Location de voitures \u00e0 Paros Gr\u00e8ce","og_description":"Carri\u00e8res de marbre antiques -Location de voitures \u00e0 prix comp\u00e9titifs, offres sp\u00e9ciales et r\u00e9ductions sur les locations auto \u00e0 Paros Gr\u00e8ce","og_url":"https:\/\/parosrentcar.com\/fr\/sites-touristiques\/carrieres-de-marbre-antiques\/","og_site_name":"Location de voitures \u00e0 Paros Gr\u00e8ce - ParosEuropeanRent","article_publisher":"https:\/\/www.facebook.com\/paroscarrental","article_modified_time":"2015-02-14T07:28:12+00:00","twitter_misc":{"Dur\u00e9e de lecture estim\u00e9e":"2 minutes"},"schema":{"@context":"https:\/\/schema.org","@graph":[{"@type":"WebPage","@id":"https:\/\/parosrentcar.com\/fr\/sites-touristiques\/carrieres-de-marbre-antiques\/","url":"https:\/\/parosrentcar.com\/fr\/sites-touristiques\/carrieres-de-marbre-antiques\/","name":"Carri\u00e8res de marbre antiques -Location de voitures \u00e0 Paros Gr\u00e8ce","isPartOf":{"@id":"https:\/\/parosrentcar.com\/fr\/#website"},"datePublished":"2014-12-13T15:27:08+00:00","dateModified":"2015-02-14T07:28:12+00:00","description":"Carri\u00e8res de marbre antiques -Location de voitures \u00e0 prix comp\u00e9titifs, offres sp\u00e9ciales et r\u00e9ductions sur les locations auto \u00e0 Paros Gr\u00e8ce","breadcrumb":{"@id":"https:\/\/parosrentcar.com\/fr\/sites-touristiques\/carrieres-de-marbre-antiques\/#breadcrumb"},"inLanguage":"fr-FR","potentialAction":[{"@type":"ReadAction","target":["https:\/\/parosrentcar.com\/fr\/sites-touristiques\/carrieres-de-marbre-antiques\/"]}]},{"@type":"BreadcrumbList","@id":"https:\/\/parosrentcar.com\/fr\/sites-touristiques\/carrieres-de-marbre-antiques\/#breadcrumb","itemListElement":[{"@type":"ListItem","position":1,"name":"Home","item":"https:\/\/parosrentcar.com\/fr\/"},{"@type":"ListItem","position":2,"name":"Sites touristiques","item":"https:\/\/parosrentcar.com\/fr\/sites-touristiques\/"},{"@type":"ListItem","position":3,"name":"Carri\u00e8res de marbre antiques"}]},{"@type":"WebSite","@id":"https:\/\/parosrentcar.com\/fr\/#website","url":"https:\/\/parosrentcar.com\/fr\/","name":"Location de voitures \u00e0 Paros Gr\u00e8ce - ParosEuropeanRent","description":"Location de voiture, buggy, quad, atv, scooter, moto et v\u00e9lo \u00e0 Paros","potentialAction":[{"@type":"SearchAction","target":{"@type":"EntryPoint","urlTemplate":"https:\/\/parosrentcar.com\/fr\/?s={search_term_string}"},"query-input":{"@type":"PropertyValueSpecification","valueRequired":true,"valueName":"search_term_string"}}],"inLanguage":"fr-FR"}]}},"_links":{"self":[{"href":"https:\/\/parosrentcar.com\/fr\/wp-json\/wp\/v2\/pages\/1371","targetHints":{"allow":["GET"]}}],"collection":[{"href":"https:\/\/parosrentcar.com\/fr\/wp-json\/wp\/v2\/pages"}],"about":[{"href":"https:\/\/parosrentcar.com\/fr\/wp-json\/wp\/v2\/types\/page"}],"author":[{"embeddable":true,"href":"https:\/\/parosrentcar.com\/fr\/wp-json\/wp\/v2\/users\/1"}],"replies":[{"embeddable":true,"href":"https:\/\/parosrentcar.com\/fr\/wp-json\/wp\/v2\/comments?post=1371"}],"version-history":[{"count":3,"href":"https:\/\/parosrentcar.com\/fr\/wp-json\/wp\/v2\/pages\/1371\/revisions"}],"predecessor-version":[{"id":1978,"href":"https:\/\/parosrentcar.com\/fr\/wp-json\/wp\/v2\/pages\/1371\/revisions\/1978"}],"up":[{"embeddable":true,"href":"https:\/\/parosrentcar.com\/fr\/wp-json\/wp\/v2\/pages\/1015"}],"wp:attachment":[{"href":"https:\/\/parosrentcar.com\/fr\/wp-json\/wp\/v2\/media?parent=1371"}],"curies":[{"name":"wp","href":"https:\/\/api.w.org\/{rel}","templated":true}]}}