{"id":1062,"date":"2014-11-24T19:15:23","date_gmt":"2014-11-24T19:15:23","guid":{"rendered":"http:\/\/parosrentcar.com\/el\/?page_id=1062"},"modified":"2015-02-14T08:17:13","modified_gmt":"2015-02-14T08:17:13","slug":"%ce%bf%ce%b9-%cf%80%ce%b5%cf%84%ce%b1%ce%bb%ce%bf%cf%8d%ce%b4%ce%b5%cf%82","status":"publish","type":"page","link":"https:\/\/parosrentcar.com\/fr\/sites-touristiques\/%ce%bf%ce%b9-%cf%80%ce%b5%cf%84%ce%b1%ce%bb%ce%bf%cf%8d%ce%b4%ce%b5%cf%82\/","title":{"rendered":"La vall\u00e9e des Papillons (Petaloudes)"},"content":{"rendered":"<p>La <strong>Vall\u00e9e des Papillons<\/strong> se trouve \u00e0\u00a0 quelques minutes au sud de Parikia, au lieu-dit Petaloudes. Ce petit <strong>\u00e9crin de verdure<\/strong> contraste avec le paysage aride de l&rsquo;\u00eele et offre au visiteur le sentiment de marcher dans une for\u00eat tropicale dense o\u00f9 l\u2019on entend couler des ruisseaux. Cet endroit est propice \u00e0 la reproduction d\u2019une esp\u00e8ce particuli\u00e8re de papillons, \u00a0<strong>L&rsquo;\u00c9caille chin\u00e9e. <\/strong>On les reconna\u00eet aux bandes jaunes en forme de V sur les ailes avant et \u00e0 couleur rouge vif avec des t\u00e2ches noires des ailes post\u00e9rieures.<\/p>\n<p>Les \u0153ufs pondus en ao\u00fbt passent l\u2019hiver sous forme de chenilles et se m\u00e9tamorphosent en papillons au d\u00e9but du printemps. Les <strong>papillons \u00c9cailles chin\u00e9es<\/strong> se rassemblent sur les feuilles de lierres et les pierres ombrag\u00e9es. <strong>La vall\u00e9e des papillons<\/strong> constitue un environnement id\u00e9al o\u00f9 on les compte par milliers. Il est difficile de les distinguer du paysage au prime abord mais bient\u00f4t on se rend compte que l\u2019endroit est constell\u00e9 de papillons, d\u00e9gageant une <strong>impression de s\u00e9r\u00e9nit\u00e9<\/strong> lors de la visite.<\/p>\n","protected":false},"excerpt":{"rendered":"<p>La Vall\u00e9e des Papillons se trouve \u00e0\u00a0 quelques minutes au sud de Parikia, au lieu-dit Petaloudes. Ce petit \u00e9crin de verdure contraste avec le paysage aride de l&rsquo;\u00eele et offre au visiteur le sentiment de marcher dans une for\u00eat tropicale dense o\u00f9 l\u2019on entend couler des ruisseaux. Cet endroit est propice \u00e0 la reproduction d\u2019une esp\u00e8ce particuli\u00e8re de papillons, \u00a0L&rsquo;\u00c9caille chin\u00e9e. On les reconna\u00eet aux bandes jaunes en forme de V sur les ailes avant et \u00e0 couleur rouge vif avec des t\u00e2ches noires des ailes post\u00e9rieures. Les \u0153ufs pondus en ao\u00fbt passent l\u2019hiver sous forme de chenilles et se m\u00e9tamorphosent en papillons au d\u00e9but du printemps. Les papillons \u00c9cailles [&hellip;]<\/p>\n","protected":false},"author":1,"featured_media":0,"parent":1015,"menu_order":0,"comment_status":"closed","ping_status":"closed","template":"page-templates\/attraction.php","meta":{"footnotes":""},"class_list":["post-1062","page","type-page","status-publish","hentry"],"yoast_head":"<!-- This site is optimized with the Yoast SEO plugin v27.1.1 - https:\/\/yoast.com\/product\/yoast-seo-wordpress\/ -->\n<title>La vall\u00e9e des Papillons (Petaloudes) -Location de voitures \u00e0 Paros Gr\u00e8ce<\/title>\n<meta name=\"description\" content=\"La vall\u00e9e des Papillons (Petaloudes) -Location de voitures \u00e0 prix comp\u00e9titifs, offres sp\u00e9ciales et r\u00e9ductions sur les locations auto \u00e0 Paros Gr\u00e8ce\" \/>\n<meta name=\"robots\" content=\"index, follow, max-snippet:-1, max-image-preview:large, max-video-preview:-1\" \/>\n<link rel=\"canonical\" href=\"https:\/\/parosrentcar.com\/fr\/sites-touristiques\/\u03bf\u03b9-\u03c0\u03b5\u03c4\u03b1\u03bb\u03bf\u03cd\u03b4\u03b5\u03c2\/\" \/>\n<meta property=\"og:locale\" content=\"fr_FR\" \/>\n<meta property=\"og:type\" content=\"article\" \/>\n<meta property=\"og:title\" content=\"La vall\u00e9e des Papillons (Petaloudes) -Location de voitures \u00e0 Paros Gr\u00e8ce\" \/>\n<meta property=\"og:description\" content=\"La vall\u00e9e des Papillons (Petaloudes) -Location de voitures \u00e0 prix comp\u00e9titifs, offres sp\u00e9ciales et r\u00e9ductions sur les locations auto \u00e0 Paros Gr\u00e8ce\" \/>\n<meta property=\"og:url\" content=\"https:\/\/parosrentcar.com\/fr\/sites-touristiques\/\u03bf\u03b9-\u03c0\u03b5\u03c4\u03b1\u03bb\u03bf\u03cd\u03b4\u03b5\u03c2\/\" \/>\n<meta property=\"og:site_name\" content=\"Location de voitures \u00e0 Paros Gr\u00e8ce - ParosEuropeanRent\" \/>\n<meta property=\"article:publisher\" content=\"https:\/\/www.facebook.com\/paroscarrental\" \/>\n<meta property=\"article:modified_time\" content=\"2015-02-14T08:17:13+00:00\" \/>\n<meta name=\"twitter:label1\" content=\"Dur\u00e9e de lecture estim\u00e9e\" \/>\n\t<meta name=\"twitter:data1\" content=\"1 minute\" \/>\n<script type=\"application\/ld+json\" class=\"yoast-schema-graph\">{\"@context\":\"https:\/\/schema.org\",\"@graph\":[{\"@type\":\"WebPage\",\"@id\":\"https:\/\/parosrentcar.com\/fr\/sites-touristiques\/%ce%bf%ce%b9-%cf%80%ce%b5%cf%84%ce%b1%ce%bb%ce%bf%cf%8d%ce%b4%ce%b5%cf%82\/\",\"url\":\"https:\/\/parosrentcar.com\/fr\/sites-touristiques\/%ce%bf%ce%b9-%cf%80%ce%b5%cf%84%ce%b1%ce%bb%ce%bf%cf%8d%ce%b4%ce%b5%cf%82\/\",\"name\":\"La vall\u00e9e des Papillons (Petaloudes) -Location de voitures \u00e0 Paros Gr\u00e8ce\",\"isPartOf\":{\"@id\":\"https:\/\/parosrentcar.com\/fr\/#website\"},\"datePublished\":\"2014-11-24T19:15:23+00:00\",\"dateModified\":\"2015-02-14T08:17:13+00:00\",\"description\":\"La vall\u00e9e des Papillons (Petaloudes) -Location de voitures \u00e0 prix comp\u00e9titifs, offres sp\u00e9ciales et r\u00e9ductions sur les locations auto \u00e0 Paros Gr\u00e8ce\",\"breadcrumb\":{\"@id\":\"https:\/\/parosrentcar.com\/fr\/sites-touristiques\/%ce%bf%ce%b9-%cf%80%ce%b5%cf%84%ce%b1%ce%bb%ce%bf%cf%8d%ce%b4%ce%b5%cf%82\/#breadcrumb\"},\"inLanguage\":\"fr-FR\",\"potentialAction\":[{\"@type\":\"ReadAction\",\"target\":[\"https:\/\/parosrentcar.com\/fr\/sites-touristiques\/%ce%bf%ce%b9-%cf%80%ce%b5%cf%84%ce%b1%ce%bb%ce%bf%cf%8d%ce%b4%ce%b5%cf%82\/\"]}]},{\"@type\":\"BreadcrumbList\",\"@id\":\"https:\/\/parosrentcar.com\/fr\/sites-touristiques\/%ce%bf%ce%b9-%cf%80%ce%b5%cf%84%ce%b1%ce%bb%ce%bf%cf%8d%ce%b4%ce%b5%cf%82\/#breadcrumb\",\"itemListElement\":[{\"@type\":\"ListItem\",\"position\":1,\"name\":\"Home\",\"item\":\"https:\/\/parosrentcar.com\/fr\/\"},{\"@type\":\"ListItem\",\"position\":2,\"name\":\"Sites touristiques\",\"item\":\"https:\/\/parosrentcar.com\/fr\/sites-touristiques\/\"},{\"@type\":\"ListItem\",\"position\":3,\"name\":\"La vall\u00e9e des Papillons (Petaloudes)\"}]},{\"@type\":\"WebSite\",\"@id\":\"https:\/\/parosrentcar.com\/fr\/#website\",\"url\":\"https:\/\/parosrentcar.com\/fr\/\",\"name\":\"Location de voitures \u00e0 Paros Gr\u00e8ce - ParosEuropeanRent\",\"description\":\"Location de voiture, buggy, quad, atv, scooter, moto et v\u00e9lo \u00e0 Paros\",\"potentialAction\":[{\"@type\":\"SearchAction\",\"target\":{\"@type\":\"EntryPoint\",\"urlTemplate\":\"https:\/\/parosrentcar.com\/fr\/?s={search_term_string}\"},\"query-input\":{\"@type\":\"PropertyValueSpecification\",\"valueRequired\":true,\"valueName\":\"search_term_string\"}}],\"inLanguage\":\"fr-FR\"}]}<\/script>\n<!-- \/ Yoast SEO plugin. -->","yoast_head_json":{"title":"La vall\u00e9e des Papillons (Petaloudes) -Location de voitures \u00e0 Paros Gr\u00e8ce","description":"La vall\u00e9e des Papillons (Petaloudes) -Location de voitures \u00e0 prix comp\u00e9titifs, offres sp\u00e9ciales et r\u00e9ductions sur les locations auto \u00e0 Paros Gr\u00e8ce","robots":{"index":"index","follow":"follow","max-snippet":"max-snippet:-1","max-image-preview":"max-image-preview:large","max-video-preview":"max-video-preview:-1"},"canonical":"https:\/\/parosrentcar.com\/fr\/sites-touristiques\/\u03bf\u03b9-\u03c0\u03b5\u03c4\u03b1\u03bb\u03bf\u03cd\u03b4\u03b5\u03c2\/","og_locale":"fr_FR","og_type":"article","og_title":"La vall\u00e9e des Papillons (Petaloudes) -Location de voitures \u00e0 Paros Gr\u00e8ce","og_description":"La vall\u00e9e des Papillons (Petaloudes) -Location de voitures \u00e0 prix comp\u00e9titifs, offres sp\u00e9ciales et r\u00e9ductions sur les locations auto \u00e0 Paros Gr\u00e8ce","og_url":"https:\/\/parosrentcar.com\/fr\/sites-touristiques\/\u03bf\u03b9-\u03c0\u03b5\u03c4\u03b1\u03bb\u03bf\u03cd\u03b4\u03b5\u03c2\/","og_site_name":"Location de voitures \u00e0 Paros Gr\u00e8ce - ParosEuropeanRent","article_publisher":"https:\/\/www.facebook.com\/paroscarrental","article_modified_time":"2015-02-14T08:17:13+00:00","twitter_misc":{"Dur\u00e9e de lecture estim\u00e9e":"1 minute"},"schema":{"@context":"https:\/\/schema.org","@graph":[{"@type":"WebPage","@id":"https:\/\/parosrentcar.com\/fr\/sites-touristiques\/%ce%bf%ce%b9-%cf%80%ce%b5%cf%84%ce%b1%ce%bb%ce%bf%cf%8d%ce%b4%ce%b5%cf%82\/","url":"https:\/\/parosrentcar.com\/fr\/sites-touristiques\/%ce%bf%ce%b9-%cf%80%ce%b5%cf%84%ce%b1%ce%bb%ce%bf%cf%8d%ce%b4%ce%b5%cf%82\/","name":"La vall\u00e9e des Papillons (Petaloudes) -Location de voitures \u00e0 Paros Gr\u00e8ce","isPartOf":{"@id":"https:\/\/parosrentcar.com\/fr\/#website"},"datePublished":"2014-11-24T19:15:23+00:00","dateModified":"2015-02-14T08:17:13+00:00","description":"La vall\u00e9e des Papillons (Petaloudes) -Location de voitures \u00e0 prix comp\u00e9titifs, offres sp\u00e9ciales et r\u00e9ductions sur les locations auto \u00e0 Paros Gr\u00e8ce","breadcrumb":{"@id":"https:\/\/parosrentcar.com\/fr\/sites-touristiques\/%ce%bf%ce%b9-%cf%80%ce%b5%cf%84%ce%b1%ce%bb%ce%bf%cf%8d%ce%b4%ce%b5%cf%82\/#breadcrumb"},"inLanguage":"fr-FR","potentialAction":[{"@type":"ReadAction","target":["https:\/\/parosrentcar.com\/fr\/sites-touristiques\/%ce%bf%ce%b9-%cf%80%ce%b5%cf%84%ce%b1%ce%bb%ce%bf%cf%8d%ce%b4%ce%b5%cf%82\/"]}]},{"@type":"BreadcrumbList","@id":"https:\/\/parosrentcar.com\/fr\/sites-touristiques\/%ce%bf%ce%b9-%cf%80%ce%b5%cf%84%ce%b1%ce%bb%ce%bf%cf%8d%ce%b4%ce%b5%cf%82\/#breadcrumb","itemListElement":[{"@type":"ListItem","position":1,"name":"Home","item":"https:\/\/parosrentcar.com\/fr\/"},{"@type":"ListItem","position":2,"name":"Sites touristiques","item":"https:\/\/parosrentcar.com\/fr\/sites-touristiques\/"},{"@type":"ListItem","position":3,"name":"La vall\u00e9e des Papillons (Petaloudes)"}]},{"@type":"WebSite","@id":"https:\/\/parosrentcar.com\/fr\/#website","url":"https:\/\/parosrentcar.com\/fr\/","name":"Location de voitures \u00e0 Paros Gr\u00e8ce - ParosEuropeanRent","description":"Location de voiture, buggy, quad, atv, scooter, moto et v\u00e9lo \u00e0 Paros","potentialAction":[{"@type":"SearchAction","target":{"@type":"EntryPoint","urlTemplate":"https:\/\/parosrentcar.com\/fr\/?s={search_term_string}"},"query-input":{"@type":"PropertyValueSpecification","valueRequired":true,"valueName":"search_term_string"}}],"inLanguage":"fr-FR"}]}},"_links":{"self":[{"href":"https:\/\/parosrentcar.com\/fr\/wp-json\/wp\/v2\/pages\/1062","targetHints":{"allow":["GET"]}}],"collection":[{"href":"https:\/\/parosrentcar.com\/fr\/wp-json\/wp\/v2\/pages"}],"about":[{"href":"https:\/\/parosrentcar.com\/fr\/wp-json\/wp\/v2\/types\/page"}],"author":[{"embeddable":true,"href":"https:\/\/parosrentcar.com\/fr\/wp-json\/wp\/v2\/users\/1"}],"replies":[{"embeddable":true,"href":"https:\/\/parosrentcar.com\/fr\/wp-json\/wp\/v2\/comments?post=1062"}],"version-history":[{"count":2,"href":"https:\/\/parosrentcar.com\/fr\/wp-json\/wp\/v2\/pages\/1062\/revisions"}],"predecessor-version":[{"id":1991,"href":"https:\/\/parosrentcar.com\/fr\/wp-json\/wp\/v2\/pages\/1062\/revisions\/1991"}],"up":[{"embeddable":true,"href":"https:\/\/parosrentcar.com\/fr\/wp-json\/wp\/v2\/pages\/1015"}],"wp:attachment":[{"href":"https:\/\/parosrentcar.com\/fr\/wp-json\/wp\/v2\/media?parent=1062"}],"curies":[{"name":"wp","href":"https:\/\/api.w.org\/{rel}","templated":true}]}}