{"id":1060,"date":"2014-11-24T19:14:16","date_gmt":"2014-11-24T19:14:16","guid":{"rendered":"http:\/\/parosrentcar.com\/el\/?page_id=1060"},"modified":"2015-02-14T08:22:02","modified_gmt":"2015-02-14T08:22:02","slug":"le-musee-archeologique-de-paros","status":"publish","type":"page","link":"https:\/\/parosrentcar.com\/fr\/sites-touristiques\/le-musee-archeologique-de-paros\/","title":{"rendered":"Le mus\u00e9e arch\u00e9ologique de Paros"},"content":{"rendered":"<p>Le <strong>mus\u00e9e<\/strong> fut cr\u00e9\u00e9 en 1960 afin de recevoir les antiquit\u00e9s qui \u00e9taient auparavant gard\u00e9es dans les cellules du monast\u00e8re de l\u2019\u00e9glise Ekatontapyliani.<\/p>\n<p>On peut y voir les <strong>collections<\/strong> suivantes\u00a0:<\/p>\n<ul>\n<li>Hall A: Sculptures des p\u00e9riodes anciennes et classiques.<\/li>\n<li>Hall B: Petites c\u00e9ramiques et objets sculpt\u00e9s d\u2019\u00e9poques n\u00e9olithique, proto-cycladique, <em>myc\u00e9nienne<\/em><em>,<\/em> g\u00e9ometrique, archa\u00efque, classique, h\u00e9ll\u00e9nistique, et romaine.<\/li>\n<li>Atrium: Sculptures, \u00e9l\u00e9ments architecturaux, urnes fun\u00e9raires\/sarcophages et une mosa\u00efque de la p\u00e9riode romaine.<\/li>\n<\/ul>\n<p>Les <strong>pi\u00e8ces les plus int\u00e9ressantes <\/strong>sont :<\/p>\n<ul>\n<li>La sculpture d\u2019une sir\u00e8ne d\u2019environ 1,35m en tr\u00e8s bon \u00e9tat, datant du VI\u00e8me si\u00e8cle avant JC. C\u2019\u00e9tait la pi\u00e8ce ma\u00eetresse d\u2019un temple. Elle fut trouv\u00e9e en 1993 lors des fouilles d\u2019un ancien b\u00e2timent public.<\/li>\n<li>Deux bas-reliefs en marbre du VI\u00e8me si\u00e8cle avant JC. faisant partie d\u2019un monument d\u00e9di\u00e9 \u00e0 Archilohos. L\u2019un le repr\u00e9sente gisant, l\u2019autre est un lion d\u00e9vorant un taureau. Les deux pi\u00e8ces faisaient partie du sol de la cour de l\u2019\u00e9glise Ekatontapyliani.<\/li>\n<li>Une gigantesque statue d\u2019Art\u00e9mis (490-480 BC) de 2,74m (avec le socle) venant du temple de D\u00e9lion \u00e0 Paros. C\u2019est une scuplture votive portant une tunique, dans le style des Kor\u00e9 archa\u00efques.<\/li>\n<li>Une idole f\u00e9minine n\u00e9olithique feminine assise jambes crois\u00e9es, les bras sous la poitrine (hauteur 0,055m). Trouv\u00e9 sur l\u2019\u00eelot de Saliagkos, entre Paros et Antiparos.<\/li>\n<li>La \u201cChronique de Paros\u201d, l\u2019une des 3 plaques de marbre grav\u00e9e contenant des informations historiques, religieuses et litt\u00e9raire depuis l\u2019\u00e9poque pr\u00e9historique jusqu\u2019en 264 avant JC. les deux autres plaques sont expos\u00e9es au mus\u00e9e d\u2019Oxford.<\/li>\n<\/ul>\n","protected":false},"excerpt":{"rendered":"<p>Le mus\u00e9e fut cr\u00e9\u00e9 en 1960 afin de recevoir les antiquit\u00e9s qui \u00e9taient auparavant gard\u00e9es dans les cellules du monast\u00e8re de l\u2019\u00e9glise Ekatontapyliani. On peut y voir les collections suivantes\u00a0: Hall A: Sculptures des p\u00e9riodes anciennes et classiques. Hall B: Petites c\u00e9ramiques et objets sculpt\u00e9s d\u2019\u00e9poques n\u00e9olithique, proto-cycladique, myc\u00e9nienne, g\u00e9ometrique, archa\u00efque, classique, h\u00e9ll\u00e9nistique, et romaine. Atrium: Sculptures, \u00e9l\u00e9ments architecturaux, urnes fun\u00e9raires\/sarcophages et une mosa\u00efque de la p\u00e9riode romaine. Les pi\u00e8ces les plus int\u00e9ressantes sont : La sculpture d\u2019une sir\u00e8ne d\u2019environ 1,35m en tr\u00e8s bon \u00e9tat, datant du VI\u00e8me si\u00e8cle avant JC. C\u2019\u00e9tait la pi\u00e8ce ma\u00eetresse d\u2019un temple. Elle fut trouv\u00e9e en 1993 lors des fouilles d\u2019un ancien b\u00e2timent public. Deux [&hellip;]<\/p>\n","protected":false},"author":1,"featured_media":0,"parent":1015,"menu_order":0,"comment_status":"closed","ping_status":"closed","template":"page-templates\/attraction.php","meta":{"footnotes":""},"class_list":["post-1060","page","type-page","status-publish","hentry"],"yoast_head":"<!-- This site is optimized with the Yoast SEO plugin v27.1.1 - https:\/\/yoast.com\/product\/yoast-seo-wordpress\/ -->\n<title>Le mus\u00e9e arch\u00e9ologique de Paros -Location de voitures \u00e0 Paros Gr\u00e8ce<\/title>\n<meta name=\"description\" content=\"Le mus\u00e9e arch\u00e9ologique de Paros -Location de voitures \u00e0 prix comp\u00e9titifs, offres sp\u00e9ciales et r\u00e9ductions sur les locations auto \u00e0 Paros Gr\u00e8ce\" \/>\n<meta name=\"robots\" content=\"index, follow, max-snippet:-1, max-image-preview:large, max-video-preview:-1\" \/>\n<link rel=\"canonical\" href=\"https:\/\/parosrentcar.com\/fr\/sites-touristiques\/le-musee-archeologique-de-paros\/\" \/>\n<meta property=\"og:locale\" content=\"fr_FR\" \/>\n<meta property=\"og:type\" content=\"article\" \/>\n<meta property=\"og:title\" content=\"Le mus\u00e9e arch\u00e9ologique de Paros -Location de voitures \u00e0 Paros Gr\u00e8ce\" \/>\n<meta property=\"og:description\" content=\"Le mus\u00e9e arch\u00e9ologique de Paros -Location de voitures \u00e0 prix comp\u00e9titifs, offres sp\u00e9ciales et r\u00e9ductions sur les locations auto \u00e0 Paros Gr\u00e8ce\" \/>\n<meta property=\"og:url\" content=\"https:\/\/parosrentcar.com\/fr\/sites-touristiques\/le-musee-archeologique-de-paros\/\" \/>\n<meta property=\"og:site_name\" content=\"Location de voitures \u00e0 Paros Gr\u00e8ce - ParosEuropeanRent\" \/>\n<meta property=\"article:publisher\" content=\"https:\/\/www.facebook.com\/paroscarrental\" \/>\n<meta property=\"article:modified_time\" content=\"2015-02-14T08:22:02+00:00\" \/>\n<meta name=\"twitter:label1\" content=\"Dur\u00e9e de lecture estim\u00e9e\" \/>\n\t<meta name=\"twitter:data1\" content=\"1 minute\" \/>\n<script type=\"application\/ld+json\" class=\"yoast-schema-graph\">{\"@context\":\"https:\/\/schema.org\",\"@graph\":[{\"@type\":\"WebPage\",\"@id\":\"https:\/\/parosrentcar.com\/fr\/sites-touristiques\/le-musee-archeologique-de-paros\/\",\"url\":\"https:\/\/parosrentcar.com\/fr\/sites-touristiques\/le-musee-archeologique-de-paros\/\",\"name\":\"Le mus\u00e9e arch\u00e9ologique de Paros -Location de voitures \u00e0 Paros Gr\u00e8ce\",\"isPartOf\":{\"@id\":\"https:\/\/parosrentcar.com\/fr\/#website\"},\"datePublished\":\"2014-11-24T19:14:16+00:00\",\"dateModified\":\"2015-02-14T08:22:02+00:00\",\"description\":\"Le mus\u00e9e arch\u00e9ologique de Paros -Location de voitures \u00e0 prix comp\u00e9titifs, offres sp\u00e9ciales et r\u00e9ductions sur les locations auto \u00e0 Paros Gr\u00e8ce\",\"breadcrumb\":{\"@id\":\"https:\/\/parosrentcar.com\/fr\/sites-touristiques\/le-musee-archeologique-de-paros\/#breadcrumb\"},\"inLanguage\":\"fr-FR\",\"potentialAction\":[{\"@type\":\"ReadAction\",\"target\":[\"https:\/\/parosrentcar.com\/fr\/sites-touristiques\/le-musee-archeologique-de-paros\/\"]}]},{\"@type\":\"BreadcrumbList\",\"@id\":\"https:\/\/parosrentcar.com\/fr\/sites-touristiques\/le-musee-archeologique-de-paros\/#breadcrumb\",\"itemListElement\":[{\"@type\":\"ListItem\",\"position\":1,\"name\":\"Home\",\"item\":\"https:\/\/parosrentcar.com\/fr\/\"},{\"@type\":\"ListItem\",\"position\":2,\"name\":\"Sites touristiques\",\"item\":\"https:\/\/parosrentcar.com\/fr\/sites-touristiques\/\"},{\"@type\":\"ListItem\",\"position\":3,\"name\":\"Le mus\u00e9e arch\u00e9ologique de Paros\"}]},{\"@type\":\"WebSite\",\"@id\":\"https:\/\/parosrentcar.com\/fr\/#website\",\"url\":\"https:\/\/parosrentcar.com\/fr\/\",\"name\":\"Location de voitures \u00e0 Paros Gr\u00e8ce - ParosEuropeanRent\",\"description\":\"Location de voiture, buggy, quad, atv, scooter, moto et v\u00e9lo \u00e0 Paros\",\"potentialAction\":[{\"@type\":\"SearchAction\",\"target\":{\"@type\":\"EntryPoint\",\"urlTemplate\":\"https:\/\/parosrentcar.com\/fr\/?s={search_term_string}\"},\"query-input\":{\"@type\":\"PropertyValueSpecification\",\"valueRequired\":true,\"valueName\":\"search_term_string\"}}],\"inLanguage\":\"fr-FR\"}]}<\/script>\n<!-- \/ Yoast SEO plugin. -->","yoast_head_json":{"title":"Le mus\u00e9e arch\u00e9ologique de Paros -Location de voitures \u00e0 Paros Gr\u00e8ce","description":"Le mus\u00e9e arch\u00e9ologique de Paros -Location de voitures \u00e0 prix comp\u00e9titifs, offres sp\u00e9ciales et r\u00e9ductions sur les locations auto \u00e0 Paros Gr\u00e8ce","robots":{"index":"index","follow":"follow","max-snippet":"max-snippet:-1","max-image-preview":"max-image-preview:large","max-video-preview":"max-video-preview:-1"},"canonical":"https:\/\/parosrentcar.com\/fr\/sites-touristiques\/le-musee-archeologique-de-paros\/","og_locale":"fr_FR","og_type":"article","og_title":"Le mus\u00e9e arch\u00e9ologique de Paros -Location de voitures \u00e0 Paros Gr\u00e8ce","og_description":"Le mus\u00e9e arch\u00e9ologique de Paros -Location de voitures \u00e0 prix comp\u00e9titifs, offres sp\u00e9ciales et r\u00e9ductions sur les locations auto \u00e0 Paros Gr\u00e8ce","og_url":"https:\/\/parosrentcar.com\/fr\/sites-touristiques\/le-musee-archeologique-de-paros\/","og_site_name":"Location de voitures \u00e0 Paros Gr\u00e8ce - ParosEuropeanRent","article_publisher":"https:\/\/www.facebook.com\/paroscarrental","article_modified_time":"2015-02-14T08:22:02+00:00","twitter_misc":{"Dur\u00e9e de lecture estim\u00e9e":"1 minute"},"schema":{"@context":"https:\/\/schema.org","@graph":[{"@type":"WebPage","@id":"https:\/\/parosrentcar.com\/fr\/sites-touristiques\/le-musee-archeologique-de-paros\/","url":"https:\/\/parosrentcar.com\/fr\/sites-touristiques\/le-musee-archeologique-de-paros\/","name":"Le mus\u00e9e arch\u00e9ologique de Paros -Location de voitures \u00e0 Paros Gr\u00e8ce","isPartOf":{"@id":"https:\/\/parosrentcar.com\/fr\/#website"},"datePublished":"2014-11-24T19:14:16+00:00","dateModified":"2015-02-14T08:22:02+00:00","description":"Le mus\u00e9e arch\u00e9ologique de Paros -Location de voitures \u00e0 prix comp\u00e9titifs, offres sp\u00e9ciales et r\u00e9ductions sur les locations auto \u00e0 Paros Gr\u00e8ce","breadcrumb":{"@id":"https:\/\/parosrentcar.com\/fr\/sites-touristiques\/le-musee-archeologique-de-paros\/#breadcrumb"},"inLanguage":"fr-FR","potentialAction":[{"@type":"ReadAction","target":["https:\/\/parosrentcar.com\/fr\/sites-touristiques\/le-musee-archeologique-de-paros\/"]}]},{"@type":"BreadcrumbList","@id":"https:\/\/parosrentcar.com\/fr\/sites-touristiques\/le-musee-archeologique-de-paros\/#breadcrumb","itemListElement":[{"@type":"ListItem","position":1,"name":"Home","item":"https:\/\/parosrentcar.com\/fr\/"},{"@type":"ListItem","position":2,"name":"Sites touristiques","item":"https:\/\/parosrentcar.com\/fr\/sites-touristiques\/"},{"@type":"ListItem","position":3,"name":"Le mus\u00e9e arch\u00e9ologique de Paros"}]},{"@type":"WebSite","@id":"https:\/\/parosrentcar.com\/fr\/#website","url":"https:\/\/parosrentcar.com\/fr\/","name":"Location de voitures \u00e0 Paros Gr\u00e8ce - ParosEuropeanRent","description":"Location de voiture, buggy, quad, atv, scooter, moto et v\u00e9lo \u00e0 Paros","potentialAction":[{"@type":"SearchAction","target":{"@type":"EntryPoint","urlTemplate":"https:\/\/parosrentcar.com\/fr\/?s={search_term_string}"},"query-input":{"@type":"PropertyValueSpecification","valueRequired":true,"valueName":"search_term_string"}}],"inLanguage":"fr-FR"}]}},"_links":{"self":[{"href":"https:\/\/parosrentcar.com\/fr\/wp-json\/wp\/v2\/pages\/1060","targetHints":{"allow":["GET"]}}],"collection":[{"href":"https:\/\/parosrentcar.com\/fr\/wp-json\/wp\/v2\/pages"}],"about":[{"href":"https:\/\/parosrentcar.com\/fr\/wp-json\/wp\/v2\/types\/page"}],"author":[{"embeddable":true,"href":"https:\/\/parosrentcar.com\/fr\/wp-json\/wp\/v2\/users\/1"}],"replies":[{"embeddable":true,"href":"https:\/\/parosrentcar.com\/fr\/wp-json\/wp\/v2\/comments?post=1060"}],"version-history":[{"count":1,"href":"https:\/\/parosrentcar.com\/fr\/wp-json\/wp\/v2\/pages\/1060\/revisions"}],"predecessor-version":[{"id":1979,"href":"https:\/\/parosrentcar.com\/fr\/wp-json\/wp\/v2\/pages\/1060\/revisions\/1979"}],"up":[{"embeddable":true,"href":"https:\/\/parosrentcar.com\/fr\/wp-json\/wp\/v2\/pages\/1015"}],"wp:attachment":[{"href":"https:\/\/parosrentcar.com\/fr\/wp-json\/wp\/v2\/media?parent=1060"}],"curies":[{"name":"wp","href":"https:\/\/api.w.org\/{rel}","templated":true}]}}