{"id":1046,"date":"2014-11-24T09:55:03","date_gmt":"2014-11-24T09:55:03","guid":{"rendered":"http:\/\/parosrentcar.com\/el\/?page_id=1046"},"modified":"2022-09-20T14:36:34","modified_gmt":"2022-09-20T14:36:34","slug":"sejour","status":"publish","type":"page","link":"https:\/\/parosrentcar.com\/fr\/sejour\/","title":{"rendered":"S\u00e9jour"},"content":{"rendered":"<p><strong>H\u00f4tels<\/strong><\/p>\n<p><a title=\"Oasis Hotel Paros\" href=\"https:\/\/paroshoteloasis.gr\/fr\" target=\"_blank\" rel=\"noopener\">Oasis H\u00f4tel Paros<\/a><\/p>\n<p><a title=\"Anna Plat;anou Hotel\" href=\"http:\/\/parosannahotel.gr\" target=\"_blank\" rel=\"noopener\">Anna Platanou<\/a><\/p>\n<p><a title=\"Sunsetview Hotel\" href=\"https:\/\/paros-sunsetview-hotel.com\/fr\" target=\"_blank\" rel=\"noopener\">Sunset View H\u00f4tel<\/a><\/p>\n<p><a title=\"Yria Hotel Resort\" href=\"http:\/\/www.yriahotel.gr\/\" target=\"_blank\" rel=\"noopener\">Yria Hotel Resort<\/a><\/p>\n<p><a title=\"Aegean Village Hotel\" href=\"http:\/\/paros-accommodations.gr\" target=\"_blank\" rel=\"noopener\">Hotel\u00a0Aegean Village\u00a0&#8211; Villas Georgy &#8211; Villas Byzantino &#8211; Traditional Houses<\/a><\/p>\n<p><strong>Studios &#8211; Chambres<\/strong><\/p>\n<p><a title=\"Panos studios\" href=\"https:\/\/parosstudiospanos.gr\/fr\" target=\"_blank\" rel=\"noopener\">Panos Studios<\/a><\/p>\n<p><strong>Appartements<\/strong><\/p>\n<p><a title=\"Paros Appartements Panos\" href=\"https:\/\/parosapartmentspanos.com\/fr\/parikia-appartement-de-luxe\/bienvenue\/\" target=\"_blank\" rel=\"noopener\">Panos \u0391ppartement Parikia<\/a><\/p>\n<p><a title=\"Paros Appartements Panos\" href=\"https:\/\/parosapartmentspanos.com\/fr\/naoussa-appartement-de-luxe\/bienvenue\/\" target=\"_blank\" rel=\"noopener\">Panos \u0391ppartement Naousa<\/a><\/p>\n<p><a href=\"https:\/\/loftsapartmentsparos.com\/fr\" target=\"_blank\" rel=\"noopener\">LOFTS the village summer apartments<\/a> &#8211; Appartements familiaux de luxe avec jacuzzi \u00e0 louer \u00e0 Paros.<\/p>\n<p><strong>Suites<\/strong><\/p>\n<p><a title=\"Paros Apartments Panos\" href=\"https:\/\/parosapartmentspanos.com\/fr\/panos-suite\/bienvenue\/\" target=\"_blank\" rel=\"noopener\">Panos Suites<\/a><\/p>\n<p><strong>Villas<\/strong><\/p>\n<p><a title=\"Paros Apartments Panos\" href=\"https:\/\/parosapartmentspanos.com\/fr\/villa-panos-asteras\/bienvenue\/\" target=\"_blank\" rel=\"noopener\">Panos Villa<\/a><\/p>\n","protected":false},"excerpt":{"rendered":"<p>H\u00f4tels Oasis H\u00f4tel Paros Anna Platanou Sunset View H\u00f4tel Yria Hotel Resort Hotel\u00a0Aegean Village\u00a0&#8211; Villas Georgy &#8211; Villas Byzantino &#8211; Traditional Houses Studios &#8211; Chambres Panos Studios Appartements Panos \u0391ppartement Parikia Panos \u0391ppartement Naousa LOFTS the village summer apartments &#8211; Appartements familiaux de luxe avec jacuzzi \u00e0 louer \u00e0 Paros. Suites Panos Suites Villas Panos Villa<\/p>\n","protected":false},"author":1,"featured_media":0,"parent":0,"menu_order":0,"comment_status":"closed","ping_status":"closed","template":"","meta":{"footnotes":""},"class_list":["post-1046","page","type-page","status-publish","hentry"],"yoast_head":"<!-- This site is optimized with the Yoast SEO plugin v27.1.1 - https:\/\/yoast.com\/product\/yoast-seo-wordpress\/ -->\n<title>S\u00e9jour - Location de voitures \u00e0 Paros Gr\u00e8ce<\/title>\n<meta name=\"description\" content=\"S\u00e9jour - Location de voitures \u00e0 prix comp\u00e9titifs, offres sp\u00e9ciales et r\u00e9ductions sur les locations auto \u00e0 Paros Gr\u00e8ce\" \/>\n<meta name=\"robots\" content=\"index, follow, max-snippet:-1, max-image-preview:large, max-video-preview:-1\" \/>\n<link rel=\"canonical\" href=\"https:\/\/parosrentcar.com\/fr\/sejour\/\" \/>\n<meta property=\"og:locale\" content=\"fr_FR\" \/>\n<meta property=\"og:type\" content=\"article\" \/>\n<meta property=\"og:title\" content=\"S\u00e9jour - Location de voitures \u00e0 Paros Gr\u00e8ce\" \/>\n<meta property=\"og:description\" content=\"S\u00e9jour - Location de voitures \u00e0 prix comp\u00e9titifs, offres sp\u00e9ciales et r\u00e9ductions sur les locations auto \u00e0 Paros Gr\u00e8ce\" \/>\n<meta property=\"og:url\" content=\"https:\/\/parosrentcar.com\/fr\/sejour\/\" \/>\n<meta property=\"og:site_name\" content=\"Location de voitures \u00e0 Paros Gr\u00e8ce - ParosEuropeanRent\" \/>\n<meta property=\"article:publisher\" content=\"https:\/\/www.facebook.com\/paroscarrental\" \/>\n<meta property=\"article:modified_time\" content=\"2022-09-20T14:36:34+00:00\" \/>\n<meta name=\"twitter:label1\" content=\"Dur\u00e9e de lecture estim\u00e9e\" \/>\n\t<meta name=\"twitter:data1\" content=\"1 minute\" \/>\n<script type=\"application\/ld+json\" class=\"yoast-schema-graph\">{\"@context\":\"https:\/\/schema.org\",\"@graph\":[{\"@type\":\"WebPage\",\"@id\":\"https:\/\/parosrentcar.com\/fr\/sejour\/\",\"url\":\"https:\/\/parosrentcar.com\/fr\/sejour\/\",\"name\":\"S\u00e9jour - Location de voitures \u00e0 Paros Gr\u00e8ce\",\"isPartOf\":{\"@id\":\"https:\/\/parosrentcar.com\/fr\/#website\"},\"datePublished\":\"2014-11-24T09:55:03+00:00\",\"dateModified\":\"2022-09-20T14:36:34+00:00\",\"description\":\"S\u00e9jour - Location de voitures \u00e0 prix comp\u00e9titifs, offres sp\u00e9ciales et r\u00e9ductions sur les locations auto \u00e0 Paros Gr\u00e8ce\",\"breadcrumb\":{\"@id\":\"https:\/\/parosrentcar.com\/fr\/sejour\/#breadcrumb\"},\"inLanguage\":\"fr-FR\",\"potentialAction\":[{\"@type\":\"ReadAction\",\"target\":[\"https:\/\/parosrentcar.com\/fr\/sejour\/\"]}]},{\"@type\":\"BreadcrumbList\",\"@id\":\"https:\/\/parosrentcar.com\/fr\/sejour\/#breadcrumb\",\"itemListElement\":[{\"@type\":\"ListItem\",\"position\":1,\"name\":\"Home\",\"item\":\"https:\/\/parosrentcar.com\/fr\/\"},{\"@type\":\"ListItem\",\"position\":2,\"name\":\"S\u00e9jour\"}]},{\"@type\":\"WebSite\",\"@id\":\"https:\/\/parosrentcar.com\/fr\/#website\",\"url\":\"https:\/\/parosrentcar.com\/fr\/\",\"name\":\"Location de voitures \u00e0 Paros Gr\u00e8ce - ParosEuropeanRent\",\"description\":\"Location de voiture, buggy, quad, atv, scooter, moto et v\u00e9lo \u00e0 Paros\",\"potentialAction\":[{\"@type\":\"SearchAction\",\"target\":{\"@type\":\"EntryPoint\",\"urlTemplate\":\"https:\/\/parosrentcar.com\/fr\/?s={search_term_string}\"},\"query-input\":{\"@type\":\"PropertyValueSpecification\",\"valueRequired\":true,\"valueName\":\"search_term_string\"}}],\"inLanguage\":\"fr-FR\"}]}<\/script>\n<!-- \/ Yoast SEO plugin. -->","yoast_head_json":{"title":"S\u00e9jour - Location de voitures \u00e0 Paros Gr\u00e8ce","description":"S\u00e9jour - Location de voitures \u00e0 prix comp\u00e9titifs, offres sp\u00e9ciales et r\u00e9ductions sur les locations auto \u00e0 Paros Gr\u00e8ce","robots":{"index":"index","follow":"follow","max-snippet":"max-snippet:-1","max-image-preview":"max-image-preview:large","max-video-preview":"max-video-preview:-1"},"canonical":"https:\/\/parosrentcar.com\/fr\/sejour\/","og_locale":"fr_FR","og_type":"article","og_title":"S\u00e9jour - Location de voitures \u00e0 Paros Gr\u00e8ce","og_description":"S\u00e9jour - Location de voitures \u00e0 prix comp\u00e9titifs, offres sp\u00e9ciales et r\u00e9ductions sur les locations auto \u00e0 Paros Gr\u00e8ce","og_url":"https:\/\/parosrentcar.com\/fr\/sejour\/","og_site_name":"Location de voitures \u00e0 Paros Gr\u00e8ce - ParosEuropeanRent","article_publisher":"https:\/\/www.facebook.com\/paroscarrental","article_modified_time":"2022-09-20T14:36:34+00:00","twitter_misc":{"Dur\u00e9e de lecture estim\u00e9e":"1 minute"},"schema":{"@context":"https:\/\/schema.org","@graph":[{"@type":"WebPage","@id":"https:\/\/parosrentcar.com\/fr\/sejour\/","url":"https:\/\/parosrentcar.com\/fr\/sejour\/","name":"S\u00e9jour - Location de voitures \u00e0 Paros Gr\u00e8ce","isPartOf":{"@id":"https:\/\/parosrentcar.com\/fr\/#website"},"datePublished":"2014-11-24T09:55:03+00:00","dateModified":"2022-09-20T14:36:34+00:00","description":"S\u00e9jour - Location de voitures \u00e0 prix comp\u00e9titifs, offres sp\u00e9ciales et r\u00e9ductions sur les locations auto \u00e0 Paros Gr\u00e8ce","breadcrumb":{"@id":"https:\/\/parosrentcar.com\/fr\/sejour\/#breadcrumb"},"inLanguage":"fr-FR","potentialAction":[{"@type":"ReadAction","target":["https:\/\/parosrentcar.com\/fr\/sejour\/"]}]},{"@type":"BreadcrumbList","@id":"https:\/\/parosrentcar.com\/fr\/sejour\/#breadcrumb","itemListElement":[{"@type":"ListItem","position":1,"name":"Home","item":"https:\/\/parosrentcar.com\/fr\/"},{"@type":"ListItem","position":2,"name":"S\u00e9jour"}]},{"@type":"WebSite","@id":"https:\/\/parosrentcar.com\/fr\/#website","url":"https:\/\/parosrentcar.com\/fr\/","name":"Location de voitures \u00e0 Paros Gr\u00e8ce - ParosEuropeanRent","description":"Location de voiture, buggy, quad, atv, scooter, moto et v\u00e9lo \u00e0 Paros","potentialAction":[{"@type":"SearchAction","target":{"@type":"EntryPoint","urlTemplate":"https:\/\/parosrentcar.com\/fr\/?s={search_term_string}"},"query-input":{"@type":"PropertyValueSpecification","valueRequired":true,"valueName":"search_term_string"}}],"inLanguage":"fr-FR"}]}},"_links":{"self":[{"href":"https:\/\/parosrentcar.com\/fr\/wp-json\/wp\/v2\/pages\/1046","targetHints":{"allow":["GET"]}}],"collection":[{"href":"https:\/\/parosrentcar.com\/fr\/wp-json\/wp\/v2\/pages"}],"about":[{"href":"https:\/\/parosrentcar.com\/fr\/wp-json\/wp\/v2\/types\/page"}],"author":[{"embeddable":true,"href":"https:\/\/parosrentcar.com\/fr\/wp-json\/wp\/v2\/users\/1"}],"replies":[{"embeddable":true,"href":"https:\/\/parosrentcar.com\/fr\/wp-json\/wp\/v2\/comments?post=1046"}],"version-history":[{"count":11,"href":"https:\/\/parosrentcar.com\/fr\/wp-json\/wp\/v2\/pages\/1046\/revisions"}],"predecessor-version":[{"id":36190,"href":"https:\/\/parosrentcar.com\/fr\/wp-json\/wp\/v2\/pages\/1046\/revisions\/36190"}],"wp:attachment":[{"href":"https:\/\/parosrentcar.com\/fr\/wp-json\/wp\/v2\/media?parent=1046"}],"curies":[{"name":"wp","href":"https:\/\/api.w.org\/{rel}","templated":true}]}}