{"id":1022,"date":"2014-11-24T09:10:47","date_gmt":"2014-11-24T09:10:47","guid":{"rendered":"http:\/\/parosrentcar.com\/el\/?page_id=1022"},"modified":"2015-02-14T08:19:06","modified_gmt":"2015-02-14T08:19:06","slug":"le-chateau-franc","status":"publish","type":"page","link":"https:\/\/parosrentcar.com\/fr\/sites-touristiques\/le-chateau-franc\/","title":{"rendered":"Le ch\u00e2teau Franc"},"content":{"rendered":"<p>Au cours de la quatri\u00e8me croisade, <strong>les crois\u00e9s<\/strong> ont \u00e9t\u00e9 surpris par les ch\u00e2teaux musulmans et byzantins rencontr\u00e9s. Une fois install\u00e9s dans les territoires conquis, ils construisirent de nouveaux ch\u00e2teaux servant de douanes,de centres de commandement, d\u2019abris et de bases militaires. Pour leur construction, ils ont choisi des lieux qui offraient une protection contre les pillards ou les ennemis et se sont servis d\u2019 \u00e9l\u00e9ments de l&rsquo;architecture locale pr\u00e9existante.<\/p>\n<p>Quand la famille v\u00e9nitienne des Sanudo arriva \u00e0 Paros, le duc de Naxos,\u00a0Marco Sanudo d\u00e9cida la construction du <strong>ch\u00e2teau de Parikia<\/strong>, r\u00e9utilisant le marbre des temples grecs antiques. Dans l\u2019enceinte du ch\u00e2teau Franc se trouve <strong>l\u2019\u00e9glise de saint Constantin<\/strong>. Ce ch\u00e2teau est l&rsquo;un des plus importants monuments post-byzantines des Cyclades. Dans l&rsquo;histoire plus r\u00e9cente, les V\u00e9nitiens ont construit le ch\u00e2teau de Naoussa et le ch\u00e2teau de Kefalos, sur la colline de Saint-Antoine, pr\u00e8s du village de Marpissa.<\/p>\n<p>Source: ParosEasyBooking.gr &#8211; The Frankish Castle<\/p>\n","protected":false},"excerpt":{"rendered":"<p>Au cours de la quatri\u00e8me croisade, les crois\u00e9s ont \u00e9t\u00e9 surpris par les ch\u00e2teaux musulmans et byzantins rencontr\u00e9s. Une fois install\u00e9s dans les territoires conquis, ils construisirent de nouveaux ch\u00e2teaux servant de douanes,de centres de commandement, d\u2019abris et de bases militaires. Pour leur construction, ils ont choisi des lieux qui offraient une protection contre les pillards ou les ennemis et se sont servis d\u2019 \u00e9l\u00e9ments de l&rsquo;architecture locale pr\u00e9existante. Quand la famille v\u00e9nitienne des Sanudo arriva \u00e0 Paros, le duc de Naxos,\u00a0Marco Sanudo d\u00e9cida la construction du ch\u00e2teau de Parikia, r\u00e9utilisant le marbre des temples grecs antiques. Dans l\u2019enceinte du ch\u00e2teau Franc se trouve l\u2019\u00e9glise de saint Constantin. Ce ch\u00e2teau [&hellip;]<\/p>\n","protected":false},"author":1,"featured_media":0,"parent":1015,"menu_order":0,"comment_status":"closed","ping_status":"closed","template":"page-templates\/attraction.php","meta":{"footnotes":""},"class_list":["post-1022","page","type-page","status-publish","hentry"],"yoast_head":"<!-- This site is optimized with the Yoast SEO plugin v27.1.1 - https:\/\/yoast.com\/product\/yoast-seo-wordpress\/ -->\n<title>Le ch\u00e2teau Franc -Location de voitures \u00e0 Paros Gr\u00e8ce<\/title>\n<meta name=\"description\" content=\"Le ch\u00e2teau Franc -Location de voitures \u00e0 prix comp\u00e9titifs, offres sp\u00e9ciales et r\u00e9ductions sur les locations auto \u00e0 Paros Gr\u00e8ce\" \/>\n<meta name=\"robots\" content=\"index, follow, max-snippet:-1, max-image-preview:large, max-video-preview:-1\" \/>\n<link rel=\"canonical\" href=\"https:\/\/parosrentcar.com\/fr\/sites-touristiques\/le-chateau-franc\/\" \/>\n<meta property=\"og:locale\" content=\"fr_FR\" \/>\n<meta property=\"og:type\" content=\"article\" \/>\n<meta property=\"og:title\" content=\"Le ch\u00e2teau Franc -Location de voitures \u00e0 Paros Gr\u00e8ce\" \/>\n<meta property=\"og:description\" content=\"Le ch\u00e2teau Franc -Location de voitures \u00e0 prix comp\u00e9titifs, offres sp\u00e9ciales et r\u00e9ductions sur les locations auto \u00e0 Paros Gr\u00e8ce\" \/>\n<meta property=\"og:url\" content=\"https:\/\/parosrentcar.com\/fr\/sites-touristiques\/le-chateau-franc\/\" \/>\n<meta property=\"og:site_name\" content=\"Location de voitures \u00e0 Paros Gr\u00e8ce - ParosEuropeanRent\" \/>\n<meta property=\"article:publisher\" content=\"https:\/\/www.facebook.com\/paroscarrental\" \/>\n<meta property=\"article:modified_time\" content=\"2015-02-14T08:19:06+00:00\" \/>\n<meta name=\"twitter:label1\" content=\"Dur\u00e9e de lecture estim\u00e9e\" \/>\n\t<meta name=\"twitter:data1\" content=\"1 minute\" \/>\n<script type=\"application\/ld+json\" class=\"yoast-schema-graph\">{\"@context\":\"https:\/\/schema.org\",\"@graph\":[{\"@type\":\"WebPage\",\"@id\":\"https:\/\/parosrentcar.com\/fr\/sites-touristiques\/le-chateau-franc\/\",\"url\":\"https:\/\/parosrentcar.com\/fr\/sites-touristiques\/le-chateau-franc\/\",\"name\":\"Le ch\u00e2teau Franc -Location de voitures \u00e0 Paros Gr\u00e8ce\",\"isPartOf\":{\"@id\":\"https:\/\/parosrentcar.com\/fr\/#website\"},\"datePublished\":\"2014-11-24T09:10:47+00:00\",\"dateModified\":\"2015-02-14T08:19:06+00:00\",\"description\":\"Le ch\u00e2teau Franc -Location de voitures \u00e0 prix comp\u00e9titifs, offres sp\u00e9ciales et r\u00e9ductions sur les locations auto \u00e0 Paros Gr\u00e8ce\",\"breadcrumb\":{\"@id\":\"https:\/\/parosrentcar.com\/fr\/sites-touristiques\/le-chateau-franc\/#breadcrumb\"},\"inLanguage\":\"fr-FR\",\"potentialAction\":[{\"@type\":\"ReadAction\",\"target\":[\"https:\/\/parosrentcar.com\/fr\/sites-touristiques\/le-chateau-franc\/\"]}]},{\"@type\":\"BreadcrumbList\",\"@id\":\"https:\/\/parosrentcar.com\/fr\/sites-touristiques\/le-chateau-franc\/#breadcrumb\",\"itemListElement\":[{\"@type\":\"ListItem\",\"position\":1,\"name\":\"Home\",\"item\":\"https:\/\/parosrentcar.com\/fr\/\"},{\"@type\":\"ListItem\",\"position\":2,\"name\":\"Sites touristiques\",\"item\":\"https:\/\/parosrentcar.com\/fr\/sites-touristiques\/\"},{\"@type\":\"ListItem\",\"position\":3,\"name\":\"Le ch\u00e2teau Franc\"}]},{\"@type\":\"WebSite\",\"@id\":\"https:\/\/parosrentcar.com\/fr\/#website\",\"url\":\"https:\/\/parosrentcar.com\/fr\/\",\"name\":\"Location de voitures \u00e0 Paros Gr\u00e8ce - ParosEuropeanRent\",\"description\":\"Location de voiture, buggy, quad, atv, scooter, moto et v\u00e9lo \u00e0 Paros\",\"potentialAction\":[{\"@type\":\"SearchAction\",\"target\":{\"@type\":\"EntryPoint\",\"urlTemplate\":\"https:\/\/parosrentcar.com\/fr\/?s={search_term_string}\"},\"query-input\":{\"@type\":\"PropertyValueSpecification\",\"valueRequired\":true,\"valueName\":\"search_term_string\"}}],\"inLanguage\":\"fr-FR\"}]}<\/script>\n<!-- \/ Yoast SEO plugin. -->","yoast_head_json":{"title":"Le ch\u00e2teau Franc -Location de voitures \u00e0 Paros Gr\u00e8ce","description":"Le ch\u00e2teau Franc -Location de voitures \u00e0 prix comp\u00e9titifs, offres sp\u00e9ciales et r\u00e9ductions sur les locations auto \u00e0 Paros Gr\u00e8ce","robots":{"index":"index","follow":"follow","max-snippet":"max-snippet:-1","max-image-preview":"max-image-preview:large","max-video-preview":"max-video-preview:-1"},"canonical":"https:\/\/parosrentcar.com\/fr\/sites-touristiques\/le-chateau-franc\/","og_locale":"fr_FR","og_type":"article","og_title":"Le ch\u00e2teau Franc -Location de voitures \u00e0 Paros Gr\u00e8ce","og_description":"Le ch\u00e2teau Franc -Location de voitures \u00e0 prix comp\u00e9titifs, offres sp\u00e9ciales et r\u00e9ductions sur les locations auto \u00e0 Paros Gr\u00e8ce","og_url":"https:\/\/parosrentcar.com\/fr\/sites-touristiques\/le-chateau-franc\/","og_site_name":"Location de voitures \u00e0 Paros Gr\u00e8ce - ParosEuropeanRent","article_publisher":"https:\/\/www.facebook.com\/paroscarrental","article_modified_time":"2015-02-14T08:19:06+00:00","twitter_misc":{"Dur\u00e9e de lecture estim\u00e9e":"1 minute"},"schema":{"@context":"https:\/\/schema.org","@graph":[{"@type":"WebPage","@id":"https:\/\/parosrentcar.com\/fr\/sites-touristiques\/le-chateau-franc\/","url":"https:\/\/parosrentcar.com\/fr\/sites-touristiques\/le-chateau-franc\/","name":"Le ch\u00e2teau Franc -Location de voitures \u00e0 Paros Gr\u00e8ce","isPartOf":{"@id":"https:\/\/parosrentcar.com\/fr\/#website"},"datePublished":"2014-11-24T09:10:47+00:00","dateModified":"2015-02-14T08:19:06+00:00","description":"Le ch\u00e2teau Franc -Location de voitures \u00e0 prix comp\u00e9titifs, offres sp\u00e9ciales et r\u00e9ductions sur les locations auto \u00e0 Paros Gr\u00e8ce","breadcrumb":{"@id":"https:\/\/parosrentcar.com\/fr\/sites-touristiques\/le-chateau-franc\/#breadcrumb"},"inLanguage":"fr-FR","potentialAction":[{"@type":"ReadAction","target":["https:\/\/parosrentcar.com\/fr\/sites-touristiques\/le-chateau-franc\/"]}]},{"@type":"BreadcrumbList","@id":"https:\/\/parosrentcar.com\/fr\/sites-touristiques\/le-chateau-franc\/#breadcrumb","itemListElement":[{"@type":"ListItem","position":1,"name":"Home","item":"https:\/\/parosrentcar.com\/fr\/"},{"@type":"ListItem","position":2,"name":"Sites touristiques","item":"https:\/\/parosrentcar.com\/fr\/sites-touristiques\/"},{"@type":"ListItem","position":3,"name":"Le ch\u00e2teau Franc"}]},{"@type":"WebSite","@id":"https:\/\/parosrentcar.com\/fr\/#website","url":"https:\/\/parosrentcar.com\/fr\/","name":"Location de voitures \u00e0 Paros Gr\u00e8ce - ParosEuropeanRent","description":"Location de voiture, buggy, quad, atv, scooter, moto et v\u00e9lo \u00e0 Paros","potentialAction":[{"@type":"SearchAction","target":{"@type":"EntryPoint","urlTemplate":"https:\/\/parosrentcar.com\/fr\/?s={search_term_string}"},"query-input":{"@type":"PropertyValueSpecification","valueRequired":true,"valueName":"search_term_string"}}],"inLanguage":"fr-FR"}]}},"_links":{"self":[{"href":"https:\/\/parosrentcar.com\/fr\/wp-json\/wp\/v2\/pages\/1022","targetHints":{"allow":["GET"]}}],"collection":[{"href":"https:\/\/parosrentcar.com\/fr\/wp-json\/wp\/v2\/pages"}],"about":[{"href":"https:\/\/parosrentcar.com\/fr\/wp-json\/wp\/v2\/types\/page"}],"author":[{"embeddable":true,"href":"https:\/\/parosrentcar.com\/fr\/wp-json\/wp\/v2\/users\/1"}],"replies":[{"embeddable":true,"href":"https:\/\/parosrentcar.com\/fr\/wp-json\/wp\/v2\/comments?post=1022"}],"version-history":[{"count":2,"href":"https:\/\/parosrentcar.com\/fr\/wp-json\/wp\/v2\/pages\/1022\/revisions"}],"predecessor-version":[{"id":1993,"href":"https:\/\/parosrentcar.com\/fr\/wp-json\/wp\/v2\/pages\/1022\/revisions\/1993"}],"up":[{"embeddable":true,"href":"https:\/\/parosrentcar.com\/fr\/wp-json\/wp\/v2\/pages\/1015"}],"wp:attachment":[{"href":"https:\/\/parosrentcar.com\/fr\/wp-json\/wp\/v2\/media?parent=1022"}],"curies":[{"name":"wp","href":"https:\/\/api.w.org\/{rel}","templated":true}]}}