{"id":500,"date":"2014-11-09T20:12:24","date_gmt":"2014-11-09T20:12:24","guid":{"rendered":"http:\/\/parosrentcar.com\/el\/?page_id=500"},"modified":"2022-08-05T05:10:27","modified_gmt":"2022-08-05T05:10:27","slug":"wagenvermietung-mit-fahrer","status":"publish","type":"page","link":"https:\/\/parosrentcar.com\/de\/dienste\/wagenvermietung-mit-fahrer\/","title":{"rendered":"Wagenvermietung mit Fahrer"},"content":{"rendered":"<p>Entdecken Sie sch\u00f6ne Landschaften, hellblaue Str\u00e4nde, die Geschichte und die Sehensw\u00fcrdigkeiten von Paros, das Nachtleben, den Markt und andere malerische Strecken, angepasst an Ihre eigenen W\u00fcnsche und\u00a0 Interessen.<\/p>\n<p>Wir fahren Sie sicher und bequem mit unserem <strong>erfahrenen Fahrer<\/strong>, um Sie den Weg und die Sehensw\u00fcrdigkeiten von Paros genie\u00dfen zu k\u00f6nnen. Lassen Sie uns einen Tag f\u00fcr\u00a0 Sie voll nach Ihren\u00a0 eigenen W\u00fcnschen <strong>organisieren<\/strong>!!<\/p>\n<form method=\"post\" enctype=\"multipart\/form-data\" id=\"vfbp-form-33\" class=\"vfbp-form\"><div style=\"display:none;\"><label for=\"vfbp-EMAIL-AN8fuQyoDLXem\">Wenn Sie ein Mensch sind, lassen Sie dieses Feld leer.<\/label><input size=\"25\" autocomplete=\"off\" type=\"text\" name=\"vfbp-EMAIL-AN8fuQyoDLXem\" value=\"\" id=\"\"><\/div><input type=\"hidden\" name=\"_vfb-timestamp-33\" value=\"1777315279\" id=\"\"><input type=\"hidden\" name=\"_vfb-form-id\" value=\"33\" id=\"\"><div class=\"vfb-form-group vfb-col-12\"><div><h6 class=\"\">Angebot f\u00fcr den Mietwagen mit Fahrer<\/h6><\/div><\/div><div class=\"vfb-col-12 vfb-fieldType-heading\" id=\"vfbField577\"><\/div><div class=\"vfb-clearfix\"><\/div><div class=\"vfb-col-6 vfb-fieldType-text\" id=\"vfbField581\"><div class=\"vfb-form-group\"><label for=\"vfb-field-581\" class=\"vfb-control-label\">Vollst\u00e4ndiger Name <span class=\"vfb-required-asterisk\">*<\/span><\/label><div><input id=\"vfb-field-581\" class=\"vfb-form-control\" placeholder=\"\" required=\"required\" type=\"text\" name=\"vfb-field-581\" value=\"\"><\/div><\/div><\/div><div class=\"vfb-col-6 vfb-fieldType-email\" id=\"vfbField582\"><div class=\"vfb-form-group\"><label for=\"vfb-field-582\" class=\"vfb-control-label\">E-Mail <span class=\"vfb-required-asterisk\">*<\/span><\/label><div><input id=\"vfb-field-582\" class=\"vfb-form-control\" placeholder=\"\" required=\"required\" type=\"email\" name=\"vfb-field-582\" value=\"\"><\/div><\/div><\/div><div class=\"vfb-clearfix\"><\/div><div class=\"vfb-col-6 vfb-fieldType-phone\" id=\"vfbField583\"><div class=\"vfb-form-group\"><label for=\"vfb-field-583\" class=\"vfb-control-label\">Telefon <span class=\"vfb-required-asterisk\">*<\/span><\/label><div><input id=\"vfb-field-583\" class=\"vfb-form-control vfb-intl-phone\" placeholder=\"\" required=\"required\" data-default-country=\"de\" type=\"tel\" name=\"vfb-field-583\" value=\"\"><\/div><\/div><\/div><div class=\"vfb-col-6 vfb-fieldType-text\" id=\"vfbField584\"><div class=\"vfb-form-group\"><label for=\"vfb-field-584\" class=\"vfb-control-label\">Land <span class=\"vfb-required-asterisk\">*<\/span><\/label><div><input id=\"vfb-field-584\" class=\"vfb-form-control\" placeholder=\"\" required=\"required\" type=\"text\" name=\"vfb-field-584\" value=\"\"><\/div><\/div><\/div><div class=\"vfb-clearfix\"><\/div><div class=\"vfb-col-12 vfb-fieldType-textarea\" id=\"vfbField585\"><div class=\"vfb-form-group\"><label for=\"vfb-field-585\" class=\"vfb-control-label\">Kommentare <span class=\"vfb-required-asterisk\">*<\/span><\/label><div><textarea id=\"vfb-field-585\" class=\"vfb-form-control\" placeholder=\"\" required=\"required\" rows=\"4\" name=\"vfb-field-585\" cols=\"50\"><\/textarea><\/div><\/div><\/div><div class=\"vfb-clearfix\"><\/div><div class=\"vfb-col-12 vfb-fieldType-checkbox\" id=\"vfbField801\"><label for=\"vfb-field-801\" class=\"vfb-control-label\">Annahmepflicht <span class=\"vfb-required-asterisk\">*<\/span><\/label><div><div class=\"vfb-checkbox\"><label><input id=\"vfb-field-801-0\" class=\"\" placeholder=\"\" data-vfb-multiple=\"vfb-field-801\" required=\"required\" type=\"checkbox\" name=\"vfb-field-801[0]\" value=\"1\">Dieses Formular sammelt pers\u00f6nliche Daten, damit wir mit Ihnen in Kontakt kommen k\u00f6nnen. F\u00fcr mehrere Informationen lesen Sie unser Politik \u00fcber Geheimschutz.<\/label><\/div><\/div><\/div><div class=\"vfb-clearfix\"><\/div><div class=\"vfb-col-12 vfb-fieldType-captcha\" id=\"vfbField883\"><div class=\"vfb-form-group\"><label for=\"vfb-field-883\" class=\"vfb-control-label\">Captcha <span class=\"vfb-required-asterisk\">*<\/span><\/label><div><div class=\"g-recaptcha\" data-sitekey=\"6LfGBhYhAAAAAHFHvz8f_otkJXlVn0b8sWjvF7d1\"><\/div><input type=\"hidden\" name=\"_vfb_recaptcha_enabled\" value=\"1\" id=\"\"><div class=\"vfb-has-error\" id=\"vfb-recaptcha-error\"><span class=\"vfb-help-block\">reCAPTCHA erforderlich.<\/span><\/div><\/div><\/div><\/div><div class=\"vfb-clearfix\"><\/div><div class=\"vfb-col-12 vfb-fieldType-submit\" id=\"vfbField580\"><button id=\"vfb-field-580\" class=\" btn btn-primary\" placeholder=\"\" type=\"submit\" name=\"_vfb-submit\">Absenden<\/button><\/div><div class=\"vfb-clearfix\"><\/div><\/form>\n<p>&nbsp;<\/p>\n","protected":false},"excerpt":{"rendered":"<p>\u03a3\u03b1\u03c2 \u03bc\u03b5\u03c4\u03b1\u03c6\u03ad\u03c1\u03bf\u03c5\u03bc\u03b5 \u03bc\u03b5 \u03b1\u03c3\u03c6\u03ac\u03bb\u03b5\u03b9\u03b1 \u03ba\u03b1\u03b9 \u03ac\u03bd\u03b5\u03c3\u03b7, \u03bc\u03b5 <b>\u03b4\u03b9\u03ba\u03cc \u03bc\u03b1\u03c2 \u03ad\u03bc\u03c0\u03b5\u03b9\u03c1\u03bf \u03bf\u03b4\u03b7\u03b3\u03cc<\/b> \u03b3\u03b9\u03b1 \u03bd\u03b1 \u03b1\u03c0\u03bf\u03bb\u03b1\u03cd\u03c3\u03b5\u03c4\u03b5 \u03c4\u03b7\u03bd \u03b4\u03b9\u03b1\u03b4\u03c1\u03bf\u03bc\u03ae \u03ba\u03b1\u03b9 \u03c4\u03b1 \u03b1\u03be\u03b9\u03bf\u03b8\u03ad\u03b1\u03c4\u03b1 \u03c4\u03b7\u03c2 \u03a0\u03ac\u03c1\u03bf\u03c5.  <b>\u0391\u03c6\u03ae\u03c3\u03c4\u03b5 \u03c3\u03b5 \u03b5\u03bc\u03ac\u03c2 \u03bd\u03b1 \u03bf\u03c1\u03b3\u03b1\u03bd\u03ce\u03c3\u03bf\u03c5\u03bc\u03b5 \u03b3\u03b9\u03b1 \u03b5\u03c3\u03ac\u03c2<\/b> \u03bc\u03b9\u03b1 \u03bc\u03ad\u03c1\u03b1 \u03b3\u03b5\u03bc\u03ac\u03c4\u03b7 \u03bc\u03b5 \u03c4\u03b9\u03c2 \u03b4\u03b9\u03ba\u03ad\u03c2 \u03c3\u03b1\u03c2 \u03b5\u03c0\u03b9\u03b8\u03c5\u03bc\u03af\u03b5\u03c2!!<\/p>\n","protected":false},"author":1,"featured_media":0,"parent":1255,"menu_order":0,"comment_status":"closed","ping_status":"closed","template":"","meta":{"footnotes":""},"class_list":["post-500","page","type-page","status-publish","hentry"],"yoast_head":"<!-- This site is optimized with the Yoast SEO plugin v27.1.1 - https:\/\/yoast.com\/product\/yoast-seo-wordpress\/ -->\n<title>Wagenvermietung mit Fahrer - ParosEuropeanRent \u2013 Paros Mietwagen Griechenland<\/title>\n<meta name=\"description\" content=\"Wagenvermietung mit Fahrer - Mieten Sie ein Auto, Buggy, Roller, Motorrad, quad, atv und entdecken Sie die Sehensw\u00fcrdigkeiten und die Str\u00e4nde von Paros.\" \/>\n<meta name=\"robots\" content=\"index, follow, max-snippet:-1, max-image-preview:large, max-video-preview:-1\" \/>\n<link rel=\"canonical\" href=\"https:\/\/parosrentcar.com\/de\/dienste\/wagenvermietung-mit-fahrer\/\" \/>\n<meta property=\"og:locale\" content=\"de_DE\" \/>\n<meta property=\"og:type\" content=\"article\" \/>\n<meta property=\"og:title\" content=\"Wagenvermietung mit Fahrer - ParosEuropeanRent \u2013 Paros Mietwagen Griechenland\" \/>\n<meta property=\"og:description\" content=\"Wagenvermietung mit Fahrer - Mieten Sie ein Auto, Buggy, Roller, Motorrad, quad, atv und entdecken Sie die Sehensw\u00fcrdigkeiten und die Str\u00e4nde von Paros.\" \/>\n<meta property=\"og:url\" content=\"https:\/\/parosrentcar.com\/de\/dienste\/wagenvermietung-mit-fahrer\/\" \/>\n<meta property=\"og:site_name\" content=\"\u039cietwagen in Paros Griechenland | Autovermietung in Paros Griechenland\" \/>\n<meta property=\"article:publisher\" content=\"https:\/\/www.facebook.com\/paroscarrental\" \/>\n<meta property=\"article:modified_time\" content=\"2022-08-05T05:10:27+00:00\" \/>\n<meta name=\"twitter:card\" content=\"summary_large_image\" \/>\n<meta name=\"twitter:site\" content=\"@parosrentcar\" \/>\n<meta name=\"twitter:label1\" content=\"Gesch\u00e4tzte Lesezeit\" \/>\n\t<meta name=\"twitter:data1\" content=\"1\u00a0Minute\" \/>\n<script type=\"application\/ld+json\" class=\"yoast-schema-graph\">{\"@context\":\"https:\/\/schema.org\",\"@graph\":[{\"@type\":\"WebPage\",\"@id\":\"https:\/\/parosrentcar.com\/de\/dienste\/wagenvermietung-mit-fahrer\/\",\"url\":\"https:\/\/parosrentcar.com\/de\/dienste\/wagenvermietung-mit-fahrer\/\",\"name\":\"Wagenvermietung mit Fahrer - ParosEuropeanRent \u2013 Paros Mietwagen Griechenland\",\"isPartOf\":{\"@id\":\"https:\/\/parosrentcar.com\/de\/#website\"},\"datePublished\":\"2014-11-09T20:12:24+00:00\",\"dateModified\":\"2022-08-05T05:10:27+00:00\",\"description\":\"Wagenvermietung mit Fahrer - Mieten Sie ein Auto, Buggy, Roller, Motorrad, quad, atv und entdecken Sie die Sehensw\u00fcrdigkeiten und die Str\u00e4nde von Paros.\",\"breadcrumb\":{\"@id\":\"https:\/\/parosrentcar.com\/de\/dienste\/wagenvermietung-mit-fahrer\/#breadcrumb\"},\"inLanguage\":\"de\",\"potentialAction\":[{\"@type\":\"ReadAction\",\"target\":[\"https:\/\/parosrentcar.com\/de\/dienste\/wagenvermietung-mit-fahrer\/\"]}]},{\"@type\":\"BreadcrumbList\",\"@id\":\"https:\/\/parosrentcar.com\/de\/dienste\/wagenvermietung-mit-fahrer\/#breadcrumb\",\"itemListElement\":[{\"@type\":\"ListItem\",\"position\":1,\"name\":\"Home\",\"item\":\"https:\/\/parosrentcar.com\/de\/\"},{\"@type\":\"ListItem\",\"position\":2,\"name\":\"DIENSTE\",\"item\":\"https:\/\/parosrentcar.com\/de\/dienste\/\"},{\"@type\":\"ListItem\",\"position\":3,\"name\":\"Wagenvermietung mit Fahrer\"}]},{\"@type\":\"WebSite\",\"@id\":\"https:\/\/parosrentcar.com\/de\/#website\",\"url\":\"https:\/\/parosrentcar.com\/de\/\",\"name\":\"\u039cietwagen in Paros Griechenland | Autovermietung in Paros Griechenland\",\"description\":\"\u039cietwagen in Paros Griechenland\",\"potentialAction\":[{\"@type\":\"SearchAction\",\"target\":{\"@type\":\"EntryPoint\",\"urlTemplate\":\"https:\/\/parosrentcar.com\/de\/?s={search_term_string}\"},\"query-input\":{\"@type\":\"PropertyValueSpecification\",\"valueRequired\":true,\"valueName\":\"search_term_string\"}}],\"inLanguage\":\"de\"}]}<\/script>\n<!-- \/ Yoast SEO plugin. -->","yoast_head_json":{"title":"Wagenvermietung mit Fahrer - ParosEuropeanRent \u2013 Paros Mietwagen Griechenland","description":"Wagenvermietung mit Fahrer - Mieten Sie ein Auto, Buggy, Roller, Motorrad, quad, atv und entdecken Sie die Sehensw\u00fcrdigkeiten und die Str\u00e4nde von Paros.","robots":{"index":"index","follow":"follow","max-snippet":"max-snippet:-1","max-image-preview":"max-image-preview:large","max-video-preview":"max-video-preview:-1"},"canonical":"https:\/\/parosrentcar.com\/de\/dienste\/wagenvermietung-mit-fahrer\/","og_locale":"de_DE","og_type":"article","og_title":"Wagenvermietung mit Fahrer - ParosEuropeanRent \u2013 Paros Mietwagen Griechenland","og_description":"Wagenvermietung mit Fahrer - Mieten Sie ein Auto, Buggy, Roller, Motorrad, quad, atv und entdecken Sie die Sehensw\u00fcrdigkeiten und die Str\u00e4nde von Paros.","og_url":"https:\/\/parosrentcar.com\/de\/dienste\/wagenvermietung-mit-fahrer\/","og_site_name":"\u039cietwagen in Paros Griechenland | Autovermietung in Paros Griechenland","article_publisher":"https:\/\/www.facebook.com\/paroscarrental","article_modified_time":"2022-08-05T05:10:27+00:00","twitter_card":"summary_large_image","twitter_site":"@parosrentcar","twitter_misc":{"Gesch\u00e4tzte Lesezeit":"1\u00a0Minute"},"schema":{"@context":"https:\/\/schema.org","@graph":[{"@type":"WebPage","@id":"https:\/\/parosrentcar.com\/de\/dienste\/wagenvermietung-mit-fahrer\/","url":"https:\/\/parosrentcar.com\/de\/dienste\/wagenvermietung-mit-fahrer\/","name":"Wagenvermietung mit Fahrer - ParosEuropeanRent \u2013 Paros Mietwagen Griechenland","isPartOf":{"@id":"https:\/\/parosrentcar.com\/de\/#website"},"datePublished":"2014-11-09T20:12:24+00:00","dateModified":"2022-08-05T05:10:27+00:00","description":"Wagenvermietung mit Fahrer - Mieten Sie ein Auto, Buggy, Roller, Motorrad, quad, atv und entdecken Sie die Sehensw\u00fcrdigkeiten und die Str\u00e4nde von Paros.","breadcrumb":{"@id":"https:\/\/parosrentcar.com\/de\/dienste\/wagenvermietung-mit-fahrer\/#breadcrumb"},"inLanguage":"de","potentialAction":[{"@type":"ReadAction","target":["https:\/\/parosrentcar.com\/de\/dienste\/wagenvermietung-mit-fahrer\/"]}]},{"@type":"BreadcrumbList","@id":"https:\/\/parosrentcar.com\/de\/dienste\/wagenvermietung-mit-fahrer\/#breadcrumb","itemListElement":[{"@type":"ListItem","position":1,"name":"Home","item":"https:\/\/parosrentcar.com\/de\/"},{"@type":"ListItem","position":2,"name":"DIENSTE","item":"https:\/\/parosrentcar.com\/de\/dienste\/"},{"@type":"ListItem","position":3,"name":"Wagenvermietung mit Fahrer"}]},{"@type":"WebSite","@id":"https:\/\/parosrentcar.com\/de\/#website","url":"https:\/\/parosrentcar.com\/de\/","name":"\u039cietwagen in Paros Griechenland | Autovermietung in Paros Griechenland","description":"\u039cietwagen in Paros Griechenland","potentialAction":[{"@type":"SearchAction","target":{"@type":"EntryPoint","urlTemplate":"https:\/\/parosrentcar.com\/de\/?s={search_term_string}"},"query-input":{"@type":"PropertyValueSpecification","valueRequired":true,"valueName":"search_term_string"}}],"inLanguage":"de"}]}},"_links":{"self":[{"href":"https:\/\/parosrentcar.com\/de\/wp-json\/wp\/v2\/pages\/500","targetHints":{"allow":["GET"]}}],"collection":[{"href":"https:\/\/parosrentcar.com\/de\/wp-json\/wp\/v2\/pages"}],"about":[{"href":"https:\/\/parosrentcar.com\/de\/wp-json\/wp\/v2\/types\/page"}],"author":[{"embeddable":true,"href":"https:\/\/parosrentcar.com\/de\/wp-json\/wp\/v2\/users\/1"}],"replies":[{"embeddable":true,"href":"https:\/\/parosrentcar.com\/de\/wp-json\/wp\/v2\/comments?post=500"}],"version-history":[{"count":2,"href":"https:\/\/parosrentcar.com\/de\/wp-json\/wp\/v2\/pages\/500\/revisions"}],"predecessor-version":[{"id":1591,"href":"https:\/\/parosrentcar.com\/de\/wp-json\/wp\/v2\/pages\/500\/revisions\/1591"}],"up":[{"embeddable":true,"href":"https:\/\/parosrentcar.com\/de\/wp-json\/wp\/v2\/pages\/1255"}],"wp:attachment":[{"href":"https:\/\/parosrentcar.com\/de\/wp-json\/wp\/v2\/media?parent=500"}],"curies":[{"name":"wp","href":"https:\/\/api.w.org\/{rel}","templated":true}]}}