{"id":287,"date":"2014-11-08T09:01:52","date_gmt":"2014-11-08T09:01:52","guid":{"rendered":"http:\/\/parosrentcar.com\/el\/?page_id=287"},"modified":"2025-02-14T08:47:20","modified_gmt":"2025-02-14T08:47:20","slug":"kymco-mxu-r-300cc","status":"publish","type":"page","link":"https:\/\/parosrentcar.com\/de\/quad-buggy-vermietung-paros\/kymco-mxu-r-300cc\/","title":{"rendered":"1. KYMCO MXU-R 300cc"},"content":{"rendered":"<p><strong><img loading=\"lazy\" decoding=\"async\" class=\"aligncenter size-full wp-image-786\" src=\"\/de\/wp-content\/uploads\/2014\/11\/kymco-mxur-300cc-600-200.jpg\" alt=\"kymco-mxur--300cc-600-200\" width=\"600\" height=\"200\" srcset=\"https:\/\/parosrentcar.com\/de\/wp-content\/uploads\/2014\/11\/kymco-mxur-300cc-600-200.jpg 600w, https:\/\/parosrentcar.com\/de\/wp-content\/uploads\/2014\/11\/kymco-mxur-300cc-600-200-300x100.jpg 300w\" sizes=\"auto, (max-width: 600px) 100vw, 600px\" \/><\/strong><\/p>\n<p><strong>Quad\u00a0Spezifikationen<\/strong>: Kymco, 300cc, automatisch, 2 Pl\u00e4tze.<\/p>\n<p><strong>In unseren Preisen wird nichts Extra versteckt und wird<\/strong> 24% Mehrwertsteuer enthalten \u2013 unbegrenzte Kilometer \u2013 einfache Versicherung dritter Personen gegen\u00fcber \u2013 kostenloser Helm!<\/p>\n<p style=\"text-align: center;\"><strong>Preise f\u00fcr Kymco MXU-R 300cc pro Tag<\/strong><\/p>\n\n<table id=\"tablepress-12\" class=\"tablepress tablepress-id-12\">\n<thead>\n<tr class=\"row-1\">\n\t<th class=\"column-1\">Dauer der Vermietung<\/th><th class=\"column-2\">1-2 Tagen<\/th><th class=\"column-3\">3-7 Tagen<\/th><th class=\"column-4\">8+ Tagen<\/th>\n<\/tr>\n<\/thead>\n<tbody class=\"row-striping row-hover\">\n<tr class=\"row-2\">\n\t<td class=\"column-1\">20\/09 \u2013 31\/05<\/td><td class=\"column-2\">35 \u20ac<\/td><td class=\"column-3\">32 \u20ac<\/td><td class=\"column-4\">30 \u20ac<\/td>\n<\/tr>\n<tr class=\"row-3\">\n\t<td class=\"column-1\">01\/06 \u2013 30\/06 &amp; 01\/09 \u2013 19\/09<\/td><td class=\"column-2\">50 \u20ac<\/td><td class=\"column-3\">48 \u20ac<\/td><td class=\"column-4\">45 \u20ac<\/td>\n<\/tr>\n<tr class=\"row-4\">\n\t<td class=\"column-1\">01\/07 - 31\/08<\/td><td class=\"column-2\">70 \u20ac<\/td><td class=\"column-3\">68 \u20ac<\/td><td class=\"column-4\">65 \u20ac<\/td>\n<\/tr>\n<\/tbody>\n<\/table>\n<!-- #tablepress-12 from cache -->\n<p><strong>Informationen f\u00fcr die Buchung:<\/strong> Bitte, bevor Sie Ihre Buchung machen, <a title=\"Vertragsbedingungen und Voraussetzungen\" href=\"\/de\/die-firma\/vertragsbedingungen-voraussetzungen\/\" target=\"_blank\" rel=\"noopener noreferrer\"><strong>lesen Sie die Miet<\/strong><\/a>\u00a0und die <strong><a title=\"Wie kann man bezahlen\" href=\"\/de\/die-firma\/wie-kann-man-bezahlen\/\" target=\"_blank\" rel=\"noopener noreferrer\">Stornierungsbedingungen<\/a><\/strong>. Um das <strong>Fahrzeug zu buchen<\/strong>, f\u00fcllen\u00a0 Sie die folgenden Daten aus und es wird Ihnen so bald wie m\u00f6glich per E-Mail alle Daten ihrer Reservierung und die gesamte Summe zur Best\u00e4tigung geschickt. Um die Buchung g\u00fcltig zu sein, muss der Betrag f\u00fcr die ersten zwei Tage entweder mit einer Kreditkarte (Visa, Mastercard, Amex) oder per Bank\u00fcberweisung bezahlt werden.<\/p>\n<p style=\"text-align: left;\"><form method=\"post\" enctype=\"multipart\/form-data\" id=\"vfbp-form-24\" class=\"vfbp-form\"><div style=\"display:none;\"><label for=\"vfbp-EMAIL-AN8fuQyoDLXem\">Wenn Sie ein Mensch sind, lassen Sie dieses Feld leer.<\/label><input size=\"25\" autocomplete=\"off\" type=\"text\" name=\"vfbp-EMAIL-AN8fuQyoDLXem\" value=\"\" id=\"\"><\/div><input type=\"hidden\" name=\"_vfb-timestamp-24\" value=\"1777319760\" id=\"\"><input type=\"hidden\" name=\"_vfb-form-id\" value=\"24\" id=\"\"><div class=\"vfb-form-group vfb-col-12\"><div><h6 class=\"\">Fragen nach der Verf\u00fcgbarkeit Kymco MXU-R 300cc<\/h6><\/div><\/div><div class=\"vfb-col-12 vfb-fieldType-heading\" id=\"vfbField415\"><\/div><div class=\"vfb-clearfix\"><\/div><div class=\"vfb-col-6 vfb-fieldType-text\" id=\"vfbField419\"><div class=\"vfb-form-group\"><label for=\"vfb-field-419\" class=\"vfb-control-label\">Empfangsort <span class=\"vfb-required-asterisk\">*<\/span><\/label><div><input id=\"vfb-field-419\" class=\"vfb-form-control\" placeholder=\"\" required=\"required\" type=\"text\" name=\"vfb-field-419\" value=\"\"><\/div><\/div><\/div><div class=\"vfb-col-6 vfb-fieldType-text\" id=\"vfbField420\"><div class=\"vfb-form-group\"><label for=\"vfb-field-420\" class=\"vfb-control-label\">Zielort <span class=\"vfb-required-asterisk\">*<\/span><\/label><div><input id=\"vfb-field-420\" class=\"vfb-form-control\" placeholder=\"\" required=\"required\" type=\"text\" name=\"vfb-field-420\" value=\"\"><\/div><\/div><\/div><div class=\"vfb-clearfix\"><\/div><div class=\"vfb-col-6 vfb-fieldType-date\" id=\"vfbField421\"><div class=\"vfb-form-group\"><label for=\"vfb-field-421\" class=\"vfb-control-label\">Ankunftstag <span class=\"vfb-required-asterisk\">*<\/span><\/label><div><input id=\"vfb-field-421\" class=\"vfb-form-control\" placeholder=\"\" required=\"required\" data-provide=\"datepicker\" data-date-format=\"dd\/mm\/yy\" data-date-language=\"de\" data-date-orientation=\"top left\" data-date-autoclose=\"1\" data-date-today-highlight=\"1\" type=\"text\" name=\"vfb-field-421\" value=\"\"><\/div><\/div><\/div><div class=\"vfb-col-6 vfb-fieldType-date\" id=\"vfbField422\"><div class=\"vfb-form-group\"><label for=\"vfb-field-422\" class=\"vfb-control-label\">Abfahrtstag <span class=\"vfb-required-asterisk\">*<\/span><\/label><div><input id=\"vfb-field-422\" class=\"vfb-form-control\" placeholder=\"\" required=\"required\" data-provide=\"datepicker\" data-date-format=\"dd\/mm\/yy\" data-date-language=\"de\" data-date-orientation=\"top left\" data-date-autoclose=\"1\" data-date-today-highlight=\"1\" type=\"text\" name=\"vfb-field-422\" value=\"\"><\/div><\/div><\/div><div class=\"vfb-clearfix\"><\/div><div class=\"vfb-col-6 vfb-fieldType-time\" id=\"vfbField423\"><div class=\"vfb-form-group\"><label for=\"vfb-field-423\" class=\"vfb-control-label\">Ankunftszeit <span class=\"vfb-required-asterisk\">*<\/span><\/label><div><input id=\"vfb-field-423\" class=\"vfb-form-control vfb-clockpicker\" placeholder=\"\" required=\"required\" data-donetext=\"Fertig\" data-placement=\"bottom\" data-align=\"left\" data-autoclose=\"1\" type=\"text\" name=\"vfb-field-423\" value=\"\"><\/div><\/div><\/div><div class=\"vfb-col-6 vfb-fieldType-time\" id=\"vfbField424\"><div class=\"vfb-form-group\"><label for=\"vfb-field-424\" class=\"vfb-control-label\">Abfahrtszeit <span class=\"vfb-required-asterisk\">*<\/span><\/label><div><input id=\"vfb-field-424\" class=\"vfb-form-control vfb-clockpicker\" placeholder=\"\" required=\"required\" data-donetext=\"Fertig\" data-placement=\"bottom\" data-align=\"left\" data-autoclose=\"1\" type=\"text\" name=\"vfb-field-424\" value=\"\"><\/div><\/div><\/div><div class=\"vfb-clearfix\"><\/div><div class=\"vfb-form-group vfb-col-12\"><div><h6 class=\"\">Pers\u00f6nliche Daten<\/h6><\/div><\/div><div class=\"vfb-col-12 vfb-fieldType-heading\" id=\"vfbField425\"><\/div><div class=\"vfb-clearfix\"><\/div><div class=\"vfb-col-6 vfb-fieldType-text\" id=\"vfbField426\"><div class=\"vfb-form-group\"><label for=\"vfb-field-426\" class=\"vfb-control-label\">Vollst\u00e4ndiger Name <span class=\"vfb-required-asterisk\">*<\/span><\/label><div><input id=\"vfb-field-426\" class=\"vfb-form-control\" placeholder=\"\" required=\"required\" type=\"text\" name=\"vfb-field-426\" value=\"\"><\/div><\/div><\/div><div class=\"vfb-col-6 vfb-fieldType-text\" id=\"vfbField427\"><div class=\"vfb-form-group\"><label for=\"vfb-field-427\" class=\"vfb-control-label\">Alter des Fahrers <span class=\"vfb-required-asterisk\">*<\/span><\/label><div><input id=\"vfb-field-427\" class=\"vfb-form-control\" placeholder=\"\" required=\"required\" type=\"text\" name=\"vfb-field-427\" value=\"\"><\/div><\/div><\/div><div class=\"vfb-clearfix\"><\/div><div class=\"vfb-col-6 vfb-fieldType-email\" id=\"vfbField428\"><div class=\"vfb-form-group\"><label for=\"vfb-field-428\" class=\"vfb-control-label\">E-Mail <span class=\"vfb-required-asterisk\">*<\/span><\/label><div><input id=\"vfb-field-428\" class=\"vfb-form-control\" placeholder=\"\" required=\"required\" type=\"email\" name=\"vfb-field-428\" value=\"\"><\/div><\/div><\/div><div class=\"vfb-col-6 vfb-fieldType-phone\" id=\"vfbField429\"><div class=\"vfb-form-group\"><label for=\"vfb-field-429\" class=\"vfb-control-label\">Telefon <span class=\"vfb-required-asterisk\">*<\/span><\/label><div><input id=\"vfb-field-429\" class=\"vfb-form-control vfb-intl-phone\" placeholder=\"\" required=\"required\" data-default-country=\"de\" type=\"tel\" name=\"vfb-field-429\" value=\"\"><\/div><\/div><\/div><div class=\"vfb-clearfix\"><\/div><div class=\"vfb-col-6 vfb-fieldType-text\" id=\"vfbField430\"><div class=\"vfb-form-group\"><label for=\"vfb-field-430\" class=\"vfb-control-label\">Land <span class=\"vfb-required-asterisk\">*<\/span><\/label><div><input id=\"vfb-field-430\" class=\"vfb-form-control\" placeholder=\"\" required=\"required\" type=\"text\" name=\"vfb-field-430\" value=\"\"><\/div><\/div><\/div><div class=\"vfb-col-6 vfb-fieldType-text\" id=\"vfbField431\"><div class=\"vfb-form-group\"><label for=\"vfb-field-431\" class=\"vfb-control-label\">Stadt<\/label><div><input id=\"vfb-field-431\" class=\"vfb-form-control\" placeholder=\"\" type=\"text\" name=\"vfb-field-431\" value=\"\"><\/div><\/div><\/div><div class=\"vfb-clearfix\"><\/div><div class=\"vfb-col-12 vfb-fieldType-textarea\" id=\"vfbField432\"><div class=\"vfb-form-group\"><label for=\"vfb-field-432\" class=\"vfb-control-label\">Kommentare<\/label><div><textarea id=\"vfb-field-432\" class=\"vfb-form-control\" placeholder=\"\" rows=\"4\" name=\"vfb-field-432\" cols=\"50\"><\/textarea><\/div><\/div><\/div><div class=\"vfb-clearfix\"><\/div><div class=\"vfb-col-12 vfb-fieldType-checkbox\" id=\"vfbField810\"><label for=\"vfb-field-810\" class=\"vfb-control-label\">Annahmepflicht <span class=\"vfb-required-asterisk\">*<\/span><\/label><div><div class=\"vfb-checkbox\"><label><input id=\"vfb-field-810-0\" class=\"\" placeholder=\"\" data-vfb-multiple=\"vfb-field-810\" required=\"required\" type=\"checkbox\" name=\"vfb-field-810[0]\" value=\"1\">Dieses Formular sammelt pers\u00f6nliche Daten, damit wir mit Ihnen in Kontakt kommen k\u00f6nnen. F\u00fcr mehrere Informationen lesen Sie unser Politik \u00fcber Geheimschutz.<\/label><\/div><\/div><\/div><div class=\"vfb-clearfix\"><\/div><div class=\"vfb-col-12 vfb-fieldType-captcha\" id=\"vfbField894\"><div class=\"vfb-form-group\"><label for=\"vfb-field-894\" class=\"vfb-control-label\">Captcha <span class=\"vfb-required-asterisk\">*<\/span><\/label><div><div class=\"g-recaptcha\" data-sitekey=\"6LfGBhYhAAAAAHFHvz8f_otkJXlVn0b8sWjvF7d1\"><\/div><input type=\"hidden\" name=\"_vfb_recaptcha_enabled\" value=\"1\" id=\"\"><div class=\"vfb-has-error\" id=\"vfb-recaptcha-error\"><span class=\"vfb-help-block\">reCAPTCHA erforderlich.<\/span><\/div><\/div><\/div><\/div><div class=\"vfb-clearfix\"><\/div><div class=\"vfb-col-12 vfb-fieldType-submit\" id=\"vfbField418\"><button id=\"vfb-field-418\" class=\" btn btn-primary\" placeholder=\"\" type=\"submit\" name=\"_vfb-submit\">Absenden<\/button><\/div><div class=\"vfb-clearfix\"><\/div><\/form><\/p>\n","protected":false},"excerpt":{"rendered":"<p>Fabrik: Kymco<br \/>\nMotor: 300 cc<br \/>\nGetriebe: Automatik<br \/>\nSitze: 2<\/p>\n","protected":false},"author":1,"featured_media":0,"parent":12,"menu_order":1,"comment_status":"closed","ping_status":"closed","template":"page-templates\/room.php","meta":{"footnotes":""},"class_list":["post-287","page","type-page","status-publish","hentry"],"yoast_head":"<!-- This site is optimized with the Yoast SEO plugin v27.1.1 - https:\/\/yoast.com\/product\/yoast-seo-wordpress\/ -->\n<title>Quad \/ Atv Kymco MXU-R 300cc | Quadvermietung \/ Atv Vermietung in Paros<\/title>\n<meta name=\"description\" content=\"Quad \/ Atv Kymco MXU-R 300cc Vermietung in Paros. Wir verf\u00fcgen eine gro\u00dfe Auswahl an Quads \/ Atvs zum Mieten in Paros. 15% Rabatt f\u00fcr Online Buchungen. Quadvermietung \/ Atv vermietung in Paros\" \/>\n<meta name=\"robots\" content=\"index, follow, max-snippet:-1, max-image-preview:large, max-video-preview:-1\" \/>\n<link rel=\"canonical\" href=\"https:\/\/parosrentcar.com\/de\/quad-buggy-vermietung-paros\/kymco-mxu-r-300cc\/\" \/>\n<meta property=\"og:locale\" content=\"de_DE\" \/>\n<meta property=\"og:type\" content=\"article\" \/>\n<meta property=\"og:title\" content=\"Quad \/ Atv Kymco MXU-R 300cc | Quadvermietung \/ Atv Vermietung in Paros\" \/>\n<meta property=\"og:description\" content=\"Quad \/ Atv Kymco MXU-R 300cc Vermietung in Paros. Wir verf\u00fcgen eine gro\u00dfe Auswahl an Quads \/ Atvs zum Mieten in Paros. 15% Rabatt f\u00fcr Online Buchungen. Quadvermietung \/ Atv vermietung in Paros\" \/>\n<meta property=\"og:url\" content=\"https:\/\/parosrentcar.com\/de\/quad-buggy-vermietung-paros\/kymco-mxu-r-300cc\/\" \/>\n<meta property=\"og:site_name\" content=\"\u039cietwagen in Paros Griechenland | Autovermietung in Paros Griechenland\" \/>\n<meta property=\"article:publisher\" content=\"https:\/\/www.facebook.com\/paroscarrental\" \/>\n<meta property=\"article:modified_time\" content=\"2025-02-14T08:47:20+00:00\" \/>\n<meta name=\"twitter:card\" content=\"summary_large_image\" \/>\n<meta name=\"twitter:site\" content=\"@parosrentcar\" \/>\n<meta name=\"twitter:label1\" content=\"Gesch\u00e4tzte Lesezeit\" \/>\n\t<meta name=\"twitter:data1\" content=\"1\u00a0Minute\" \/>\n<script type=\"application\/ld+json\" class=\"yoast-schema-graph\">{\"@context\":\"https:\/\/schema.org\",\"@graph\":[{\"@type\":\"WebPage\",\"@id\":\"https:\/\/parosrentcar.com\/de\/quad-buggy-vermietung-paros\/kymco-mxu-r-300cc\/\",\"url\":\"https:\/\/parosrentcar.com\/de\/quad-buggy-vermietung-paros\/kymco-mxu-r-300cc\/\",\"name\":\"Quad \/ Atv Kymco MXU-R 300cc | Quadvermietung \/ Atv Vermietung in Paros\",\"isPartOf\":{\"@id\":\"https:\/\/parosrentcar.com\/de\/#website\"},\"datePublished\":\"2014-11-08T09:01:52+00:00\",\"dateModified\":\"2025-02-14T08:47:20+00:00\",\"description\":\"Quad \/ Atv Kymco MXU-R 300cc Vermietung in Paros. Wir verf\u00fcgen eine gro\u00dfe Auswahl an Quads \/ Atvs zum Mieten in Paros. 15% Rabatt f\u00fcr Online Buchungen. Quadvermietung \/ Atv vermietung in Paros\",\"breadcrumb\":{\"@id\":\"https:\/\/parosrentcar.com\/de\/quad-buggy-vermietung-paros\/kymco-mxu-r-300cc\/#breadcrumb\"},\"inLanguage\":\"de\",\"potentialAction\":[{\"@type\":\"ReadAction\",\"target\":[\"https:\/\/parosrentcar.com\/de\/quad-buggy-vermietung-paros\/kymco-mxu-r-300cc\/\"]}]},{\"@type\":\"BreadcrumbList\",\"@id\":\"https:\/\/parosrentcar.com\/de\/quad-buggy-vermietung-paros\/kymco-mxu-r-300cc\/#breadcrumb\",\"itemListElement\":[{\"@type\":\"ListItem\",\"position\":1,\"name\":\"Home\",\"item\":\"https:\/\/parosrentcar.com\/de\/\"},{\"@type\":\"ListItem\",\"position\":2,\"name\":\"Quad \/ Atv &#8211; Buggy Vermietung in Paros\",\"item\":\"https:\/\/parosrentcar.com\/de\/quad-buggy-vermietung-paros\/\"},{\"@type\":\"ListItem\",\"position\":3,\"name\":\"1. KYMCO MXU-R 300cc\"}]},{\"@type\":\"WebSite\",\"@id\":\"https:\/\/parosrentcar.com\/de\/#website\",\"url\":\"https:\/\/parosrentcar.com\/de\/\",\"name\":\"\u039cietwagen in Paros Griechenland | Autovermietung in Paros Griechenland\",\"description\":\"\u039cietwagen in Paros Griechenland\",\"potentialAction\":[{\"@type\":\"SearchAction\",\"target\":{\"@type\":\"EntryPoint\",\"urlTemplate\":\"https:\/\/parosrentcar.com\/de\/?s={search_term_string}\"},\"query-input\":{\"@type\":\"PropertyValueSpecification\",\"valueRequired\":true,\"valueName\":\"search_term_string\"}}],\"inLanguage\":\"de\"}]}<\/script>\n<!-- \/ Yoast SEO plugin. -->","yoast_head_json":{"title":"Quad \/ Atv Kymco MXU-R 300cc | Quadvermietung \/ Atv Vermietung in Paros","description":"Quad \/ Atv Kymco MXU-R 300cc Vermietung in Paros. Wir verf\u00fcgen eine gro\u00dfe Auswahl an Quads \/ Atvs zum Mieten in Paros. 15% Rabatt f\u00fcr Online Buchungen. Quadvermietung \/ Atv vermietung in Paros","robots":{"index":"index","follow":"follow","max-snippet":"max-snippet:-1","max-image-preview":"max-image-preview:large","max-video-preview":"max-video-preview:-1"},"canonical":"https:\/\/parosrentcar.com\/de\/quad-buggy-vermietung-paros\/kymco-mxu-r-300cc\/","og_locale":"de_DE","og_type":"article","og_title":"Quad \/ Atv Kymco MXU-R 300cc | Quadvermietung \/ Atv Vermietung in Paros","og_description":"Quad \/ Atv Kymco MXU-R 300cc Vermietung in Paros. Wir verf\u00fcgen eine gro\u00dfe Auswahl an Quads \/ Atvs zum Mieten in Paros. 15% Rabatt f\u00fcr Online Buchungen. Quadvermietung \/ Atv vermietung in Paros","og_url":"https:\/\/parosrentcar.com\/de\/quad-buggy-vermietung-paros\/kymco-mxu-r-300cc\/","og_site_name":"\u039cietwagen in Paros Griechenland | Autovermietung in Paros Griechenland","article_publisher":"https:\/\/www.facebook.com\/paroscarrental","article_modified_time":"2025-02-14T08:47:20+00:00","twitter_card":"summary_large_image","twitter_site":"@parosrentcar","twitter_misc":{"Gesch\u00e4tzte Lesezeit":"1\u00a0Minute"},"schema":{"@context":"https:\/\/schema.org","@graph":[{"@type":"WebPage","@id":"https:\/\/parosrentcar.com\/de\/quad-buggy-vermietung-paros\/kymco-mxu-r-300cc\/","url":"https:\/\/parosrentcar.com\/de\/quad-buggy-vermietung-paros\/kymco-mxu-r-300cc\/","name":"Quad \/ Atv Kymco MXU-R 300cc | Quadvermietung \/ Atv Vermietung in Paros","isPartOf":{"@id":"https:\/\/parosrentcar.com\/de\/#website"},"datePublished":"2014-11-08T09:01:52+00:00","dateModified":"2025-02-14T08:47:20+00:00","description":"Quad \/ Atv Kymco MXU-R 300cc Vermietung in Paros. Wir verf\u00fcgen eine gro\u00dfe Auswahl an Quads \/ Atvs zum Mieten in Paros. 15% Rabatt f\u00fcr Online Buchungen. Quadvermietung \/ Atv vermietung in Paros","breadcrumb":{"@id":"https:\/\/parosrentcar.com\/de\/quad-buggy-vermietung-paros\/kymco-mxu-r-300cc\/#breadcrumb"},"inLanguage":"de","potentialAction":[{"@type":"ReadAction","target":["https:\/\/parosrentcar.com\/de\/quad-buggy-vermietung-paros\/kymco-mxu-r-300cc\/"]}]},{"@type":"BreadcrumbList","@id":"https:\/\/parosrentcar.com\/de\/quad-buggy-vermietung-paros\/kymco-mxu-r-300cc\/#breadcrumb","itemListElement":[{"@type":"ListItem","position":1,"name":"Home","item":"https:\/\/parosrentcar.com\/de\/"},{"@type":"ListItem","position":2,"name":"Quad \/ Atv &#8211; Buggy Vermietung in Paros","item":"https:\/\/parosrentcar.com\/de\/quad-buggy-vermietung-paros\/"},{"@type":"ListItem","position":3,"name":"1. KYMCO MXU-R 300cc"}]},{"@type":"WebSite","@id":"https:\/\/parosrentcar.com\/de\/#website","url":"https:\/\/parosrentcar.com\/de\/","name":"\u039cietwagen in Paros Griechenland | Autovermietung in Paros Griechenland","description":"\u039cietwagen in Paros Griechenland","potentialAction":[{"@type":"SearchAction","target":{"@type":"EntryPoint","urlTemplate":"https:\/\/parosrentcar.com\/de\/?s={search_term_string}"},"query-input":{"@type":"PropertyValueSpecification","valueRequired":true,"valueName":"search_term_string"}}],"inLanguage":"de"}]}},"_links":{"self":[{"href":"https:\/\/parosrentcar.com\/de\/wp-json\/wp\/v2\/pages\/287","targetHints":{"allow":["GET"]}}],"collection":[{"href":"https:\/\/parosrentcar.com\/de\/wp-json\/wp\/v2\/pages"}],"about":[{"href":"https:\/\/parosrentcar.com\/de\/wp-json\/wp\/v2\/types\/page"}],"author":[{"embeddable":true,"href":"https:\/\/parosrentcar.com\/de\/wp-json\/wp\/v2\/users\/1"}],"replies":[{"embeddable":true,"href":"https:\/\/parosrentcar.com\/de\/wp-json\/wp\/v2\/comments?post=287"}],"version-history":[{"count":14,"href":"https:\/\/parosrentcar.com\/de\/wp-json\/wp\/v2\/pages\/287\/revisions"}],"predecessor-version":[{"id":35575,"href":"https:\/\/parosrentcar.com\/de\/wp-json\/wp\/v2\/pages\/287\/revisions\/35575"}],"up":[{"embeddable":true,"href":"https:\/\/parosrentcar.com\/de\/wp-json\/wp\/v2\/pages\/12"}],"wp:attachment":[{"href":"https:\/\/parosrentcar.com\/de\/wp-json\/wp\/v2\/media?parent=287"}],"curies":[{"name":"wp","href":"https:\/\/api.w.org\/{rel}","templated":true}]}}