{"id":2557,"date":"2018-05-19T14:07:58","date_gmt":"2018-05-19T14:07:58","guid":{"rendered":"https:\/\/parosrentcar.com\/de\/?page_id=2557"},"modified":"2026-01-26T08:13:14","modified_gmt":"2026-01-26T08:13:14","slug":"cfmoto-mt-450","status":"publish","type":"page","link":"https:\/\/parosrentcar.com\/de\/motorrader-vermietung-paros\/cfmoto-mt-450\/","title":{"rendered":"CFMOTO MT 450"},"content":{"rendered":"<p><strong><a href=\"https:\/\/parosrentcar.com\/de\/wp-content\/uploads\/2026\/01\/cfmoto-450.jpg\" data-rel=\"lightbox-image-0\" data-rl_title=\"\" data-rl_caption=\"\" title=\"\"><img loading=\"lazy\" decoding=\"async\" class=\"size-full wp-image-35749 aligncenter\" src=\"https:\/\/parosrentcar.com\/de\/wp-content\/uploads\/2026\/01\/cfmoto-450.jpg\" alt=\"CFMOTO MT 450\" width=\"600\" height=\"200\" srcset=\"https:\/\/parosrentcar.com\/de\/wp-content\/uploads\/2026\/01\/cfmoto-450.jpg 600w, https:\/\/parosrentcar.com\/de\/wp-content\/uploads\/2026\/01\/cfmoto-450-300x100.jpg 300w\" sizes=\"auto, (max-width: 600px) 100vw, 600px\" \/><\/a>Motorrad Spezifikationen<\/strong>: CFMOTO, 450cc, Schaltgetriebe, 2 Sitzpl\u00e4tze, Topcase f\u00fcr zwei Helme.<\/p>\n<p><strong>In unseren Preisen wird nichts Extra versteckt und wird<\/strong> 24% Mehrwertsteuer enthalten \u2013 unbegrenzte Kilometer \u2013 einfache Versicherung dritter Personen gegen\u00fcber \u2013kostenloser Helm!<\/p>\n<p style=\"text-align: center;\"><strong>Preise f\u00fcr CFMOTO MT 450 pro Tag<\/strong><\/p>\n\n<table id=\"tablepress-16\" class=\"tablepress tablepress-id-16\">\n<thead>\n<tr class=\"row-1\">\n\t<th class=\"column-1\">Dauer der Vermietung<\/th><th class=\"column-2\">1-2 Tagen<\/th><th class=\"column-3\">3-7 Tagen<\/th><th class=\"column-4\">8+ Tagen<\/th>\n<\/tr>\n<\/thead>\n<tbody class=\"row-striping row-hover\">\n<tr class=\"row-2\">\n\t<td class=\"column-1\">20\/09 \u2013 31\/05<\/td><td class=\"column-2\">35 \u20ac<\/td><td class=\"column-3\">32 \u20ac<\/td><td class=\"column-4\">30 \u20ac<\/td>\n<\/tr>\n<tr class=\"row-3\">\n\t<td class=\"column-1\">01\/06 \u2013 30\/06 &amp; 01\/09 \u2013 19\/09<\/td><td class=\"column-2\">48 \u20ac<\/td><td class=\"column-3\">45 \u20ac<\/td><td class=\"column-4\">41 \u20ac<\/td>\n<\/tr>\n<tr class=\"row-4\">\n\t<td class=\"column-1\">01\/07 - 31\/08<\/td><td class=\"column-2\">70 \u20ac<\/td><td class=\"column-3\">68 \u20ac<\/td><td class=\"column-4\">65 \u20ac<\/td>\n<\/tr>\n<\/tbody>\n<\/table>\n<!-- #tablepress-16 from cache -->\n<p><strong>Informationen f\u00fcr die Buchung:<\/strong> Bitte, bevor Sie Ihre Buchung machen, <a title=\"Vertragsbedingungen und Voraussetzungen\" href=\"\/de\/die-firma\/vertragsbedingungen-voraussetzungen\/\" target=\"_blank\" rel=\"noopener noreferrer\"><strong>lesen Sie die Miet<\/strong><\/a>\u00a0und die <strong><a title=\"Wie kann man bezahlen\" href=\"\/de\/die-firma\/wie-kann-man-bezahlen\/\" target=\"_blank\" rel=\"noopener noreferrer\">Stornierungsbedingungen<\/a><\/strong>. Um das <strong>Fahrzeug zu buchen<\/strong>, f\u00fcllen\u00a0 Sie die folgenden Daten aus und es wird Ihnen so bald wie m\u00f6glich per E-Mail alle Daten ihrer Reservierung und die gesamte Summe zur Best\u00e4tigung geschickt. Um die Buchung g\u00fcltig zu sein, muss der Betrag f\u00fcr die ersten zwei Tage entweder mit einer Kreditkarte (Visa, Mastercard, Amex) oder per Bank\u00fcberweisung bezahlt werden.<\/p>\n<p style=\"text-align: left;\"><form method=\"post\" enctype=\"multipart\/form-data\" id=\"vfbp-form-45\" class=\"vfbp-form\"><div style=\"display:none;\"><label for=\"vfbp-EMAIL-AN8fuQyoDLXem\">Wenn Sie ein Mensch sind, lassen Sie dieses Feld leer.<\/label><input size=\"25\" autocomplete=\"off\" type=\"text\" name=\"vfbp-EMAIL-AN8fuQyoDLXem\" value=\"\" id=\"\"><\/div><input type=\"hidden\" name=\"_vfb-timestamp-45\" value=\"1777320210\" id=\"\"><input type=\"hidden\" name=\"_vfb-form-id\" value=\"45\" id=\"\"><div class=\"vfb-form-group vfb-col-12\"><div><h6 class=\"\">Fragen nach der Verf\u00fcgbarkeit CFMOTO MT 450<\/h6><\/div><\/div><div class=\"vfb-col-12 vfb-fieldType-heading\" id=\"vfbField774\"><\/div><div class=\"vfb-clearfix\"><\/div><div class=\"vfb-col-6 vfb-fieldType-text\" id=\"vfbField778\"><div class=\"vfb-form-group\"><label for=\"vfb-field-778\" class=\"vfb-control-label\">Empfangsort <span class=\"vfb-required-asterisk\">*<\/span><\/label><div><input id=\"vfb-field-778\" class=\"vfb-form-control\" placeholder=\"\" required=\"required\" type=\"text\" name=\"vfb-field-778\" value=\"\"><\/div><\/div><\/div><div class=\"vfb-col-6 vfb-fieldType-text\" id=\"vfbField779\"><div class=\"vfb-form-group\"><label for=\"vfb-field-779\" class=\"vfb-control-label\">Zielort <span class=\"vfb-required-asterisk\">*<\/span><\/label><div><input id=\"vfb-field-779\" class=\"vfb-form-control\" placeholder=\"\" required=\"required\" type=\"text\" name=\"vfb-field-779\" value=\"\"><\/div><\/div><\/div><div class=\"vfb-clearfix\"><\/div><div class=\"vfb-col-6 vfb-fieldType-date\" id=\"vfbField780\"><div class=\"vfb-form-group\"><label for=\"vfb-field-780\" class=\"vfb-control-label\">Ankunftstag <span class=\"vfb-required-asterisk\">*<\/span><\/label><div><input id=\"vfb-field-780\" class=\"vfb-form-control\" placeholder=\"\" required=\"required\" data-provide=\"datepicker\" data-date-format=\"dd\/mm\/yy\" data-date-language=\"de\" data-date-orientation=\"top left\" data-date-autoclose=\"1\" data-date-today-highlight=\"1\" type=\"text\" name=\"vfb-field-780\" value=\"\"><\/div><\/div><\/div><div class=\"vfb-col-6 vfb-fieldType-date\" id=\"vfbField781\"><div class=\"vfb-form-group\"><label for=\"vfb-field-781\" class=\"vfb-control-label\">Abfahrtstag <span class=\"vfb-required-asterisk\">*<\/span><\/label><div><input id=\"vfb-field-781\" class=\"vfb-form-control\" placeholder=\"\" required=\"required\" data-provide=\"datepicker\" data-date-format=\"dd\/mm\/yy\" data-date-language=\"de\" data-date-orientation=\"top left\" data-date-autoclose=\"1\" data-date-today-highlight=\"1\" type=\"text\" name=\"vfb-field-781\" value=\"\"><\/div><\/div><\/div><div class=\"vfb-clearfix\"><\/div><div class=\"vfb-col-6 vfb-fieldType-time\" id=\"vfbField782\"><div class=\"vfb-form-group\"><label for=\"vfb-field-782\" class=\"vfb-control-label\">Ankunftszeit <span class=\"vfb-required-asterisk\">*<\/span><\/label><div><input id=\"vfb-field-782\" class=\"vfb-form-control vfb-clockpicker\" placeholder=\"\" required=\"required\" data-donetext=\"Fertig\" data-placement=\"bottom\" data-align=\"left\" data-autoclose=\"1\" type=\"text\" name=\"vfb-field-782\" value=\"\"><\/div><\/div><\/div><div class=\"vfb-col-6 vfb-fieldType-time\" id=\"vfbField783\"><div class=\"vfb-form-group\"><label for=\"vfb-field-783\" class=\"vfb-control-label\">Abfahrtszeit <span class=\"vfb-required-asterisk\">*<\/span><\/label><div><input id=\"vfb-field-783\" class=\"vfb-form-control vfb-clockpicker\" placeholder=\"\" required=\"required\" data-donetext=\"Fertig\" data-placement=\"bottom\" data-align=\"left\" data-autoclose=\"1\" type=\"text\" name=\"vfb-field-783\" value=\"\"><\/div><\/div><\/div><div class=\"vfb-clearfix\"><\/div><div class=\"vfb-form-group vfb-col-12\"><div><h6 class=\"\">Pers\u00f6nliche Daten<\/h6><\/div><\/div><div class=\"vfb-col-12 vfb-fieldType-heading\" id=\"vfbField784\"><\/div><div class=\"vfb-clearfix\"><\/div><div class=\"vfb-col-6 vfb-fieldType-text\" id=\"vfbField785\"><div class=\"vfb-form-group\"><label for=\"vfb-field-785\" class=\"vfb-control-label\">Vollst\u00e4ndiger Name <span class=\"vfb-required-asterisk\">*<\/span><\/label><div><input id=\"vfb-field-785\" class=\"vfb-form-control\" placeholder=\"\" required=\"required\" type=\"text\" name=\"vfb-field-785\" value=\"\"><\/div><\/div><\/div><div class=\"vfb-col-6 vfb-fieldType-text\" id=\"vfbField786\"><div class=\"vfb-form-group\"><label for=\"vfb-field-786\" class=\"vfb-control-label\">Alter des Fahrers <span class=\"vfb-required-asterisk\">*<\/span><\/label><div><input id=\"vfb-field-786\" class=\"vfb-form-control\" placeholder=\"\" required=\"required\" type=\"text\" name=\"vfb-field-786\" value=\"\"><\/div><\/div><\/div><div class=\"vfb-clearfix\"><\/div><div class=\"vfb-col-6 vfb-fieldType-email\" id=\"vfbField787\"><div class=\"vfb-form-group\"><label for=\"vfb-field-787\" class=\"vfb-control-label\">E-Mail <span class=\"vfb-required-asterisk\">*<\/span><\/label><div><input id=\"vfb-field-787\" class=\"vfb-form-control\" placeholder=\"\" required=\"required\" type=\"email\" name=\"vfb-field-787\" value=\"\"><\/div><\/div><\/div><div class=\"vfb-col-6 vfb-fieldType-phone\" id=\"vfbField788\"><div class=\"vfb-form-group\"><label for=\"vfb-field-788\" class=\"vfb-control-label\">Telefon <span class=\"vfb-required-asterisk\">*<\/span><\/label><div><input id=\"vfb-field-788\" class=\"vfb-form-control vfb-intl-phone\" placeholder=\"\" required=\"required\" data-default-country=\"de\" type=\"tel\" name=\"vfb-field-788\" value=\"\"><\/div><\/div><\/div><div class=\"vfb-clearfix\"><\/div><div class=\"vfb-col-6 vfb-fieldType-text\" id=\"vfbField789\"><div class=\"vfb-form-group\"><label for=\"vfb-field-789\" class=\"vfb-control-label\">Land <span class=\"vfb-required-asterisk\">*<\/span><\/label><div><input id=\"vfb-field-789\" class=\"vfb-form-control\" placeholder=\"\" required=\"required\" type=\"text\" name=\"vfb-field-789\" value=\"\"><\/div><\/div><\/div><div class=\"vfb-col-6 vfb-fieldType-text\" id=\"vfbField790\"><div class=\"vfb-form-group\"><label for=\"vfb-field-790\" class=\"vfb-control-label\">Stadt<\/label><div><input id=\"vfb-field-790\" class=\"vfb-form-control\" placeholder=\"\" type=\"text\" name=\"vfb-field-790\" value=\"\"><\/div><\/div><\/div><div class=\"vfb-clearfix\"><\/div><div class=\"vfb-col-12 vfb-fieldType-textarea\" id=\"vfbField791\"><div class=\"vfb-form-group\"><label for=\"vfb-field-791\" class=\"vfb-control-label\">Kommentare<\/label><div><textarea id=\"vfb-field-791\" class=\"vfb-form-control\" placeholder=\"\" rows=\"4\" name=\"vfb-field-791\" cols=\"50\"><\/textarea><\/div><\/div><\/div><div class=\"vfb-clearfix\"><\/div><div class=\"vfb-col-12 vfb-fieldType-checkbox\" id=\"vfbField792\"><label for=\"vfb-field-792\" class=\"vfb-control-label\">Annahmepflicht <span class=\"vfb-required-asterisk\">*<\/span><\/label><div><div class=\"vfb-checkbox\"><label><input id=\"vfb-field-792-0\" class=\"\" placeholder=\"\" data-vfb-multiple=\"vfb-field-792\" required=\"required\" type=\"checkbox\" name=\"vfb-field-792[0]\" value=\"1\">Dieses Formular sammelt pers\u00f6nliche Daten, damit wir mit Ihnen in Kontakt kommen k\u00f6nnen. F\u00fcr mehrere Informationen  lesen Sie unser Politik \u00fcber Geheimschutz.<\/label><\/div><\/div><\/div><div class=\"vfb-clearfix\"><\/div><div class=\"vfb-col-12 vfb-fieldType-captcha\" id=\"vfbField874\"><div class=\"vfb-form-group\"><label for=\"vfb-field-874\" class=\"vfb-control-label\">Captcha <span class=\"vfb-required-asterisk\">*<\/span><\/label><div><div class=\"g-recaptcha\" data-sitekey=\"6LfGBhYhAAAAAHFHvz8f_otkJXlVn0b8sWjvF7d1\"><\/div><input type=\"hidden\" name=\"_vfb_recaptcha_enabled\" value=\"1\" id=\"\"><div class=\"vfb-has-error\" id=\"vfb-recaptcha-error\"><span class=\"vfb-help-block\">reCAPTCHA erforderlich.<\/span><\/div><\/div><\/div><\/div><div class=\"vfb-clearfix\"><\/div><div class=\"vfb-col-12 vfb-fieldType-submit\" id=\"vfbField777\"><button id=\"vfb-field-777\" class=\" btn btn-primary\" placeholder=\"\" type=\"submit\" name=\"_vfb-submit\">Absenden<\/button><\/div><div class=\"vfb-clearfix\"><\/div><\/form><\/p>\n","protected":false},"excerpt":{"rendered":"<p>Fabrik: CFMOTO<br \/>\nMotor: 450 cc<br \/>\nGetriebe: Manuell<br \/>\nSitze: 2<\/p>\n","protected":false},"author":1,"featured_media":0,"parent":17,"menu_order":1,"comment_status":"closed","ping_status":"closed","template":"page-templates\/room.php","meta":{"footnotes":""},"class_list":["post-2557","page","type-page","status-publish","hentry"],"yoast_head":"<!-- This site is optimized with the Yoast SEO plugin v27.1.1 - https:\/\/yoast.com\/product\/yoast-seo-wordpress\/ -->\n<title>CFMOTO MT 450 | Motorr\u00e4der Vermietung in Paros | Motorradvermietung Paros<\/title>\n<meta name=\"description\" content=\"Motorr\u00e4der CFMOTO MT 450 Vermietung in Paros. Wir verf\u00fcgen eine gro\u00dfe Auswahl an Motorr\u00e4der zum Mieten. 15% Rabatt f\u00fcr Online Buchungen. Motorradvermietung in Paros Griechenland.\" \/>\n<meta name=\"robots\" content=\"index, follow, max-snippet:-1, max-image-preview:large, max-video-preview:-1\" \/>\n<link rel=\"canonical\" href=\"https:\/\/parosrentcar.com\/de\/motorrader-vermietung-paros\/cfmoto-mt-450\/\" \/>\n<meta property=\"og:locale\" content=\"de_DE\" \/>\n<meta property=\"og:type\" content=\"article\" \/>\n<meta property=\"og:title\" content=\"CFMOTO MT 450 | Motorr\u00e4der Vermietung in Paros | Motorradvermietung Paros\" \/>\n<meta property=\"og:description\" content=\"Motorr\u00e4der CFMOTO MT 450 Vermietung in Paros. Wir verf\u00fcgen eine gro\u00dfe Auswahl an Motorr\u00e4der zum Mieten. 15% Rabatt f\u00fcr Online Buchungen. Motorradvermietung in Paros Griechenland.\" \/>\n<meta property=\"og:url\" content=\"https:\/\/parosrentcar.com\/de\/motorrader-vermietung-paros\/cfmoto-mt-450\/\" \/>\n<meta property=\"og:site_name\" content=\"\u039cietwagen in Paros Griechenland | Autovermietung in Paros Griechenland\" \/>\n<meta property=\"article:publisher\" content=\"https:\/\/www.facebook.com\/paroscarrental\" \/>\n<meta property=\"article:modified_time\" content=\"2026-01-26T08:13:14+00:00\" \/>\n<meta property=\"og:image\" content=\"https:\/\/parosrentcar.com\/de\/wp-content\/uploads\/2026\/01\/cfmoto-450.jpg\" \/>\n\t<meta property=\"og:image:width\" content=\"600\" \/>\n\t<meta property=\"og:image:height\" content=\"200\" \/>\n\t<meta property=\"og:image:type\" content=\"image\/jpeg\" \/>\n<meta name=\"twitter:card\" content=\"summary_large_image\" \/>\n<meta name=\"twitter:site\" content=\"@parosrentcar\" \/>\n<meta name=\"twitter:label1\" content=\"Gesch\u00e4tzte Lesezeit\" \/>\n\t<meta name=\"twitter:data1\" content=\"1\u00a0Minute\" \/>\n<script type=\"application\/ld+json\" class=\"yoast-schema-graph\">{\"@context\":\"https:\/\/schema.org\",\"@graph\":[{\"@type\":\"WebPage\",\"@id\":\"https:\/\/parosrentcar.com\/de\/motorrader-vermietung-paros\/cfmoto-mt-450\/\",\"url\":\"https:\/\/parosrentcar.com\/de\/motorrader-vermietung-paros\/cfmoto-mt-450\/\",\"name\":\"CFMOTO MT 450 | Motorr\u00e4der Vermietung in Paros | Motorradvermietung Paros\",\"isPartOf\":{\"@id\":\"https:\/\/parosrentcar.com\/de\/#website\"},\"primaryImageOfPage\":{\"@id\":\"https:\/\/parosrentcar.com\/de\/motorrader-vermietung-paros\/cfmoto-mt-450\/#primaryimage\"},\"image\":{\"@id\":\"https:\/\/parosrentcar.com\/de\/motorrader-vermietung-paros\/cfmoto-mt-450\/#primaryimage\"},\"thumbnailUrl\":\"https:\/\/parosrentcar.com\/de\/wp-content\/uploads\/2026\/01\/cfmoto-450.jpg\",\"datePublished\":\"2018-05-19T14:07:58+00:00\",\"dateModified\":\"2026-01-26T08:13:14+00:00\",\"description\":\"Motorr\u00e4der CFMOTO MT 450 Vermietung in Paros. Wir verf\u00fcgen eine gro\u00dfe Auswahl an Motorr\u00e4der zum Mieten. 15% Rabatt f\u00fcr Online Buchungen. Motorradvermietung in Paros Griechenland.\",\"breadcrumb\":{\"@id\":\"https:\/\/parosrentcar.com\/de\/motorrader-vermietung-paros\/cfmoto-mt-450\/#breadcrumb\"},\"inLanguage\":\"de\",\"potentialAction\":[{\"@type\":\"ReadAction\",\"target\":[\"https:\/\/parosrentcar.com\/de\/motorrader-vermietung-paros\/cfmoto-mt-450\/\"]}]},{\"@type\":\"ImageObject\",\"inLanguage\":\"de\",\"@id\":\"https:\/\/parosrentcar.com\/de\/motorrader-vermietung-paros\/cfmoto-mt-450\/#primaryimage\",\"url\":\"https:\/\/parosrentcar.com\/de\/wp-content\/uploads\/2026\/01\/cfmoto-450.jpg\",\"contentUrl\":\"https:\/\/parosrentcar.com\/de\/wp-content\/uploads\/2026\/01\/cfmoto-450.jpg\",\"width\":600,\"height\":200,\"caption\":\"CFMOTO MT 450\"},{\"@type\":\"BreadcrumbList\",\"@id\":\"https:\/\/parosrentcar.com\/de\/motorrader-vermietung-paros\/cfmoto-mt-450\/#breadcrumb\",\"itemListElement\":[{\"@type\":\"ListItem\",\"position\":1,\"name\":\"Home\",\"item\":\"https:\/\/parosrentcar.com\/de\/\"},{\"@type\":\"ListItem\",\"position\":2,\"name\":\"Motorradvermietung in Paros\",\"item\":\"https:\/\/parosrentcar.com\/de\/motorrader-vermietung-paros\/\"},{\"@type\":\"ListItem\",\"position\":3,\"name\":\"CFMOTO MT 450\"}]},{\"@type\":\"WebSite\",\"@id\":\"https:\/\/parosrentcar.com\/de\/#website\",\"url\":\"https:\/\/parosrentcar.com\/de\/\",\"name\":\"\u039cietwagen in Paros Griechenland | Autovermietung in Paros Griechenland\",\"description\":\"\u039cietwagen in Paros Griechenland\",\"potentialAction\":[{\"@type\":\"SearchAction\",\"target\":{\"@type\":\"EntryPoint\",\"urlTemplate\":\"https:\/\/parosrentcar.com\/de\/?s={search_term_string}\"},\"query-input\":{\"@type\":\"PropertyValueSpecification\",\"valueRequired\":true,\"valueName\":\"search_term_string\"}}],\"inLanguage\":\"de\"}]}<\/script>\n<!-- \/ Yoast SEO plugin. -->","yoast_head_json":{"title":"CFMOTO MT 450 | Motorr\u00e4der Vermietung in Paros | Motorradvermietung Paros","description":"Motorr\u00e4der CFMOTO MT 450 Vermietung in Paros. Wir verf\u00fcgen eine gro\u00dfe Auswahl an Motorr\u00e4der zum Mieten. 15% Rabatt f\u00fcr Online Buchungen. Motorradvermietung in Paros Griechenland.","robots":{"index":"index","follow":"follow","max-snippet":"max-snippet:-1","max-image-preview":"max-image-preview:large","max-video-preview":"max-video-preview:-1"},"canonical":"https:\/\/parosrentcar.com\/de\/motorrader-vermietung-paros\/cfmoto-mt-450\/","og_locale":"de_DE","og_type":"article","og_title":"CFMOTO MT 450 | Motorr\u00e4der Vermietung in Paros | Motorradvermietung Paros","og_description":"Motorr\u00e4der CFMOTO MT 450 Vermietung in Paros. Wir verf\u00fcgen eine gro\u00dfe Auswahl an Motorr\u00e4der zum Mieten. 15% Rabatt f\u00fcr Online Buchungen. Motorradvermietung in Paros Griechenland.","og_url":"https:\/\/parosrentcar.com\/de\/motorrader-vermietung-paros\/cfmoto-mt-450\/","og_site_name":"\u039cietwagen in Paros Griechenland | Autovermietung in Paros Griechenland","article_publisher":"https:\/\/www.facebook.com\/paroscarrental","article_modified_time":"2026-01-26T08:13:14+00:00","og_image":[{"width":600,"height":200,"url":"https:\/\/parosrentcar.com\/de\/wp-content\/uploads\/2026\/01\/cfmoto-450.jpg","type":"image\/jpeg"}],"twitter_card":"summary_large_image","twitter_site":"@parosrentcar","twitter_misc":{"Gesch\u00e4tzte Lesezeit":"1\u00a0Minute"},"schema":{"@context":"https:\/\/schema.org","@graph":[{"@type":"WebPage","@id":"https:\/\/parosrentcar.com\/de\/motorrader-vermietung-paros\/cfmoto-mt-450\/","url":"https:\/\/parosrentcar.com\/de\/motorrader-vermietung-paros\/cfmoto-mt-450\/","name":"CFMOTO MT 450 | Motorr\u00e4der Vermietung in Paros | Motorradvermietung Paros","isPartOf":{"@id":"https:\/\/parosrentcar.com\/de\/#website"},"primaryImageOfPage":{"@id":"https:\/\/parosrentcar.com\/de\/motorrader-vermietung-paros\/cfmoto-mt-450\/#primaryimage"},"image":{"@id":"https:\/\/parosrentcar.com\/de\/motorrader-vermietung-paros\/cfmoto-mt-450\/#primaryimage"},"thumbnailUrl":"https:\/\/parosrentcar.com\/de\/wp-content\/uploads\/2026\/01\/cfmoto-450.jpg","datePublished":"2018-05-19T14:07:58+00:00","dateModified":"2026-01-26T08:13:14+00:00","description":"Motorr\u00e4der CFMOTO MT 450 Vermietung in Paros. Wir verf\u00fcgen eine gro\u00dfe Auswahl an Motorr\u00e4der zum Mieten. 15% Rabatt f\u00fcr Online Buchungen. Motorradvermietung in Paros Griechenland.","breadcrumb":{"@id":"https:\/\/parosrentcar.com\/de\/motorrader-vermietung-paros\/cfmoto-mt-450\/#breadcrumb"},"inLanguage":"de","potentialAction":[{"@type":"ReadAction","target":["https:\/\/parosrentcar.com\/de\/motorrader-vermietung-paros\/cfmoto-mt-450\/"]}]},{"@type":"ImageObject","inLanguage":"de","@id":"https:\/\/parosrentcar.com\/de\/motorrader-vermietung-paros\/cfmoto-mt-450\/#primaryimage","url":"https:\/\/parosrentcar.com\/de\/wp-content\/uploads\/2026\/01\/cfmoto-450.jpg","contentUrl":"https:\/\/parosrentcar.com\/de\/wp-content\/uploads\/2026\/01\/cfmoto-450.jpg","width":600,"height":200,"caption":"CFMOTO MT 450"},{"@type":"BreadcrumbList","@id":"https:\/\/parosrentcar.com\/de\/motorrader-vermietung-paros\/cfmoto-mt-450\/#breadcrumb","itemListElement":[{"@type":"ListItem","position":1,"name":"Home","item":"https:\/\/parosrentcar.com\/de\/"},{"@type":"ListItem","position":2,"name":"Motorradvermietung in Paros","item":"https:\/\/parosrentcar.com\/de\/motorrader-vermietung-paros\/"},{"@type":"ListItem","position":3,"name":"CFMOTO MT 450"}]},{"@type":"WebSite","@id":"https:\/\/parosrentcar.com\/de\/#website","url":"https:\/\/parosrentcar.com\/de\/","name":"\u039cietwagen in Paros Griechenland | Autovermietung in Paros Griechenland","description":"\u039cietwagen in Paros Griechenland","potentialAction":[{"@type":"SearchAction","target":{"@type":"EntryPoint","urlTemplate":"https:\/\/parosrentcar.com\/de\/?s={search_term_string}"},"query-input":{"@type":"PropertyValueSpecification","valueRequired":true,"valueName":"search_term_string"}}],"inLanguage":"de"}]}},"_links":{"self":[{"href":"https:\/\/parosrentcar.com\/de\/wp-json\/wp\/v2\/pages\/2557","targetHints":{"allow":["GET"]}}],"collection":[{"href":"https:\/\/parosrentcar.com\/de\/wp-json\/wp\/v2\/pages"}],"about":[{"href":"https:\/\/parosrentcar.com\/de\/wp-json\/wp\/v2\/types\/page"}],"author":[{"embeddable":true,"href":"https:\/\/parosrentcar.com\/de\/wp-json\/wp\/v2\/users\/1"}],"replies":[{"embeddable":true,"href":"https:\/\/parosrentcar.com\/de\/wp-json\/wp\/v2\/comments?post=2557"}],"version-history":[{"count":7,"href":"https:\/\/parosrentcar.com\/de\/wp-json\/wp\/v2\/pages\/2557\/revisions"}],"predecessor-version":[{"id":35751,"href":"https:\/\/parosrentcar.com\/de\/wp-json\/wp\/v2\/pages\/2557\/revisions\/35751"}],"up":[{"embeddable":true,"href":"https:\/\/parosrentcar.com\/de\/wp-json\/wp\/v2\/pages\/17"}],"wp:attachment":[{"href":"https:\/\/parosrentcar.com\/de\/wp-json\/wp\/v2\/media?parent=2557"}],"curies":[{"name":"wp","href":"https:\/\/api.w.org\/{rel}","templated":true}]}}