{"id":19,"date":"2014-11-07T13:46:50","date_gmt":"2014-11-07T13:46:50","guid":{"rendered":"http:\/\/parosrentcar.com\/el\/?page_id=19"},"modified":"2022-08-05T05:09:34","modified_gmt":"2022-08-05T05:09:34","slug":"fahrrader-vermietung-paros","status":"publish","type":"page","link":"https:\/\/parosrentcar.com\/de\/fahrrader-vermietung-paros\/","title":{"rendered":"Fahrradvermietung in Paros"},"content":{"rendered":"<p>In unserer Firma k\u00f6nnen Sie ein gro\u00dfes Angebot an <strong>Fahrr\u00e4dern GT<\/strong> und <strong>MERIDA<\/strong> zur Vermietung finden. Immer die g\u00fcnstigsten Preise! F\u00fcr <strong>Online Buchungen<\/strong> w\u00e4hlen Sie das Fahrrad, das Ihnen gef\u00e4llt und f\u00fcllen Sie das Formular mit Ihren Daten.<\/p>\n<p><strong>In unseren Preisen wird nichts Extra versteckt und wird<\/strong> 24% Mehrwertsteuer enthalten \u2013 unbegrenzte Kilometer \u2013 einfache Versicherung dritter Personen gegen\u00fcber \u2013kostenloser Helm!<\/p>\n","protected":false},"excerpt":{"rendered":"<p>In unserer Firma k\u00f6nnen Sie ein gro\u00dfes Angebot an Fahrr\u00e4dern GT und MERIDA zur Vermietung finden. Immer die g\u00fcnstigsten Preise! F\u00fcr Online Buchungen w\u00e4hlen Sie das Fahrrad, das Ihnen gef\u00e4llt und f\u00fcllen Sie das Formular mit Ihren Daten. In unseren Preisen wird nichts Extra versteckt und wird 24% Mehrwertsteuer enthalten \u2013 unbegrenzte Kilometer \u2013 einfache Versicherung dritter Personen gegen\u00fcber \u2013kostenloser Helm!<\/p>\n","protected":false},"author":1,"featured_media":0,"parent":0,"menu_order":0,"comment_status":"closed","ping_status":"closed","template":"page-templates\/rooms.php","meta":{"footnotes":""},"class_list":["post-19","page","type-page","status-publish","hentry"],"yoast_head":"<!-- This site is optimized with the Yoast SEO plugin v27.1.1 - https:\/\/yoast.com\/product\/yoast-seo-wordpress\/ -->\n<title>Paros Fahrr\u00e4der \u2013 Fahrr\u00e4der Vermietung in Paros \u2013 Fahrradvermietung Paros<\/title>\n<meta name=\"description\" content=\"Paros Fahrr\u00e4der \u2013 Fahrr\u00e4der Vermietung in Paros. Wir verf\u00fcgen eine gro\u00dfe Auswahl an Fahrr\u00e4der zum Mieten. 15% Rabatt f\u00fcr Online Buchungen. Fahrradvermietung in Paros.\" \/>\n<meta name=\"robots\" content=\"index, follow, max-snippet:-1, max-image-preview:large, max-video-preview:-1\" \/>\n<link rel=\"canonical\" href=\"https:\/\/parosrentcar.com\/de\/fahrrader-vermietung-paros\/\" \/>\n<meta property=\"og:locale\" content=\"de_DE\" \/>\n<meta property=\"og:type\" content=\"article\" \/>\n<meta property=\"og:title\" content=\"Paros Fahrr\u00e4der \u2013 Fahrr\u00e4der Vermietung in Paros \u2013 Fahrradvermietung Paros\" \/>\n<meta property=\"og:description\" content=\"Paros Fahrr\u00e4der \u2013 Fahrr\u00e4der Vermietung in Paros. Wir verf\u00fcgen eine gro\u00dfe Auswahl an Fahrr\u00e4der zum Mieten. 15% Rabatt f\u00fcr Online Buchungen. Fahrradvermietung in Paros.\" \/>\n<meta property=\"og:url\" content=\"https:\/\/parosrentcar.com\/de\/fahrrader-vermietung-paros\/\" \/>\n<meta property=\"og:site_name\" content=\"\u039cietwagen in Paros Griechenland | Autovermietung in Paros Griechenland\" \/>\n<meta property=\"article:publisher\" content=\"https:\/\/www.facebook.com\/paroscarrental\" \/>\n<meta property=\"article:modified_time\" content=\"2022-08-05T05:09:34+00:00\" \/>\n<meta name=\"twitter:card\" content=\"summary_large_image\" \/>\n<meta name=\"twitter:site\" content=\"@parosrentcar\" \/>\n<meta name=\"twitter:label1\" content=\"Gesch\u00e4tzte Lesezeit\" \/>\n\t<meta name=\"twitter:data1\" content=\"1\u00a0Minute\" \/>\n<script type=\"application\/ld+json\" class=\"yoast-schema-graph\">{\"@context\":\"https:\/\/schema.org\",\"@graph\":[{\"@type\":\"WebPage\",\"@id\":\"https:\/\/parosrentcar.com\/de\/fahrrader-vermietung-paros\/\",\"url\":\"https:\/\/parosrentcar.com\/de\/fahrrader-vermietung-paros\/\",\"name\":\"Paros Fahrr\u00e4der \u2013 Fahrr\u00e4der Vermietung in Paros \u2013 Fahrradvermietung Paros\",\"isPartOf\":{\"@id\":\"https:\/\/parosrentcar.com\/de\/#website\"},\"datePublished\":\"2014-11-07T13:46:50+00:00\",\"dateModified\":\"2022-08-05T05:09:34+00:00\",\"description\":\"Paros Fahrr\u00e4der \u2013 Fahrr\u00e4der Vermietung in Paros. Wir verf\u00fcgen eine gro\u00dfe Auswahl an Fahrr\u00e4der zum Mieten. 15% Rabatt f\u00fcr Online Buchungen. Fahrradvermietung in Paros.\",\"breadcrumb\":{\"@id\":\"https:\/\/parosrentcar.com\/de\/fahrrader-vermietung-paros\/#breadcrumb\"},\"inLanguage\":\"de\",\"potentialAction\":[{\"@type\":\"ReadAction\",\"target\":[\"https:\/\/parosrentcar.com\/de\/fahrrader-vermietung-paros\/\"]}]},{\"@type\":\"BreadcrumbList\",\"@id\":\"https:\/\/parosrentcar.com\/de\/fahrrader-vermietung-paros\/#breadcrumb\",\"itemListElement\":[{\"@type\":\"ListItem\",\"position\":1,\"name\":\"Home\",\"item\":\"https:\/\/parosrentcar.com\/de\/\"},{\"@type\":\"ListItem\",\"position\":2,\"name\":\"Fahrradvermietung in Paros\"}]},{\"@type\":\"WebSite\",\"@id\":\"https:\/\/parosrentcar.com\/de\/#website\",\"url\":\"https:\/\/parosrentcar.com\/de\/\",\"name\":\"\u039cietwagen in Paros Griechenland | Autovermietung in Paros Griechenland\",\"description\":\"\u039cietwagen in Paros Griechenland\",\"potentialAction\":[{\"@type\":\"SearchAction\",\"target\":{\"@type\":\"EntryPoint\",\"urlTemplate\":\"https:\/\/parosrentcar.com\/de\/?s={search_term_string}\"},\"query-input\":{\"@type\":\"PropertyValueSpecification\",\"valueRequired\":true,\"valueName\":\"search_term_string\"}}],\"inLanguage\":\"de\"}]}<\/script>\n<!-- \/ Yoast SEO plugin. -->","yoast_head_json":{"title":"Paros Fahrr\u00e4der \u2013 Fahrr\u00e4der Vermietung in Paros \u2013 Fahrradvermietung Paros","description":"Paros Fahrr\u00e4der \u2013 Fahrr\u00e4der Vermietung in Paros. Wir verf\u00fcgen eine gro\u00dfe Auswahl an Fahrr\u00e4der zum Mieten. 15% Rabatt f\u00fcr Online Buchungen. Fahrradvermietung in Paros.","robots":{"index":"index","follow":"follow","max-snippet":"max-snippet:-1","max-image-preview":"max-image-preview:large","max-video-preview":"max-video-preview:-1"},"canonical":"https:\/\/parosrentcar.com\/de\/fahrrader-vermietung-paros\/","og_locale":"de_DE","og_type":"article","og_title":"Paros Fahrr\u00e4der \u2013 Fahrr\u00e4der Vermietung in Paros \u2013 Fahrradvermietung Paros","og_description":"Paros Fahrr\u00e4der \u2013 Fahrr\u00e4der Vermietung in Paros. Wir verf\u00fcgen eine gro\u00dfe Auswahl an Fahrr\u00e4der zum Mieten. 15% Rabatt f\u00fcr Online Buchungen. Fahrradvermietung in Paros.","og_url":"https:\/\/parosrentcar.com\/de\/fahrrader-vermietung-paros\/","og_site_name":"\u039cietwagen in Paros Griechenland | Autovermietung in Paros Griechenland","article_publisher":"https:\/\/www.facebook.com\/paroscarrental","article_modified_time":"2022-08-05T05:09:34+00:00","twitter_card":"summary_large_image","twitter_site":"@parosrentcar","twitter_misc":{"Gesch\u00e4tzte Lesezeit":"1\u00a0Minute"},"schema":{"@context":"https:\/\/schema.org","@graph":[{"@type":"WebPage","@id":"https:\/\/parosrentcar.com\/de\/fahrrader-vermietung-paros\/","url":"https:\/\/parosrentcar.com\/de\/fahrrader-vermietung-paros\/","name":"Paros Fahrr\u00e4der \u2013 Fahrr\u00e4der Vermietung in Paros \u2013 Fahrradvermietung Paros","isPartOf":{"@id":"https:\/\/parosrentcar.com\/de\/#website"},"datePublished":"2014-11-07T13:46:50+00:00","dateModified":"2022-08-05T05:09:34+00:00","description":"Paros Fahrr\u00e4der \u2013 Fahrr\u00e4der Vermietung in Paros. Wir verf\u00fcgen eine gro\u00dfe Auswahl an Fahrr\u00e4der zum Mieten. 15% Rabatt f\u00fcr Online Buchungen. Fahrradvermietung in Paros.","breadcrumb":{"@id":"https:\/\/parosrentcar.com\/de\/fahrrader-vermietung-paros\/#breadcrumb"},"inLanguage":"de","potentialAction":[{"@type":"ReadAction","target":["https:\/\/parosrentcar.com\/de\/fahrrader-vermietung-paros\/"]}]},{"@type":"BreadcrumbList","@id":"https:\/\/parosrentcar.com\/de\/fahrrader-vermietung-paros\/#breadcrumb","itemListElement":[{"@type":"ListItem","position":1,"name":"Home","item":"https:\/\/parosrentcar.com\/de\/"},{"@type":"ListItem","position":2,"name":"Fahrradvermietung in Paros"}]},{"@type":"WebSite","@id":"https:\/\/parosrentcar.com\/de\/#website","url":"https:\/\/parosrentcar.com\/de\/","name":"\u039cietwagen in Paros Griechenland | Autovermietung in Paros Griechenland","description":"\u039cietwagen in Paros Griechenland","potentialAction":[{"@type":"SearchAction","target":{"@type":"EntryPoint","urlTemplate":"https:\/\/parosrentcar.com\/de\/?s={search_term_string}"},"query-input":{"@type":"PropertyValueSpecification","valueRequired":true,"valueName":"search_term_string"}}],"inLanguage":"de"}]}},"_links":{"self":[{"href":"https:\/\/parosrentcar.com\/de\/wp-json\/wp\/v2\/pages\/19","targetHints":{"allow":["GET"]}}],"collection":[{"href":"https:\/\/parosrentcar.com\/de\/wp-json\/wp\/v2\/pages"}],"about":[{"href":"https:\/\/parosrentcar.com\/de\/wp-json\/wp\/v2\/types\/page"}],"author":[{"embeddable":true,"href":"https:\/\/parosrentcar.com\/de\/wp-json\/wp\/v2\/users\/1"}],"replies":[{"embeddable":true,"href":"https:\/\/parosrentcar.com\/de\/wp-json\/wp\/v2\/comments?post=19"}],"version-history":[{"count":7,"href":"https:\/\/parosrentcar.com\/de\/wp-json\/wp\/v2\/pages\/19\/revisions"}],"predecessor-version":[{"id":2309,"href":"https:\/\/parosrentcar.com\/de\/wp-json\/wp\/v2\/pages\/19\/revisions\/2309"}],"wp:attachment":[{"href":"https:\/\/parosrentcar.com\/de\/wp-json\/wp\/v2\/media?parent=19"}],"curies":[{"name":"wp","href":"https:\/\/api.w.org\/{rel}","templated":true}]}}