{"id":1385,"date":"2014-12-13T15:36:49","date_gmt":"2014-12-13T15:36:49","guid":{"rendered":"http:\/\/parosrentcar.com\/el\/?page_id=1385"},"modified":"2015-02-28T06:51:54","modified_gmt":"2015-02-28T06:51:54","slug":"ampelas","status":"publish","type":"page","link":"https:\/\/parosrentcar.com\/de\/paros-dorfer\/ampelas\/","title":{"rendered":"Ampelas"},"content":{"rendered":"<p>Es ist ein kleines am Meer liegendes Dorf im n\u00f6rdlichen Teil von Paros, 5 km \u00f6stlich von Naussa, wor\u00fcber es auch regiert wird.\u00a0 <strong>Ampelas<\/strong> hat eine <strong>wichtige touristische Entwicklung <\/strong>mit Hotelanlagen und Restaurants, w\u00e4hrend sein sch\u00f6ner Strand wird als ein\u00a0 sauberster und ruhigerer Strand \u00a0bezeichnet.<\/p>\n<p>Es gibt viele Lokale und <strong>Restaurants<\/strong>, wo Sie einheimische leckere Spezialit\u00e4ten probieren \u00a0oder\u00a0 \u00a0frisch gemachte S\u00e4fte mit Blick auf\u00a0 Dorf und auf \u00a0Strand genie\u00dfen k\u00f6nnen. Dort gibt es sch\u00f6ne <strong>Str\u00e4nden<\/strong> mit Blick auf Naxos, gleichzeitig ist das Dorf ein geeignetes Ziel f\u00fcr alle diejenigen, die in Ruhe \u00a0sein m\u00f6chten, entfernt von den kospolitischen touristischen Ferienorten. Es gibt dort viele Hotels und Zimmer zum Mieten, die alle Leistungen bieten.<\/p>\n","protected":false},"excerpt":{"rendered":"<p>Es ist ein kleines am Meer liegendes Dorf im n\u00f6rdlichen Teil von Paros, 5 km \u00f6stlich von Naussa, wor\u00fcber es auch regiert wird.\u00a0 Ampelas hat eine wichtige touristische Entwicklung mit Hotelanlagen und Restaurants, w\u00e4hrend sein sch\u00f6ner Strand wird als ein\u00a0 sauberster und ruhigerer Strand \u00a0bezeichnet. Es gibt viele Lokale und Restaurants, wo Sie einheimische leckere Spezialit\u00e4ten probieren \u00a0oder\u00a0 \u00a0frisch gemachte S\u00e4fte mit Blick auf\u00a0 Dorf und auf \u00a0Strand genie\u00dfen k\u00f6nnen. Dort gibt es sch\u00f6ne Str\u00e4nden mit Blick auf Naxos, gleichzeitig ist das Dorf ein geeignetes Ziel f\u00fcr alle diejenigen, die in Ruhe \u00a0sein m\u00f6chten, entfernt von den kospolitischen touristischen Ferienorten. Es gibt dort viele Hotels und Zimmer zum Mieten, die [&hellip;]<\/p>\n","protected":false},"author":1,"featured_media":0,"parent":1380,"menu_order":0,"comment_status":"closed","ping_status":"closed","template":"","meta":{"footnotes":""},"class_list":["post-1385","page","type-page","status-publish","hentry"],"yoast_head":"<!-- This site is optimized with the Yoast SEO plugin v27.1.1 - https:\/\/yoast.com\/product\/yoast-seo-wordpress\/ -->\n<title>Ampelas- ParosEuropeanRent \u2013 Paros Mietwagen Griechenland<\/title>\n<meta name=\"description\" content=\"Ampelas-Mieten Sie ein Auto, Buggy, Roller, Motorrad, quad, atv und entdecken Sie die Sehensw\u00fcrdigkeiten und die Str\u00e4nde von Paros.\" \/>\n<meta name=\"robots\" content=\"index, follow, max-snippet:-1, max-image-preview:large, max-video-preview:-1\" \/>\n<link rel=\"canonical\" href=\"https:\/\/parosrentcar.com\/de\/paros-dorfer\/ampelas\/\" \/>\n<meta property=\"og:locale\" content=\"de_DE\" \/>\n<meta property=\"og:type\" content=\"article\" \/>\n<meta property=\"og:title\" content=\"Ampelas- ParosEuropeanRent \u2013 Paros Mietwagen Griechenland\" \/>\n<meta property=\"og:description\" content=\"Ampelas-Mieten Sie ein Auto, Buggy, Roller, Motorrad, quad, atv und entdecken Sie die Sehensw\u00fcrdigkeiten und die Str\u00e4nde von Paros.\" \/>\n<meta property=\"og:url\" content=\"https:\/\/parosrentcar.com\/de\/paros-dorfer\/ampelas\/\" \/>\n<meta property=\"og:site_name\" content=\"\u039cietwagen in Paros Griechenland | Autovermietung in Paros Griechenland\" \/>\n<meta property=\"article:publisher\" content=\"https:\/\/www.facebook.com\/paroscarrental\" \/>\n<meta property=\"article:modified_time\" content=\"2015-02-28T06:51:54+00:00\" \/>\n<meta name=\"twitter:card\" content=\"summary_large_image\" \/>\n<meta name=\"twitter:site\" content=\"@parosrentcar\" \/>\n<meta name=\"twitter:label1\" content=\"Gesch\u00e4tzte Lesezeit\" \/>\n\t<meta name=\"twitter:data1\" content=\"1\u00a0Minute\" \/>\n<script type=\"application\/ld+json\" class=\"yoast-schema-graph\">{\"@context\":\"https:\/\/schema.org\",\"@graph\":[{\"@type\":\"WebPage\",\"@id\":\"https:\/\/parosrentcar.com\/de\/paros-dorfer\/ampelas\/\",\"url\":\"https:\/\/parosrentcar.com\/de\/paros-dorfer\/ampelas\/\",\"name\":\"Ampelas- ParosEuropeanRent \u2013 Paros Mietwagen Griechenland\",\"isPartOf\":{\"@id\":\"https:\/\/parosrentcar.com\/de\/#website\"},\"datePublished\":\"2014-12-13T15:36:49+00:00\",\"dateModified\":\"2015-02-28T06:51:54+00:00\",\"description\":\"Ampelas-Mieten Sie ein Auto, Buggy, Roller, Motorrad, quad, atv und entdecken Sie die Sehensw\u00fcrdigkeiten und die Str\u00e4nde von Paros.\",\"breadcrumb\":{\"@id\":\"https:\/\/parosrentcar.com\/de\/paros-dorfer\/ampelas\/#breadcrumb\"},\"inLanguage\":\"de\",\"potentialAction\":[{\"@type\":\"ReadAction\",\"target\":[\"https:\/\/parosrentcar.com\/de\/paros-dorfer\/ampelas\/\"]}]},{\"@type\":\"BreadcrumbList\",\"@id\":\"https:\/\/parosrentcar.com\/de\/paros-dorfer\/ampelas\/#breadcrumb\",\"itemListElement\":[{\"@type\":\"ListItem\",\"position\":1,\"name\":\"Home\",\"item\":\"https:\/\/parosrentcar.com\/de\/\"},{\"@type\":\"ListItem\",\"position\":2,\"name\":\"D\u00f6rfer\",\"item\":\"https:\/\/parosrentcar.com\/de\/paros-dorfer\/\"},{\"@type\":\"ListItem\",\"position\":3,\"name\":\"Ampelas\"}]},{\"@type\":\"WebSite\",\"@id\":\"https:\/\/parosrentcar.com\/de\/#website\",\"url\":\"https:\/\/parosrentcar.com\/de\/\",\"name\":\"\u039cietwagen in Paros Griechenland | Autovermietung in Paros Griechenland\",\"description\":\"\u039cietwagen in Paros Griechenland\",\"potentialAction\":[{\"@type\":\"SearchAction\",\"target\":{\"@type\":\"EntryPoint\",\"urlTemplate\":\"https:\/\/parosrentcar.com\/de\/?s={search_term_string}\"},\"query-input\":{\"@type\":\"PropertyValueSpecification\",\"valueRequired\":true,\"valueName\":\"search_term_string\"}}],\"inLanguage\":\"de\"}]}<\/script>\n<!-- \/ Yoast SEO plugin. -->","yoast_head_json":{"title":"Ampelas- ParosEuropeanRent \u2013 Paros Mietwagen Griechenland","description":"Ampelas-Mieten Sie ein Auto, Buggy, Roller, Motorrad, quad, atv und entdecken Sie die Sehensw\u00fcrdigkeiten und die Str\u00e4nde von Paros.","robots":{"index":"index","follow":"follow","max-snippet":"max-snippet:-1","max-image-preview":"max-image-preview:large","max-video-preview":"max-video-preview:-1"},"canonical":"https:\/\/parosrentcar.com\/de\/paros-dorfer\/ampelas\/","og_locale":"de_DE","og_type":"article","og_title":"Ampelas- ParosEuropeanRent \u2013 Paros Mietwagen Griechenland","og_description":"Ampelas-Mieten Sie ein Auto, Buggy, Roller, Motorrad, quad, atv und entdecken Sie die Sehensw\u00fcrdigkeiten und die Str\u00e4nde von Paros.","og_url":"https:\/\/parosrentcar.com\/de\/paros-dorfer\/ampelas\/","og_site_name":"\u039cietwagen in Paros Griechenland | Autovermietung in Paros Griechenland","article_publisher":"https:\/\/www.facebook.com\/paroscarrental","article_modified_time":"2015-02-28T06:51:54+00:00","twitter_card":"summary_large_image","twitter_site":"@parosrentcar","twitter_misc":{"Gesch\u00e4tzte Lesezeit":"1\u00a0Minute"},"schema":{"@context":"https:\/\/schema.org","@graph":[{"@type":"WebPage","@id":"https:\/\/parosrentcar.com\/de\/paros-dorfer\/ampelas\/","url":"https:\/\/parosrentcar.com\/de\/paros-dorfer\/ampelas\/","name":"Ampelas- ParosEuropeanRent \u2013 Paros Mietwagen Griechenland","isPartOf":{"@id":"https:\/\/parosrentcar.com\/de\/#website"},"datePublished":"2014-12-13T15:36:49+00:00","dateModified":"2015-02-28T06:51:54+00:00","description":"Ampelas-Mieten Sie ein Auto, Buggy, Roller, Motorrad, quad, atv und entdecken Sie die Sehensw\u00fcrdigkeiten und die Str\u00e4nde von Paros.","breadcrumb":{"@id":"https:\/\/parosrentcar.com\/de\/paros-dorfer\/ampelas\/#breadcrumb"},"inLanguage":"de","potentialAction":[{"@type":"ReadAction","target":["https:\/\/parosrentcar.com\/de\/paros-dorfer\/ampelas\/"]}]},{"@type":"BreadcrumbList","@id":"https:\/\/parosrentcar.com\/de\/paros-dorfer\/ampelas\/#breadcrumb","itemListElement":[{"@type":"ListItem","position":1,"name":"Home","item":"https:\/\/parosrentcar.com\/de\/"},{"@type":"ListItem","position":2,"name":"D\u00f6rfer","item":"https:\/\/parosrentcar.com\/de\/paros-dorfer\/"},{"@type":"ListItem","position":3,"name":"Ampelas"}]},{"@type":"WebSite","@id":"https:\/\/parosrentcar.com\/de\/#website","url":"https:\/\/parosrentcar.com\/de\/","name":"\u039cietwagen in Paros Griechenland | Autovermietung in Paros Griechenland","description":"\u039cietwagen in Paros Griechenland","potentialAction":[{"@type":"SearchAction","target":{"@type":"EntryPoint","urlTemplate":"https:\/\/parosrentcar.com\/de\/?s={search_term_string}"},"query-input":{"@type":"PropertyValueSpecification","valueRequired":true,"valueName":"search_term_string"}}],"inLanguage":"de"}]}},"_links":{"self":[{"href":"https:\/\/parosrentcar.com\/de\/wp-json\/wp\/v2\/pages\/1385","targetHints":{"allow":["GET"]}}],"collection":[{"href":"https:\/\/parosrentcar.com\/de\/wp-json\/wp\/v2\/pages"}],"about":[{"href":"https:\/\/parosrentcar.com\/de\/wp-json\/wp\/v2\/types\/page"}],"author":[{"embeddable":true,"href":"https:\/\/parosrentcar.com\/de\/wp-json\/wp\/v2\/users\/1"}],"replies":[{"embeddable":true,"href":"https:\/\/parosrentcar.com\/de\/wp-json\/wp\/v2\/comments?post=1385"}],"version-history":[{"count":1,"href":"https:\/\/parosrentcar.com\/de\/wp-json\/wp\/v2\/pages\/1385\/revisions"}],"predecessor-version":[{"id":2004,"href":"https:\/\/parosrentcar.com\/de\/wp-json\/wp\/v2\/pages\/1385\/revisions\/2004"}],"up":[{"embeddable":true,"href":"https:\/\/parosrentcar.com\/de\/wp-json\/wp\/v2\/pages\/1380"}],"wp:attachment":[{"href":"https:\/\/parosrentcar.com\/de\/wp-json\/wp\/v2\/media?parent=1385"}],"curies":[{"name":"wp","href":"https:\/\/api.w.org\/{rel}","templated":true}]}}