{"id":1382,"date":"2014-12-13T15:35:03","date_gmt":"2014-12-13T15:35:03","guid":{"rendered":"http:\/\/parosrentcar.com\/el\/?page_id=1382"},"modified":"2015-02-28T06:50:51","modified_gmt":"2015-02-28T06:50:51","slug":"aliki","status":"publish","type":"page","link":"https:\/\/parosrentcar.com\/de\/paros-dorfer\/aliki\/","title":{"rendered":"Aliki"},"content":{"rendered":"<p><strong>Aliki ist ein Fischerdorf<\/strong> am s\u00fcdlichsten Punkt von Paros. Es liegt 12 km vom Hafen, in der N\u00e4he vom Flughafen. Das Dorf ist ein Ziel besonders f\u00fcr Familien, weil es dort ruhige Str\u00e4nde ( Agios Nikolaos, Aliki, Piso Aliki ) Lokale, wie auch <strong>Festivals<\/strong>, die im Juni stattfinden ( der Feiertag von Agio\u00a0 Ioanni\u00a0 Klidona \u00a0) , am 6. August ( Metamorphosi Sotira ) und am 14. September ( Timios Stavros).<\/p>\n<p>Sie k\u00f6nnen dort nicht nur verschiedene Unterk\u00fcnfte, sondern auch eine Apotheke und einen Supermarkt, w\u00e4hrend \u00a0im Kindergarten und auf Fu\u00dfball \u2013 Basketball \u2013und Volleyballpl\u00e4tze k\u00f6nnen \u00a0Ihre Kinder sich \u00a0austoben. Im Dorf k\u00f6nnen Sie auch das zykladische <strong>Landeskunde Museum\u00a0 Skorpios<\/strong> besuchen, das der selbstgelernte K\u00fcnstler Benetos Skiadas gegr\u00fcndet hat und eine Joga \u2013 Schule.<\/p>\n<p>Da es oft im Sommer sehr oft windig ist, ist der ideale Ort zum Segeln. Wenn Sie das Tauchen lieben, der dortige Meeresgrund wird Sie \u00a0bezaubern. Der Ort ist <strong>touristisch<\/strong> und befriedigt alle Geschmacke, was die Unterkunft, das\u00a0 Essen und die Unterhaltung betrifft.<\/p>\n","protected":false},"excerpt":{"rendered":"<p>Aliki ist ein Fischerdorf am s\u00fcdlichsten Punkt von Paros. Es liegt 12 km vom Hafen, in der N\u00e4he vom Flughafen. Das Dorf ist ein Ziel besonders f\u00fcr Familien, weil es dort ruhige Str\u00e4nde ( Agios Nikolaos, Aliki, Piso Aliki ) Lokale, wie auch Festivals, die im Juni stattfinden ( der Feiertag von Agio\u00a0 Ioanni\u00a0 Klidona \u00a0) , am 6. August ( Metamorphosi Sotira ) und am 14. September ( Timios Stavros). Sie k\u00f6nnen dort nicht nur verschiedene Unterk\u00fcnfte, sondern auch eine Apotheke und einen Supermarkt, w\u00e4hrend \u00a0im Kindergarten und auf Fu\u00dfball \u2013 Basketball \u2013und Volleyballpl\u00e4tze k\u00f6nnen \u00a0Ihre Kinder sich \u00a0austoben. Im Dorf k\u00f6nnen Sie auch das zykladische Landeskunde Museum\u00a0 Skorpios [&hellip;]<\/p>\n","protected":false},"author":1,"featured_media":0,"parent":1380,"menu_order":0,"comment_status":"closed","ping_status":"closed","template":"","meta":{"footnotes":""},"class_list":["post-1382","page","type-page","status-publish","hentry"],"yoast_head":"<!-- This site is optimized with the Yoast SEO plugin v27.1.1 - https:\/\/yoast.com\/product\/yoast-seo-wordpress\/ -->\n<title>Aliki- ParosEuropeanRent \u2013 Paros Mietwagen Griechenland<\/title>\n<meta name=\"description\" content=\"Aliki-Mieten Sie ein Auto, Buggy, Roller, Motorrad, quad, atv und entdecken Sie die Sehensw\u00fcrdigkeiten und die Str\u00e4nde von Paros.\" \/>\n<meta name=\"robots\" content=\"index, follow, max-snippet:-1, max-image-preview:large, max-video-preview:-1\" \/>\n<link rel=\"canonical\" href=\"https:\/\/parosrentcar.com\/de\/paros-dorfer\/aliki\/\" \/>\n<meta property=\"og:locale\" content=\"de_DE\" \/>\n<meta property=\"og:type\" content=\"article\" \/>\n<meta property=\"og:title\" content=\"Aliki- ParosEuropeanRent \u2013 Paros Mietwagen Griechenland\" \/>\n<meta property=\"og:description\" content=\"Aliki-Mieten Sie ein Auto, Buggy, Roller, Motorrad, quad, atv und entdecken Sie die Sehensw\u00fcrdigkeiten und die Str\u00e4nde von Paros.\" \/>\n<meta property=\"og:url\" content=\"https:\/\/parosrentcar.com\/de\/paros-dorfer\/aliki\/\" \/>\n<meta property=\"og:site_name\" content=\"\u039cietwagen in Paros Griechenland | Autovermietung in Paros Griechenland\" \/>\n<meta property=\"article:publisher\" content=\"https:\/\/www.facebook.com\/paroscarrental\" \/>\n<meta property=\"article:modified_time\" content=\"2015-02-28T06:50:51+00:00\" \/>\n<meta name=\"twitter:card\" content=\"summary_large_image\" \/>\n<meta name=\"twitter:site\" content=\"@parosrentcar\" \/>\n<meta name=\"twitter:label1\" content=\"Gesch\u00e4tzte Lesezeit\" \/>\n\t<meta name=\"twitter:data1\" content=\"1\u00a0Minute\" \/>\n<script type=\"application\/ld+json\" class=\"yoast-schema-graph\">{\"@context\":\"https:\/\/schema.org\",\"@graph\":[{\"@type\":\"WebPage\",\"@id\":\"https:\/\/parosrentcar.com\/de\/paros-dorfer\/aliki\/\",\"url\":\"https:\/\/parosrentcar.com\/de\/paros-dorfer\/aliki\/\",\"name\":\"Aliki- ParosEuropeanRent \u2013 Paros Mietwagen Griechenland\",\"isPartOf\":{\"@id\":\"https:\/\/parosrentcar.com\/de\/#website\"},\"datePublished\":\"2014-12-13T15:35:03+00:00\",\"dateModified\":\"2015-02-28T06:50:51+00:00\",\"description\":\"Aliki-Mieten Sie ein Auto, Buggy, Roller, Motorrad, quad, atv und entdecken Sie die Sehensw\u00fcrdigkeiten und die Str\u00e4nde von Paros.\",\"breadcrumb\":{\"@id\":\"https:\/\/parosrentcar.com\/de\/paros-dorfer\/aliki\/#breadcrumb\"},\"inLanguage\":\"de\",\"potentialAction\":[{\"@type\":\"ReadAction\",\"target\":[\"https:\/\/parosrentcar.com\/de\/paros-dorfer\/aliki\/\"]}]},{\"@type\":\"BreadcrumbList\",\"@id\":\"https:\/\/parosrentcar.com\/de\/paros-dorfer\/aliki\/#breadcrumb\",\"itemListElement\":[{\"@type\":\"ListItem\",\"position\":1,\"name\":\"Home\",\"item\":\"https:\/\/parosrentcar.com\/de\/\"},{\"@type\":\"ListItem\",\"position\":2,\"name\":\"D\u00f6rfer\",\"item\":\"https:\/\/parosrentcar.com\/de\/paros-dorfer\/\"},{\"@type\":\"ListItem\",\"position\":3,\"name\":\"Aliki\"}]},{\"@type\":\"WebSite\",\"@id\":\"https:\/\/parosrentcar.com\/de\/#website\",\"url\":\"https:\/\/parosrentcar.com\/de\/\",\"name\":\"\u039cietwagen in Paros Griechenland | Autovermietung in Paros Griechenland\",\"description\":\"\u039cietwagen in Paros Griechenland\",\"potentialAction\":[{\"@type\":\"SearchAction\",\"target\":{\"@type\":\"EntryPoint\",\"urlTemplate\":\"https:\/\/parosrentcar.com\/de\/?s={search_term_string}\"},\"query-input\":{\"@type\":\"PropertyValueSpecification\",\"valueRequired\":true,\"valueName\":\"search_term_string\"}}],\"inLanguage\":\"de\"}]}<\/script>\n<!-- \/ Yoast SEO plugin. -->","yoast_head_json":{"title":"Aliki- ParosEuropeanRent \u2013 Paros Mietwagen Griechenland","description":"Aliki-Mieten Sie ein Auto, Buggy, Roller, Motorrad, quad, atv und entdecken Sie die Sehensw\u00fcrdigkeiten und die Str\u00e4nde von Paros.","robots":{"index":"index","follow":"follow","max-snippet":"max-snippet:-1","max-image-preview":"max-image-preview:large","max-video-preview":"max-video-preview:-1"},"canonical":"https:\/\/parosrentcar.com\/de\/paros-dorfer\/aliki\/","og_locale":"de_DE","og_type":"article","og_title":"Aliki- ParosEuropeanRent \u2013 Paros Mietwagen Griechenland","og_description":"Aliki-Mieten Sie ein Auto, Buggy, Roller, Motorrad, quad, atv und entdecken Sie die Sehensw\u00fcrdigkeiten und die Str\u00e4nde von Paros.","og_url":"https:\/\/parosrentcar.com\/de\/paros-dorfer\/aliki\/","og_site_name":"\u039cietwagen in Paros Griechenland | Autovermietung in Paros Griechenland","article_publisher":"https:\/\/www.facebook.com\/paroscarrental","article_modified_time":"2015-02-28T06:50:51+00:00","twitter_card":"summary_large_image","twitter_site":"@parosrentcar","twitter_misc":{"Gesch\u00e4tzte Lesezeit":"1\u00a0Minute"},"schema":{"@context":"https:\/\/schema.org","@graph":[{"@type":"WebPage","@id":"https:\/\/parosrentcar.com\/de\/paros-dorfer\/aliki\/","url":"https:\/\/parosrentcar.com\/de\/paros-dorfer\/aliki\/","name":"Aliki- ParosEuropeanRent \u2013 Paros Mietwagen Griechenland","isPartOf":{"@id":"https:\/\/parosrentcar.com\/de\/#website"},"datePublished":"2014-12-13T15:35:03+00:00","dateModified":"2015-02-28T06:50:51+00:00","description":"Aliki-Mieten Sie ein Auto, Buggy, Roller, Motorrad, quad, atv und entdecken Sie die Sehensw\u00fcrdigkeiten und die Str\u00e4nde von Paros.","breadcrumb":{"@id":"https:\/\/parosrentcar.com\/de\/paros-dorfer\/aliki\/#breadcrumb"},"inLanguage":"de","potentialAction":[{"@type":"ReadAction","target":["https:\/\/parosrentcar.com\/de\/paros-dorfer\/aliki\/"]}]},{"@type":"BreadcrumbList","@id":"https:\/\/parosrentcar.com\/de\/paros-dorfer\/aliki\/#breadcrumb","itemListElement":[{"@type":"ListItem","position":1,"name":"Home","item":"https:\/\/parosrentcar.com\/de\/"},{"@type":"ListItem","position":2,"name":"D\u00f6rfer","item":"https:\/\/parosrentcar.com\/de\/paros-dorfer\/"},{"@type":"ListItem","position":3,"name":"Aliki"}]},{"@type":"WebSite","@id":"https:\/\/parosrentcar.com\/de\/#website","url":"https:\/\/parosrentcar.com\/de\/","name":"\u039cietwagen in Paros Griechenland | Autovermietung in Paros Griechenland","description":"\u039cietwagen in Paros Griechenland","potentialAction":[{"@type":"SearchAction","target":{"@type":"EntryPoint","urlTemplate":"https:\/\/parosrentcar.com\/de\/?s={search_term_string}"},"query-input":{"@type":"PropertyValueSpecification","valueRequired":true,"valueName":"search_term_string"}}],"inLanguage":"de"}]}},"_links":{"self":[{"href":"https:\/\/parosrentcar.com\/de\/wp-json\/wp\/v2\/pages\/1382","targetHints":{"allow":["GET"]}}],"collection":[{"href":"https:\/\/parosrentcar.com\/de\/wp-json\/wp\/v2\/pages"}],"about":[{"href":"https:\/\/parosrentcar.com\/de\/wp-json\/wp\/v2\/types\/page"}],"author":[{"embeddable":true,"href":"https:\/\/parosrentcar.com\/de\/wp-json\/wp\/v2\/users\/1"}],"replies":[{"embeddable":true,"href":"https:\/\/parosrentcar.com\/de\/wp-json\/wp\/v2\/comments?post=1382"}],"version-history":[{"count":1,"href":"https:\/\/parosrentcar.com\/de\/wp-json\/wp\/v2\/pages\/1382\/revisions"}],"predecessor-version":[{"id":2003,"href":"https:\/\/parosrentcar.com\/de\/wp-json\/wp\/v2\/pages\/1382\/revisions\/2003"}],"up":[{"embeddable":true,"href":"https:\/\/parosrentcar.com\/de\/wp-json\/wp\/v2\/pages\/1380"}],"wp:attachment":[{"href":"https:\/\/parosrentcar.com\/de\/wp-json\/wp\/v2\/media?parent=1382"}],"curies":[{"name":"wp","href":"https:\/\/api.w.org\/{rel}","templated":true}]}}